{"id":5295,"date":"2014-05-30T12:31:04","date_gmt":"2014-05-30T10:31:04","guid":{"rendered":"https:\/\/dev.stenmelin.se\/?page_id=5295"},"modified":"2020-07-06T16:57:26","modified_gmt":"2020-07-06T14:57:26","slug":"index","status":"publish","type":"page","link":"https:\/\/www.stenmelin.se\/koket\/index\/","title":{"rendered":"Index"},"content":{"rendered":"<p>* De recept som \u00e4r markerade med asterisk \u00e4r ur <a href=\"https:\/\/www.stenmelin.se\/koket\/category\/margits-noteringshaften\/\">Mammas h\u00e4ften<\/a><\/p>\n<div id=\"az-tabs\">\n\t<div id=\"letters\">\n\t\t<div class=\"az-letters\">\n\t\t\t<ul class=\"az-links\"><li class=\"first odd has-posts\"><a href=\"#letter-A\"><span>A<\/span><\/a><\/li><li class=\"even has-posts\"><a href=\"#letter-B\"><span>B<\/span><\/a><\/li><li class=\"odd has-posts\"><a href=\"#letter-C\"><span>C<\/span><\/a><\/li><li class=\"even has-posts\"><a href=\"#letter-D\"><span>D<\/span><\/a><\/li><li class=\"odd has-posts\"><a href=\"#letter-E\"><span>E<\/span><\/a><\/li><li class=\"even has-posts\"><a href=\"#letter-F\"><span>F<\/span><\/a><\/li><li class=\"odd has-posts\"><a href=\"#letter-G\"><span>G<\/span><\/a><\/li><li class=\"even has-posts\"><a href=\"#letter-H\"><span>H<\/span><\/a><\/li><li class=\"odd has-posts\"><a href=\"#letter-I\"><span>I<\/span><\/a><\/li><li class=\"even has-posts\"><a href=\"#letter-J\"><span>J<\/span><\/a><\/li><li class=\"odd has-posts\"><a href=\"#letter-K\"><span>K<\/span><\/a><\/li><li class=\"even has-posts\"><a href=\"#letter-L\"><span>L<\/span><\/a><\/li><li class=\"odd has-posts\"><a href=\"#letter-M\"><span>M<\/span><\/a><\/li><li class=\"even has-posts\"><a href=\"#letter-N\"><span>N<\/span><\/a><\/li><li class=\"odd has-posts\"><a href=\"#letter-O\"><span>O<\/span><\/a><\/li><li class=\"even has-posts\"><a href=\"#letter-P\"><span>P<\/span><\/a><\/li><li class=\"odd no-posts\"><span>Q<\/span><\/li><li class=\"even has-posts\"><a href=\"#letter-R\"><span>R<\/span><\/a><\/li><li class=\"odd has-posts\"><a href=\"#letter-S\"><span>S<\/span><\/a><\/li><li class=\"even has-posts\"><a href=\"#letter-T\"><span>T<\/span><\/a><\/li><li class=\"odd has-posts\"><a href=\"#letter-U\"><span>U<\/span><\/a><\/li><li class=\"even has-posts\"><a href=\"#letter-V\"><span>V<\/span><\/a><\/li><li class=\"odd no-posts\"><span>W<\/span><\/li><li class=\"even no-posts\"><span>X<\/span><\/li><li class=\"odd no-posts\"><span>Y<\/span><\/li><li class=\"even no-posts\"><span>Z<\/span><\/li><li class=\"odd no-posts\"><span>\u00c5<\/span><\/li><li class=\"even has-posts\"><a href=\"#letter-\u00c4\"><span>\u00c4<\/span><\/a><\/li><li class=\"last odd has-posts\"><a href=\"#letter-\u00d6\"><span>\u00d6<\/span><\/a><\/li><\/ul>\t\t<\/div>\n\t<\/div>\n\t\t<div id=\"az-slider\">\n\t\t<div id=\"inner-slider\">\n\t\t\t\t\t\t\t\t\t\t\t\t\t\t\t\t\t<div class=\"letter-section\"\n\t\t\t\t\t\tid=\"letter-A\">\n\t\t\t\t\t\t<h2 class=\"letter-title\">\n\t\t\t\t\t\t\t<span>\n\t\t\t\t\t\t\t\tA\t\t\t\t\t\t\t<\/span>\n\t\t\t\t\t\t<\/h2>\n\t\t\t\t\t\t\t\t\t\t\t\t<ul class=\"columns max-2-columns\">\n\t\t\t\t\t\t\t\t\t\t\t\t\t\t\t<li>\n\t\t\t\t\t\t\t\t\t<a href=\"https:\/\/www.stenmelin.se\/koket\/2016\/07\/abborre-i-citronsmor-sommarmagi\/\">\n\t\t\t\t\t\t\t\t\t\tAbborre i citronsm\u00f6r &#8211; sommarmagi!\t\t\t\t\t\t\t\t\t<\/a>\n\t\t\t\t\t\t\t\t<\/li>\n\t\t\t\t\t\t\t\t\t\t\t\t\t\t\t<li>\n\t\t\t\t\t\t\t\t\t<a href=\"https:\/\/www.stenmelin.se\/koket\/2025\/06\/aioli-vitlokssas\/\">\n\t\t\t\t\t\t\t\t\t\tAioli*\t\t\t\t\t\t\t\t\t<\/a>\n\t\t\t\t\t\t\t\t<\/li>\n\t\t\t\t\t\t\t\t\t\t\t\t\t\t\t<li>\n\t\t\t\t\t\t\t\t\t<a href=\"https:\/\/www.stenmelin.se\/koket\/2023\/08\/alice-appelkaka\/\">\n\t\t\t\t\t\t\t\t\t\tAlice \u00e4ppelkaka*\t\t\t\t\t\t\t\t\t<\/a>\n\t\t\t\t\t\t\t\t<\/li>\n\t\t\t\t\t\t\t\t\t\t\t\t\t\t\t<li>\n\t\t\t\t\t\t\t\t\t<a href=\"https:\/\/www.stenmelin.se\/koket\/2017\/02\/alla-tiders-notkaka\/\">\n\t\t\t\t\t\t\t\t\t\tAlla tiders n\u00f6tkaka*\t\t\t\t\t\t\t\t\t<\/a>\n\t\t\t\t\t\t\t\t<\/li>\n\t\t\t\t\t\t\t\t\t\t\t\t\t\t\t<li>\n\t\t\t\t\t\t\t\t\t<a href=\"https:\/\/www.stenmelin.se\/koket\/2017\/06\/amerikanska-barkakan\/\">\n\t\t\t\t\t\t\t\t\t\tAmerikanska b\u00e4rkakan*\t\t\t\t\t\t\t\t\t<\/a>\n\t\t\t\t\t\t\t\t<\/li>\n\t\t\t\t\t\t\t\t\t\t\t\t\t\t\t<li>\n\t\t\t\t\t\t\t\t\t<a href=\"https:\/\/www.stenmelin.se\/koket\/2017\/06\/ananaspudding\/\">\n\t\t\t\t\t\t\t\t\t\tAnanaspudding*\t\t\t\t\t\t\t\t\t<\/a>\n\t\t\t\t\t\t\t\t<\/li>\n\t\t\t\t\t\t\t\t\t\t\t\t\t\t\t<li>\n\t\t\t\t\t\t\t\t\t<a href=\"https:\/\/www.stenmelin.se\/koket\/2025\/06\/anjovispaj\/\">\n\t\t\t\t\t\t\t\t\t\tAnjovispaj*\t\t\t\t\t\t\t\t\t<\/a>\n\t\t\t\t\t\t\t\t<\/li>\n\t\t\t\t\t\t\t\t\t\t\t\t\t\t\t<li>\n\t\t\t\t\t\t\t\t\t<a href=\"https:\/\/www.stenmelin.se\/koket\/2013\/03\/anklever-med-stekt-apple-en-sofistikerad-liten-forratt\/\">\n\t\t\t\t\t\t\t\t\t\tAnklever med stekt \u00e4pple &#8211; en sofistikerad liten f\u00f6rr\u00e4tt\t\t\t\t\t\t\t\t\t<\/a>\n\t\t\t\t\t\t\t\t<\/li>\n\t\t\t\t\t\t\t\t\t\t\t\t\t\t\t<li>\n\t\t\t\t\t\t\t\t\t<a href=\"https:\/\/www.stenmelin.se\/koket\/2017\/05\/ansjovislada-med-aggsas\/\">\n\t\t\t\t\t\t\t\t\t\tAnsjovisl\u00e5da med \u00e4ggs\u00e5s*\t\t\t\t\t\t\t\t\t<\/a>\n\t\t\t\t\t\t\t\t<\/li>\n\t\t\t\t\t\t\t\t\t\t\t\t\t\t\t<li>\n\t\t\t\t\t\t\t\t\t<a href=\"https:\/\/www.stenmelin.se\/koket\/2017\/06\/apelsinsaft\/\">\n\t\t\t\t\t\t\t\t\t\tApelsinsaft*\t\t\t\t\t\t\t\t\t<\/a>\n\t\t\t\t\t\t\t\t<\/li>\n\t\t\t\t\t\t\t\t\t\t\t\t\t\t\t<li>\n\t\t\t\t\t\t\t\t\t<a href=\"https:\/\/www.stenmelin.se\/koket\/2008\/12\/apelsinsallad-en-genial-kombination-fran-italien-ett-utmarkt-tillbehor-till-kott-insalata-di-arance\/\">\n\t\t\t\t\t\t\t\t\t\tApelsinsallad &#8211; en genial kombination fr\u00e5n Italien, ett utm\u00e4rkt tillbeh\u00f6r till k\u00f6tt\t\t\t\t\t\t\t\t\t<\/a>\n\t\t\t\t\t\t\t\t<\/li>\n\t\t\t\t\t\t\t\t\t\t\t\t\t\t\t<li>\n\t\t\t\t\t\t\t\t\t<a href=\"https:\/\/www.stenmelin.se\/koket\/2025\/06\/aubergine-ratt-till-kott\/\">\n\t\t\t\t\t\t\t\t\t\tAubergine r\u00e4tt till k\u00f6tt*\t\t\t\t\t\t\t\t\t<\/a>\n\t\t\t\t\t\t\t\t<\/li>\n\t\t\t\t\t\t\t\t\t\t\t\t\t<\/ul>\n\t\t\t\t\t\t<div class=\"back-to-top\">\n\t\t\t\t\t\t\t<a href=\"#letters\">\n\t\t\t\t\t\t\t\tTillbaka till toppen\t\t\t\t\t\t\t<\/a>\n\t\t\t\t\t\t<\/div>\n\t\t\t\t\t<\/div>\n\t\t\t\t\t\t\t\t\t\t\t\t\t\t\t\t\t\t\t<div class=\"letter-section\"\n\t\t\t\t\t\tid=\"letter-B\">\n\t\t\t\t\t\t<h2 class=\"letter-title\">\n\t\t\t\t\t\t\t<span>\n\t\t\t\t\t\t\t\tB\t\t\t\t\t\t\t<\/span>\n\t\t\t\t\t\t<\/h2>\n\t\t\t\t\t\t\t\t\t\t\t\t<ul class=\"columns max-5-columns\">\n\t\t\t\t\t\t\t\t\t\t\t\t\t\t\t<li>\n\t\t\t\t\t\t\t\t\t<a href=\"https:\/\/www.stenmelin.se\/koket\/2016\/01\/bacon-i-ugn-enkelt-att-steka-i-ugn\/\">\n\t\t\t\t\t\t\t\t\t\tBacon i ugn &#8211; enkelt att steka i ugn\t\t\t\t\t\t\t\t\t<\/a>\n\t\t\t\t\t\t\t\t<\/li>\n\t\t\t\t\t\t\t\t\t\t\t\t\t\t\t<li>\n\t\t\t\t\t\t\t\t\t<a href=\"https:\/\/www.stenmelin.se\/koket\/2012\/10\/bakad-vitkal-ugnsbakad-vitkal-en-overraskande-delikatess-med-lang-tillagningstid-garanterat-vard-vantan\/\">\n\t\t\t\t\t\t\t\t\t\tBakad vitk\u00e5l &#8211; ugnsbakad vitk\u00e5l en \u00f6verraskande delikatess med l\u00e5ng tillagningstid, garanterat v\u00e4rt v\u00e4ntan.\t\t\t\t\t\t\t\t\t<\/a>\n\t\t\t\t\t\t\t\t<\/li>\n\t\t\t\t\t\t\t\t\t\t\t\t\t\t\t<li>\n\t\t\t\t\t\t\t\t\t<a href=\"https:\/\/www.stenmelin.se\/koket\/2013\/05\/balsamicolok-ett-underbart-tillskott-pa-sommarens-grillfester-sott-och-hett\/\">\n\t\t\t\t\t\t\t\t\t\tBalsamicol\u00f6k &#8211; ett underbart tillskott p\u00e5 sommarens grillfester, s\u00f6tt och hett\t\t\t\t\t\t\t\t\t<\/a>\n\t\t\t\t\t\t\t\t<\/li>\n\t\t\t\t\t\t\t\t\t\t\t\t\t\t\t<li>\n\t\t\t\t\t\t\t\t\t<a href=\"https:\/\/www.stenmelin.se\/koket\/2017\/06\/banankaka\/\">\n\t\t\t\t\t\t\t\t\t\tBanankaka*\t\t\t\t\t\t\t\t\t<\/a>\n\t\t\t\t\t\t\t\t<\/li>\n\t\t\t\t\t\t\t\t\t\t\t\t\t\t\t<li>\n\t\t\t\t\t\t\t\t\t<a href=\"https:\/\/www.stenmelin.se\/koket\/2016\/10\/barley-water\/\">\n\t\t\t\t\t\t\t\t\t\tBarley Water*\t\t\t\t\t\t\t\t\t<\/a>\n\t\t\t\t\t\t\t\t<\/li>\n\t\t\t\t\t\t\t\t\t\t\t\t\t\t\t<li>\n\t\t\t\t\t\t\t\t\t<a href=\"https:\/\/www.stenmelin.se\/koket\/2020\/07\/basilika-och-grasloksgravad-stromming\/\">\n\t\t\t\t\t\t\t\t\t\tBasilika och gr\u00e4sl\u00f6ksgravad str\u00f6mming*\t\t\t\t\t\t\t\t\t<\/a>\n\t\t\t\t\t\t\t\t<\/li>\n\t\t\t\t\t\t\t\t\t\t\t\t\t\t\t<li>\n\t\t\t\t\t\t\t\t\t<a href=\"https:\/\/www.stenmelin.se\/koket\/2012\/12\/basilika-och-persiljemajonas-en-underbar-grasig-majonas-anvandbar-till-mycket\/\">\n\t\t\t\t\t\t\t\t\t\tBasilika- och persiljemajon\u00e4s &#8211; en underbar gr\u00e4sig majon\u00e4s anv\u00e4ndbar till mycket\t\t\t\t\t\t\t\t\t<\/a>\n\t\t\t\t\t\t\t\t<\/li>\n\t\t\t\t\t\t\t\t\t\t\t\t\t\t\t<li>\n\t\t\t\t\t\t\t\t\t<a href=\"https:\/\/www.stenmelin.se\/koket\/2020\/07\/basilikatorsk\/\">\n\t\t\t\t\t\t\t\t\t\tBasilikatorsk*.\t\t\t\t\t\t\t\t\t<\/a>\n\t\t\t\t\t\t\t\t<\/li>\n\t\t\t\t\t\t\t\t\t\t\t\t\t\t\t<li>\n\t\t\t\t\t\t\t\t\t<a href=\"https:\/\/www.stenmelin.se\/koket\/2016\/01\/basilikemajonas-majo-med-en-gron-twist\/\">\n\t\t\t\t\t\t\t\t\t\tBasilikemajon\u00e4s &#8211; majo med en gr\u00f6n twist\t\t\t\t\t\t\t\t\t<\/a>\n\t\t\t\t\t\t\t\t<\/li>\n\t\t\t\t\t\t\t\t\t\t\t\t\t\t\t<li>\n\t\t\t\t\t\t\t\t\t<a href=\"https:\/\/www.stenmelin.se\/koket\/2007\/10\/bavette-al-limone\/\">\n\t\t\t\t\t\t\t\t\t\tBavette al limone\t\t\t\t\t\t\t\t\t<\/a>\n\t\t\t\t\t\t\t\t<\/li>\n\t\t\t\t\t\t\t\t\t\t\t\t\t\t\t<li>\n\t\t\t\t\t\t\t\t\t<a href=\"https:\/\/www.stenmelin.se\/koket\/2023\/08\/berits-yoghurtglass\/\">\n\t\t\t\t\t\t\t\t\t\tBerits yoghurtglass*\t\t\t\t\t\t\t\t\t<\/a>\n\t\t\t\t\t\t\t\t<\/li>\n\t\t\t\t\t\t\t\t\t\t\t\t\t\t\t<li>\n\t\t\t\t\t\t\t\t\t<a href=\"https:\/\/www.stenmelin.se\/koket\/2007\/10\/blodpalt-en-underskattad-lackerhet-fran-bondehushallets-tid-2\/\">\n\t\t\t\t\t\t\t\t\t\tBlodpalt &#8211; en underskattad l\u00e4ckerhet fr\u00e5n bondehush\u00e5llets tid\t\t\t\t\t\t\t\t\t<\/a>\n\t\t\t\t\t\t\t\t<\/li>\n\t\t\t\t\t\t\t\t\t\t\t\t\t\t\t<li>\n\t\t\t\t\t\t\t\t\t<a href=\"https:\/\/www.stenmelin.se\/koket\/2015\/12\/blodplattar-en-numer-tyvarr-sallsynt-delikatess-pa-vara-matbord-skall-avnjutas-absolut-nystekta-och-frasiga\/\">\n\t\t\t\t\t\t\t\t\t\tBlodpl\u00e4ttar &#8211; en numer tyv\u00e4rr s\u00e4llsynt delikatess p\u00e5 v\u00e5ra matbord, skall avnjutas absolut nystekta och frasiga.\t\t\t\t\t\t\t\t\t<\/a>\n\t\t\t\t\t\t\t\t<\/li>\n\t\t\t\t\t\t\t\t\t\t\t\t\t\t\t<li>\n\t\t\t\t\t\t\t\t\t<a href=\"https:\/\/www.stenmelin.se\/koket\/2011\/08\/blomkalspure-ett-fenomenalt-gott-alternativ-till-potatismos\/\">\n\t\t\t\t\t\t\t\t\t\tBlomk\u00e5lspur\u00e9 &#8211; ett fenomenalt gott alternativ till potatismos\t\t\t\t\t\t\t\t\t<\/a>\n\t\t\t\t\t\t\t\t<\/li>\n\t\t\t\t\t\t\t\t\t\t\t\t\t\t\t<li>\n\t\t\t\t\t\t\t\t\t<a href=\"https:\/\/www.stenmelin.se\/koket\/2008\/06\/blackfisk-med-sambal-oelek-en-hot-shot-fran-stekpannan-som-piggar-upp-sommaren-enkelt-och-gott\/\">\n\t\t\t\t\t\t\t\t\t\tBl\u00e4ckfisk med Sambal Oelek &#8211; En hot shot fr\u00e5n stekpannan som piggar upp sommaren, enkelt och gott\t\t\t\t\t\t\t\t\t<\/a>\n\t\t\t\t\t\t\t\t<\/li>\n\t\t\t\t\t\t\t\t\t\t\t\t\t\t\t<li>\n\t\t\t\t\t\t\t\t\t<a href=\"https:\/\/www.stenmelin.se\/koket\/2013\/06\/blabarsdrink-vinets-torra-stravhet-med-blabarets-insmickrande-sotma-forfor-gommen-och-oppnar-smaklokarna\/\">\n\t\t\t\t\t\t\t\t\t\tBl\u00e5b\u00e4rsdrink &#8211; vinets torra str\u00e4vhet med bl\u00e5b\u00e4rets insmickrande s\u00f6tma f\u00f6rf\u00f6r gommen och \u00f6ppnar smakl\u00f6karna\t\t\t\t\t\t\t\t\t<\/a>\n\t\t\t\t\t\t\t\t<\/li>\n\t\t\t\t\t\t\t\t\t\t\t\t\t\t\t<li>\n\t\t\t\t\t\t\t\t\t<a href=\"https:\/\/www.stenmelin.se\/koket\/2016\/10\/blabarsgrot\/\">\n\t\t\t\t\t\t\t\t\t\tBl\u00e5b\u00e4rsgr\u00f6t*\t\t\t\t\t\t\t\t\t<\/a>\n\t\t\t\t\t\t\t\t<\/li>\n\t\t\t\t\t\t\t\t\t\t\t\t\t\t\t<li>\n\t\t\t\t\t\t\t\t\t<a href=\"https:\/\/www.stenmelin.se\/koket\/2020\/07\/blabarskaka-i-langpanna\/\">\n\t\t\t\t\t\t\t\t\t\tBl\u00e5b\u00e4rskaka i l\u00e5ngpanna*\t\t\t\t\t\t\t\t\t<\/a>\n\t\t\t\t\t\t\t\t<\/li>\n\t\t\t\t\t\t\t\t\t\t\t\t\t\t\t<li>\n\t\t\t\t\t\t\t\t\t<a href=\"https:\/\/www.stenmelin.se\/koket\/2025\/05\/blabarskaka-2\/\">\n\t\t\t\t\t\t\t\t\t\tBl\u00e5b\u00e4rskaka*\t\t\t\t\t\t\t\t\t<\/a>\n\t\t\t\t\t\t\t\t<\/li>\n\t\t\t\t\t\t\t\t\t\t\t\t\t\t\t<li>\n\t\t\t\t\t\t\t\t\t<a href=\"https:\/\/www.stenmelin.se\/koket\/2024\/07\/blabarskaka\/\">\n\t\t\t\t\t\t\t\t\t\tBl\u00e5b\u00e4rskaka*\t\t\t\t\t\t\t\t\t<\/a>\n\t\t\t\t\t\t\t\t<\/li>\n\t\t\t\t\t\t\t\t\t\t\t\t\t\t\t<li>\n\t\t\t\t\t\t\t\t\t<a href=\"https:\/\/www.stenmelin.se\/koket\/2016\/11\/bondkakor\/\">\n\t\t\t\t\t\t\t\t\t\tBondkakor*\t\t\t\t\t\t\t\t\t<\/a>\n\t\t\t\t\t\t\t\t<\/li>\n\t\t\t\t\t\t\t\t\t\t\t\t\t\t\t<li>\n\t\t\t\t\t\t\t\t\t<a href=\"https:\/\/www.stenmelin.se\/koket\/2017\/06\/borghilds-ran\/\">\n\t\t\t\t\t\t\t\t\t\tBorghilds r\u00e5n*\t\t\t\t\t\t\t\t\t<\/a>\n\t\t\t\t\t\t\t\t<\/li>\n\t\t\t\t\t\t\t\t\t\t\t\t\t\t\t<li>\n\t\t\t\t\t\t\t\t\t<a href=\"https:\/\/www.stenmelin.se\/koket\/2018\/03\/borlottibonor-med-vitlok-och-tomat\/\">\n\t\t\t\t\t\t\t\t\t\tBorlottib\u00f6nor med vitl\u00f6k och tomat\t\t\t\t\t\t\t\t\t<\/a>\n\t\t\t\t\t\t\t\t<\/li>\n\t\t\t\t\t\t\t\t\t\t\t\t\t\t\t<li>\n\t\t\t\t\t\t\t\t\t<a href=\"https:\/\/www.stenmelin.se\/koket\/2015\/10\/bonsallad-byt-ut-potatis-eller-ris-eller-som-huvudnummer\/\">\n\t\t\t\t\t\t\t\t\t\tBorlottisallad &#8211; i st\u00e4llet f\u00f6r potatis eller servera som huvudnummer\t\t\t\t\t\t\t\t\t<\/a>\n\t\t\t\t\t\t\t\t<\/li>\n\t\t\t\t\t\t\t\t\t\t\t\t\t\t\t<li>\n\t\t\t\t\t\t\t\t\t<a href=\"https:\/\/www.stenmelin.se\/koket\/2013\/10\/borsjtj-en-slat-rodbetssoppa-med-kinesisk-knorr-gott-i-hostmorkret\/\">\n\t\t\t\t\t\t\t\t\t\tBorsjtj &#8211; en sl\u00e4t r\u00f6dbetssoppa med kinesisk knorr, gott i h\u00f6stm\u00f6rkret\t\t\t\t\t\t\t\t\t<\/a>\n\t\t\t\t\t\t\t\t<\/li>\n\t\t\t\t\t\t\t\t\t\t\t\t\t\t\t<li>\n\t\t\t\t\t\t\t\t\t<a href=\"https:\/\/www.stenmelin.se\/koket\/2020\/07\/bregottkakor\/\">\n\t\t\t\t\t\t\t\t\t\tBregottkakor\t\t\t\t\t\t\t\t\t<\/a>\n\t\t\t\t\t\t\t\t<\/li>\n\t\t\t\t\t\t\t\t\t\t\t\t\t\t\t<li>\n\t\t\t\t\t\t\t\t\t<a href=\"https:\/\/www.stenmelin.se\/koket\/2025\/06\/britts-ananaspaj\/\">\n\t\t\t\t\t\t\t\t\t\tBritts ananaspaj*\t\t\t\t\t\t\t\t\t<\/a>\n\t\t\t\t\t\t\t\t<\/li>\n\t\t\t\t\t\t\t\t\t\t\t\t\t\t\t<li>\n\t\t\t\t\t\t\t\t\t<a href=\"https:\/\/www.stenmelin.se\/koket\/2017\/07\/bruna-kakor\/\">\n\t\t\t\t\t\t\t\t\t\tBruna kakor*\t\t\t\t\t\t\t\t\t<\/a>\n\t\t\t\t\t\t\t\t<\/li>\n\t\t\t\t\t\t\t\t\t\t\t\t\t\t\t<li>\n\t\t\t\t\t\t\t\t\t<a href=\"https:\/\/www.stenmelin.se\/koket\/2010\/03\/brunna-varrullar-den-skarpa-fisken-och-sota-mangon-i-skon-forening\/\">\n\t\t\t\t\t\t\t\t\t\tBrunna v\u00e5rrullar &#8211; den skarpa fisken och s\u00f6ta Mangon i sk\u00f6n f\u00f6rening\t\t\t\t\t\t\t\t\t<\/a>\n\t\t\t\t\t\t\t\t<\/li>\n\t\t\t\t\t\t\t\t\t\t\t\t\t\t\t<li>\n\t\t\t\t\t\t\t\t\t<a href=\"https:\/\/www.stenmelin.se\/koket\/2010\/01\/brunnen-stromming-ett-mellanting-mellan-surstromming-och-saltstromming\/\">\n\t\t\t\t\t\t\t\t\t\tBrunnen str\u00f6mming &#8211; ett mellanting mellan surstr\u00f6mming och saltstr\u00f6mming\t\t\t\t\t\t\t\t\t<\/a>\n\t\t\t\t\t\t\t\t<\/li>\n\t\t\t\t\t\t\t\t\t\t\t\t\t\t\t<li>\n\t\t\t\t\t\t\t\t\t<a href=\"https:\/\/www.stenmelin.se\/koket\/2015\/06\/bruscchetta-med-romlada-vilket-giftermal\/\">\n\t\t\t\t\t\t\t\t\t\tBruscchetta med roml\u00e5da &#8211; vilket gifterm\u00e5l\t\t\t\t\t\t\t\t\t<\/a>\n\t\t\t\t\t\t\t\t<\/li>\n\t\t\t\t\t\t\t\t\t\t\t\t\t\t\t<li>\n\t\t\t\t\t\t\t\t\t<a href=\"https:\/\/www.stenmelin.se\/koket\/2008\/03\/bruschetta-al-tartufo-nero-enkelt-och-fenomenalt-gott-vart-varje-krona\/\">\n\t\t\t\t\t\t\t\t\t\tBruschetta al Tartufo nero &#8211; enkelt och fenomenalt gott v\u00e4rt varje krona\t\t\t\t\t\t\t\t\t<\/a>\n\t\t\t\t\t\t\t\t<\/li>\n\t\t\t\t\t\t\t\t\t\t\t\t\t\t\t<li>\n\t\t\t\t\t\t\t\t\t<a href=\"https:\/\/www.stenmelin.se\/koket\/2014\/09\/bruschetta-med-kantareller-hosten-pa-en-brodskiva\/\">\n\t\t\t\t\t\t\t\t\t\tBruschetta med kantareller &#8211; h\u00f6sten p\u00e5 en br\u00f6dskiva\t\t\t\t\t\t\t\t\t<\/a>\n\t\t\t\t\t\t\t\t<\/li>\n\t\t\t\t\t\t\t\t\t\t\t\t\t\t\t<li>\n\t\t\t\t\t\t\t\t\t<a href=\"https:\/\/www.stenmelin.se\/koket\/2015\/12\/bruschetta-med-rakor-sjalvklar-start-pa-skaldjursmiddagen\/\">\n\t\t\t\t\t\t\t\t\t\tBruschetta med r\u00e4kor &#8211; sj\u00e4lvklar start p\u00e5 skaldjursmiddagen\t\t\t\t\t\t\t\t\t<\/a>\n\t\t\t\t\t\t\t\t<\/li>\n\t\t\t\t\t\t\t\t\t\t\t\t\t\t\t<li>\n\t\t\t\t\t\t\t\t\t<a href=\"https:\/\/www.stenmelin.se\/koket\/2017\/06\/brysselkex-2\/\">\n\t\t\t\t\t\t\t\t\t\tBrysselkex*\t\t\t\t\t\t\t\t\t<\/a>\n\t\t\t\t\t\t\t\t<\/li>\n\t\t\t\t\t\t\t\t\t\t\t\t\t\t\t<li>\n\t\t\t\t\t\t\t\t\t<a href=\"https:\/\/www.stenmelin.se\/koket\/2016\/05\/braserad-kanin-gott-som-tusan\/\">\n\t\t\t\t\t\t\t\t\t\tBr\u00e4serad kanin &#8211; gott som tusan!\t\t\t\t\t\t\t\t\t<\/a>\n\t\t\t\t\t\t\t\t<\/li>\n\t\t\t\t\t\t\t\t\t\t\t\t\t\t\t<li>\n\t\t\t\t\t\t\t\t\t<a href=\"https:\/\/www.stenmelin.se\/koket\/2017\/08\/braserad-kyckling-bantarratt\/\">\n\t\t\t\t\t\t\t\t\t\tBr\u00e4serad kyckling &#8211; bantarr\u00e4tt*\t\t\t\t\t\t\t\t\t<\/a>\n\t\t\t\t\t\t\t\t<\/li>\n\t\t\t\t\t\t\t\t\t\t\t\t\t\t\t<li>\n\t\t\t\t\t\t\t\t\t<a href=\"https:\/\/www.stenmelin.se\/koket\/2009\/02\/bucatini-alla-renna-en-rustik-pastsas-med-nordiska-fortecken\/\">\n\t\t\t\t\t\t\t\t\t\tBucatini alla renna &#8211; en rustik pasts\u00e5s med nordiska f\u00f6rtecken\t\t\t\t\t\t\t\t\t<\/a>\n\t\t\t\t\t\t\t\t<\/li>\n\t\t\t\t\t\t\t\t\t\t\t\t\t\t\t<li>\n\t\t\t\t\t\t\t\t\t<a href=\"https:\/\/www.stenmelin.se\/koket\/2008\/03\/bucatini-allamatriciana-som-manga-riktigt-goda-pastasaser-ar-detta-lika-enkelt-som-genialt\/\">\n\t\t\t\t\t\t\t\t\t\tBucatini all\u00b4amatriciana &#8211; som m\u00e5nga riktigt goda pastas\u00e5ser \u00e4r detta lika enkelt som genialt.\t\t\t\t\t\t\t\t\t<\/a>\n\t\t\t\t\t\t\t\t<\/li>\n\t\t\t\t\t\t\t\t\t\t\t\t\t\t\t<li>\n\t\t\t\t\t\t\t\t\t<a href=\"https:\/\/www.stenmelin.se\/koket\/2024\/07\/backebols-sallad-en-hyvlad-gurk-och-morotssallad\/\">\n\t\t\t\t\t\t\t\t\t\tB\u00e4ckebols sallad &#8211; en hyvlad gurk- och morotssallad*\t\t\t\t\t\t\t\t\t<\/a>\n\t\t\t\t\t\t\t\t<\/li>\n\t\t\t\t\t\t\t\t\t\t\t\t\t\t\t<li>\n\t\t\t\t\t\t\t\t\t<a href=\"https:\/\/www.stenmelin.se\/koket\/2020\/07\/bongroddspaj\/\">\n\t\t\t\t\t\t\t\t\t\tB\u00f6ngroddspaj*\t\t\t\t\t\t\t\t\t<\/a>\n\t\t\t\t\t\t\t\t<\/li>\n\t\t\t\t\t\t\t\t\t\t\t\t\t\t\t<li>\n\t\t\t\t\t\t\t\t\t<a href=\"https:\/\/www.stenmelin.se\/koket\/2010\/06\/bonsallad-en-matig-sallad-som-solitar-eller-tillbehor-pa-grillfesten\/\">\n\t\t\t\t\t\t\t\t\t\tB\u00f6nsallad &#8211; en matig sallad som solit\u00e4r eller tillbeh\u00f6r p\u00e5 grillfesten\t\t\t\t\t\t\t\t\t<\/a>\n\t\t\t\t\t\t\t\t<\/li>\n\t\t\t\t\t\t\t\t\t\t\t\t\t<\/ul>\n\t\t\t\t\t\t<div class=\"back-to-top\">\n\t\t\t\t\t\t\t<a href=\"#letters\">\n\t\t\t\t\t\t\t\tTillbaka till toppen\t\t\t\t\t\t\t<\/a>\n\t\t\t\t\t\t<\/div>\n\t\t\t\t\t<\/div>\n\t\t\t\t\t\t\t\t\t\t\t\t\t\t\t\t\t\t\t<div class=\"letter-section\"\n\t\t\t\t\t\tid=\"letter-C\">\n\t\t\t\t\t\t<h2 class=\"letter-title\">\n\t\t\t\t\t\t\t<span>\n\t\t\t\t\t\t\t\tC\t\t\t\t\t\t\t<\/span>\n\t\t\t\t\t\t<\/h2>\n\t\t\t\t\t\t\t\t\t\t\t\t<ul class=\"columns max-3-columns\">\n\t\t\t\t\t\t\t\t\t\t\t\t\t\t\t<li>\n\t\t\t\t\t\t\t\t\t<a href=\"https:\/\/www.stenmelin.se\/koket\/2011\/08\/caponata-en-god-auberginerora-till-sensommarens-grillkott\/\">\n\t\t\t\t\t\t\t\t\t\tCaponata &#8211; en god auberginer\u00f6ra till sensommarens grillk\u00f6tt\t\t\t\t\t\t\t\t\t<\/a>\n\t\t\t\t\t\t\t\t<\/li>\n\t\t\t\t\t\t\t\t\t\t\t\t\t\t\t<li>\n\t\t\t\t\t\t\t\t\t<a href=\"https:\/\/www.stenmelin.se\/koket\/2017\/08\/capri-kaka\/\">\n\t\t\t\t\t\t\t\t\t\tCapri-kaka*\t\t\t\t\t\t\t\t\t<\/a>\n\t\t\t\t\t\t\t\t<\/li>\n\t\t\t\t\t\t\t\t\t\t\t\t\t\t\t<li>\n\t\t\t\t\t\t\t\t\t<a href=\"https:\/\/www.stenmelin.se\/koket\/2014\/10\/bavette-med-kycklinglever-och-bacon-enkelt-smakrikt-och-gott\/\">\n\t\t\t\t\t\t\t\t\t\tCastellani med kycklinglever och bacon &#8211; enkelt, smakrikt och gott\t\t\t\t\t\t\t\t\t<\/a>\n\t\t\t\t\t\t\t\t<\/li>\n\t\t\t\t\t\t\t\t\t\t\t\t\t\t\t<li>\n\t\t\t\t\t\t\t\t\t<a href=\"https:\/\/www.stenmelin.se\/koket\/2011\/07\/cevichestromming-en-strommingsinlaggning-med-rotter-i-mexico\/\">\n\t\t\t\t\t\t\t\t\t\tCevichestr\u00f6mming &#8211; en str\u00f6mmingsinl\u00e4ggning med r\u00f6tter i Mexico\t\t\t\t\t\t\t\t\t<\/a>\n\t\t\t\t\t\t\t\t<\/li>\n\t\t\t\t\t\t\t\t\t\t\t\t\t\t\t<li>\n\t\t\t\t\t\t\t\t\t<a href=\"https:\/\/www.stenmelin.se\/koket\/2007\/11\/chili-con-carne-en-god-balanserad-och-latt-het-chili\/\">\n\t\t\t\t\t\t\t\t\t\tChili con carne &#8211; en god balanserad och l\u00e4tt het Chili\t\t\t\t\t\t\t\t\t<\/a>\n\t\t\t\t\t\t\t\t<\/li>\n\t\t\t\t\t\t\t\t\t\t\t\t\t\t\t<li>\n\t\t\t\t\t\t\t\t\t<a href=\"https:\/\/www.stenmelin.se\/koket\/2016\/03\/chiliolja-en-anvandbar-vass-olja-till-lite-allt-mojligt\/\">\n\t\t\t\t\t\t\t\t\t\tChiliolja &#8211; en anv\u00e4ndbar vass olja till lite allt m\u00f6jligt\t\t\t\t\t\t\t\t\t<\/a>\n\t\t\t\t\t\t\t\t<\/li>\n\t\t\t\t\t\t\t\t\t\t\t\t\t\t\t<li>\n\t\t\t\t\t\t\t\t\t<a href=\"https:\/\/www.stenmelin.se\/koket\/2020\/04\/chilirora-ett-vuxet-spread-pa-rostbrodet\/\">\n\t\t\t\t\t\t\t\t\t\tChilir\u00f6ra &#8211; ett vuxet &#8217;spread&#8217; p\u00e5 rostbr\u00f6det\t\t\t\t\t\t\t\t\t<\/a>\n\t\t\t\t\t\t\t\t<\/li>\n\t\t\t\t\t\t\t\t\t\t\t\t\t\t\t<li>\n\t\t\t\t\t\t\t\t\t<a href=\"https:\/\/www.stenmelin.se\/koket\/2024\/06\/chilisalt-ett-maste\/\">\n\t\t\t\t\t\t\t\t\t\tChilisalt &#8211; ett m\u00e5ste\t\t\t\t\t\t\t\t\t<\/a>\n\t\t\t\t\t\t\t\t<\/li>\n\t\t\t\t\t\t\t\t\t\t\t\t\t\t\t<li>\n\t\t\t\t\t\t\t\t\t<a href=\"https:\/\/www.stenmelin.se\/koket\/2011\/04\/chilisas-en-suveran-chilisas-till-lammstek-gronsaksdipp-eller-pa-hamburgaren\/\">\n\t\t\t\t\t\t\t\t\t\tChilis\u00e5s &#8211; en suver\u00e4n chilis\u00e5s till lammstek, gr\u00f6nsaksdipp eller p\u00e5 hamburgaren\t\t\t\t\t\t\t\t\t<\/a>\n\t\t\t\t\t\t\t\t<\/li>\n\t\t\t\t\t\t\t\t\t\t\t\t\t\t\t<li>\n\t\t\t\t\t\t\t\t\t<a href=\"https:\/\/www.stenmelin.se\/koket\/2017\/06\/chokladbollar\/\">\n\t\t\t\t\t\t\t\t\t\tChokladbollar*\t\t\t\t\t\t\t\t\t<\/a>\n\t\t\t\t\t\t\t\t<\/li>\n\t\t\t\t\t\t\t\t\t\t\t\t\t\t\t<li>\n\t\t\t\t\t\t\t\t\t<a href=\"https:\/\/www.stenmelin.se\/koket\/2016\/10\/chokladdrommar\/\">\n\t\t\t\t\t\t\t\t\t\tChokladdr\u00f6mmar*\t\t\t\t\t\t\t\t\t<\/a>\n\t\t\t\t\t\t\t\t<\/li>\n\t\t\t\t\t\t\t\t\t\t\t\t\t\t\t<li>\n\t\t\t\t\t\t\t\t\t<a href=\"https:\/\/www.stenmelin.se\/koket\/2015\/12\/chokladkram-som-bomull-for-sjalen\/\">\n\t\t\t\t\t\t\t\t\t\tChokladkr\u00e4m &#8211; som bomull f\u00f6r sj\u00e4len\t\t\t\t\t\t\t\t\t<\/a>\n\t\t\t\t\t\t\t\t<\/li>\n\t\t\t\t\t\t\t\t\t\t\t\t\t\t\t<li>\n\t\t\t\t\t\t\t\t\t<a href=\"https:\/\/www.stenmelin.se\/koket\/2017\/05\/chokladmarang-till-efterratt\/\">\n\t\t\t\t\t\t\t\t\t\tChokladmar\u00e4ng till efterr\u00e4tt\u2026*\t\t\t\t\t\t\t\t\t<\/a>\n\t\t\t\t\t\t\t\t<\/li>\n\t\t\t\t\t\t\t\t\t\t\t\t\t\t\t<li>\n\t\t\t\t\t\t\t\t\t<a href=\"https:\/\/www.stenmelin.se\/koket\/2017\/06\/chokladris-med-apelsiner\/\">\n\t\t\t\t\t\t\t\t\t\tChokladris med apelsiner*\t\t\t\t\t\t\t\t\t<\/a>\n\t\t\t\t\t\t\t\t<\/li>\n\t\t\t\t\t\t\t\t\t\t\t\t\t\t\t<li>\n\t\t\t\t\t\t\t\t\t<a href=\"https:\/\/www.stenmelin.se\/koket\/2017\/06\/chokladsnitt\/\">\n\t\t\t\t\t\t\t\t\t\tChokladsnitt*\t\t\t\t\t\t\t\t\t<\/a>\n\t\t\t\t\t\t\t\t<\/li>\n\t\t\t\t\t\t\t\t\t\t\t\t\t\t\t<li>\n\t\t\t\t\t\t\t\t\t<a href=\"https:\/\/www.stenmelin.se\/koket\/2016\/10\/chokladsoppa-med-petits-choix\/\">\n\t\t\t\t\t\t\t\t\t\tChokladsoppa med Petits-Choix*\t\t\t\t\t\t\t\t\t<\/a>\n\t\t\t\t\t\t\t\t<\/li>\n\t\t\t\t\t\t\t\t\t\t\t\t\t\t\t<li>\n\t\t\t\t\t\t\t\t\t<a href=\"https:\/\/www.stenmelin.se\/koket\/2017\/06\/chokladstubbe\/\">\n\t\t\t\t\t\t\t\t\t\tChokladstubbe*\t\t\t\t\t\t\t\t\t<\/a>\n\t\t\t\t\t\t\t\t<\/li>\n\t\t\t\t\t\t\t\t\t\t\t\t\t\t\t<li>\n\t\t\t\t\t\t\t\t\t<a href=\"https:\/\/www.stenmelin.se\/koket\/2025\/05\/citrondricka-2\/\">\n\t\t\t\t\t\t\t\t\t\tCitrondricka*\t\t\t\t\t\t\t\t\t<\/a>\n\t\t\t\t\t\t\t\t<\/li>\n\t\t\t\t\t\t\t\t\t\t\t\t\t\t\t<li>\n\t\t\t\t\t\t\t\t\t<a href=\"https:\/\/www.stenmelin.se\/koket\/2017\/10\/citrondricka\/\">\n\t\t\t\t\t\t\t\t\t\tCitrondricka*\t\t\t\t\t\t\t\t\t<\/a>\n\t\t\t\t\t\t\t\t<\/li>\n\t\t\t\t\t\t\t\t\t\t\t\t\t\t\t<li>\n\t\t\t\t\t\t\t\t\t<a href=\"https:\/\/www.stenmelin.se\/koket\/2010\/08\/citronsmor-till-stekt-eller-grillat-kott-och-fisk\/\">\n\t\t\t\t\t\t\t\t\t\tCitronsm\u00f6r &#8211; till stekt eller grillat k\u00f6tt och fisk\t\t\t\t\t\t\t\t\t<\/a>\n\t\t\t\t\t\t\t\t<\/li>\n\t\t\t\t\t\t\t\t\t\t\t\t\t\t\t<li>\n\t\t\t\t\t\t\t\t\t<a href=\"https:\/\/www.stenmelin.se\/koket\/2017\/06\/citronvatten\/\">\n\t\t\t\t\t\t\t\t\t\tCitronvatten*\t\t\t\t\t\t\t\t\t<\/a>\n\t\t\t\t\t\t\t\t<\/li>\n\t\t\t\t\t\t\t\t\t\t\t\t\t\t\t<li>\n\t\t\t\t\t\t\t\t\t<a href=\"https:\/\/www.stenmelin.se\/koket\/2017\/06\/cocoskakor\/\">\n\t\t\t\t\t\t\t\t\t\tCocoskakor*\t\t\t\t\t\t\t\t\t<\/a>\n\t\t\t\t\t\t\t\t<\/li>\n\t\t\t\t\t\t\t\t\t\t\t\t\t\t\t<li>\n\t\t\t\t\t\t\t\t\t<a href=\"https:\/\/www.stenmelin.se\/koket\/2012\/11\/crostini-den-perfekta-entreratten-for-den-sofistikerade-enkelt-men-raffinerat-med-salami-ost-och-lite-vin\/\">\n\t\t\t\t\t\t\t\t\t\tCrostini &#8211; den perfekta entr\u00e9r\u00e4tten f\u00f6r den sofistikerade\t\t\t\t\t\t\t\t\t<\/a>\n\t\t\t\t\t\t\t\t<\/li>\n\t\t\t\t\t\t\t\t\t\t\t\t\t\t\t<li>\n\t\t\t\t\t\t\t\t\t<a href=\"https:\/\/www.stenmelin.se\/koket\/2013\/06\/crostino-med-gron-artkram-giftigt-gron-men-med-en-himmelsk-lenhet-smeker-artkramen-gommen\/\">\n\t\t\t\t\t\t\t\t\t\tCrostini med gr\u00f6n \u00e4rtkr\u00e4m &#8211; giftigt gr\u00f6n men med en himmelsk lenhet smeker \u00e4rtkr\u00e4men gommen\t\t\t\t\t\t\t\t\t<\/a>\n\t\t\t\t\t\t\t\t<\/li>\n\t\t\t\t\t\t\t\t\t\t\t\t\t\t\t<li>\n\t\t\t\t\t\t\t\t\t<a href=\"https:\/\/www.stenmelin.se\/koket\/2013\/06\/crostino-med-marinerad-paprika-crostinin-en-italiensk-forrattsklassiker\/\">\n\t\t\t\t\t\t\t\t\t\tCrostini med marinerad paprika &#8211; Crostinin en italiensk f\u00f6rr\u00e4ttsklassiker\t\t\t\t\t\t\t\t\t<\/a>\n\t\t\t\t\t\t\t\t<\/li>\n\t\t\t\t\t\t\t\t\t\t\t\t\t\t\t<li>\n\t\t\t\t\t\t\t\t\t<a href=\"https:\/\/www.stenmelin.se\/koket\/2013\/06\/crostini-med-mozzarella-och-sardell-mozzarella-och-sardell-i-skon-forening\/\">\n\t\t\t\t\t\t\t\t\t\tCrostini med mozzarella och sardell &#8211; Mozzarella och sardell i sk\u00f6n f\u00f6rening\t\t\t\t\t\t\t\t\t<\/a>\n\t\t\t\t\t\t\t\t<\/li>\n\t\t\t\t\t\t\t\t\t\t\t\t\t\t\t<li>\n\t\t\t\t\t\t\t\t\t<a href=\"https:\/\/www.stenmelin.se\/koket\/2025\/06\/curry-och-appelsill\/\">\n\t\t\t\t\t\t\t\t\t\tCurry och \u00e4ppelsill*\t\t\t\t\t\t\t\t\t<\/a>\n\t\t\t\t\t\t\t\t<\/li>\n\t\t\t\t\t\t\t\t\t\t\t\t\t\t\t<li>\n\t\t\t\t\t\t\t\t\t<a href=\"https:\/\/www.stenmelin.se\/koket\/2008\/01\/curryrakor-med-ris-latt-och-hett-en-favorit-hemma-hos-oss\/\">\n\t\t\t\t\t\t\t\t\t\tCurryr\u00e4kor med ris &#8211; l\u00e4tt och hett en favorit hemma hos oss\t\t\t\t\t\t\t\t\t<\/a>\n\t\t\t\t\t\t\t\t<\/li>\n\t\t\t\t\t\t\t\t\t\t\t\t\t\t\t<li>\n\t\t\t\t\t\t\t\t\t<a href=\"https:\/\/www.stenmelin.se\/koket\/2023\/03\/curryvingar-himmelskt-goda-kycklingvingar\/\">\n\t\t\t\t\t\t\t\t\t\tCurryvingar &#8211; himmelskt goda kycklingvingar\t\t\t\t\t\t\t\t\t<\/a>\n\t\t\t\t\t\t\t\t<\/li>\n\t\t\t\t\t\t\t\t\t\t\t\t\t<\/ul>\n\t\t\t\t\t\t<div class=\"back-to-top\">\n\t\t\t\t\t\t\t<a href=\"#letters\">\n\t\t\t\t\t\t\t\tTillbaka till toppen\t\t\t\t\t\t\t<\/a>\n\t\t\t\t\t\t<\/div>\n\t\t\t\t\t<\/div>\n\t\t\t\t\t\t\t\t\t\t\t\t\t\t\t\t\t\t\t<div class=\"letter-section\"\n\t\t\t\t\t\tid=\"letter-D\">\n\t\t\t\t\t\t<h2 class=\"letter-title\">\n\t\t\t\t\t\t\t<span>\n\t\t\t\t\t\t\t\tD\t\t\t\t\t\t\t<\/span>\n\t\t\t\t\t\t<\/h2>\n\t\t\t\t\t\t\t\t\t\t\t\t<ul class=\"columns max-2-columns\">\n\t\t\t\t\t\t\t\t\t\t\t\t\t\t\t<li>\n\t\t\t\t\t\t\t\t\t<a href=\"https:\/\/www.stenmelin.se\/koket\/2017\/01\/dagens-mat\/\">\n\t\t\t\t\t\t\t\t\t\tDagens mat*\t\t\t\t\t\t\t\t\t<\/a>\n\t\t\t\t\t\t\t\t<\/li>\n\t\t\t\t\t\t\t\t\t\t\t\t\t\t\t<li>\n\t\t\t\t\t\t\t\t\t<a href=\"https:\/\/www.stenmelin.se\/koket\/2020\/09\/dagens-varma\/\">\n\t\t\t\t\t\t\t\t\t\tDagens varma &#8230;\t\t\t\t\t\t\t\t\t<\/a>\n\t\t\t\t\t\t\t\t<\/li>\n\t\t\t\t\t\t\t\t\t\t\t\t\t\t\t<li>\n\t\t\t\t\t\t\t\t\t<a href=\"https:\/\/www.stenmelin.se\/koket\/2017\/06\/delikat-chokladris\/\">\n\t\t\t\t\t\t\t\t\t\tDelikat chokladris*\t\t\t\t\t\t\t\t\t<\/a>\n\t\t\t\t\t\t\t\t<\/li>\n\t\t\t\t\t\t\t\t\t\t\t\t\t\t\t<li>\n\t\t\t\t\t\t\t\t\t<a href=\"https:\/\/www.stenmelin.se\/koket\/2010\/11\/dijonmajonas-perfekt-att-doppa-pommes-frites-i\/\">\n\t\t\t\t\t\t\t\t\t\tDijonmajon\u00e4s &#8211; perfekt att doppa pommes frites i\t\t\t\t\t\t\t\t\t<\/a>\n\t\t\t\t\t\t\t\t<\/li>\n\t\t\t\t\t\t\t\t\t\t\t\t\t\t\t<li>\n\t\t\t\t\t\t\t\t\t<a href=\"https:\/\/www.stenmelin.se\/koket\/2007\/10\/dopp-i-kopp-ett-norrbottniskt-recept-pa-mandelpotatis-har-i-version-med-saltstromming\/\">\n\t\t\t\t\t\t\t\t\t\tDopp i kopp &#8211; ett norrbottniskt recept p\u00e5 mandelpotatis, h\u00e4r i version med saltstr\u00f6mming.\t\t\t\t\t\t\t\t\t<\/a>\n\t\t\t\t\t\t\t\t<\/li>\n\t\t\t\t\t\t\t\t\t\t\t\t\t\t\t<li>\n\t\t\t\t\t\t\t\t\t<a href=\"https:\/\/www.stenmelin.se\/koket\/2020\/07\/doris-gurka\/\">\n\t\t\t\t\t\t\t\t\t\tDoris gurka*\t\t\t\t\t\t\t\t\t<\/a>\n\t\t\t\t\t\t\t\t<\/li>\n\t\t\t\t\t\t\t\t\t\t\t\t\t\t\t<li>\n\t\t\t\t\t\t\t\t\t<a href=\"https:\/\/www.stenmelin.se\/koket\/2025\/05\/doris-inlagda-gurka\/\">\n\t\t\t\t\t\t\t\t\t\tDoris inlagda gurka\t\t\t\t\t\t\t\t\t<\/a>\n\t\t\t\t\t\t\t\t<\/li>\n\t\t\t\t\t\t\t\t\t\t\t\t\t\t\t<li>\n\t\t\t\t\t\t\t\t\t<a href=\"https:\/\/www.stenmelin.se\/koket\/2017\/06\/dromkaka\/\">\n\t\t\t\t\t\t\t\t\t\tDr\u00f6mkaka*\t\t\t\t\t\t\t\t\t<\/a>\n\t\t\t\t\t\t\t\t<\/li>\n\t\t\t\t\t\t\t\t\t\t\t\t\t\t\t<li>\n\t\t\t\t\t\t\t\t\t<a href=\"https:\/\/www.stenmelin.se\/koket\/2020\/10\/dromkringlor\/\">\n\t\t\t\t\t\t\t\t\t\tDr\u00f6mkringlor*\t\t\t\t\t\t\t\t\t<\/a>\n\t\t\t\t\t\t\t\t<\/li>\n\t\t\t\t\t\t\t\t\t\t\t\t\t\t\t<li>\n\t\t\t\t\t\t\t\t\t<a href=\"https:\/\/www.stenmelin.se\/koket\/2011\/09\/dukkah-kryddblandning-fran-egypten\/\">\n\t\t\t\t\t\t\t\t\t\tDukkah &#8211; kryddblandning fr\u00e5n egypten\t\t\t\t\t\t\t\t\t<\/a>\n\t\t\t\t\t\t\t\t<\/li>\n\t\t\t\t\t\t\t\t\t\t\t\t\t\t\t<li>\n\t\t\t\t\t\t\t\t\t<a href=\"https:\/\/www.stenmelin.se\/koket\/2011\/09\/dukkahpanerad-abborre-en-arabisk-touch-pa-abborren\/\">\n\t\t\t\t\t\t\t\t\t\tDukkahpanerad abborre &#8211; en arabisk touch p\u00e5 abborren\t\t\t\t\t\t\t\t\t<\/a>\n\t\t\t\t\t\t\t\t<\/li>\n\t\t\t\t\t\t\t\t\t\t\t\t\t<\/ul>\n\t\t\t\t\t\t<div class=\"back-to-top\">\n\t\t\t\t\t\t\t<a href=\"#letters\">\n\t\t\t\t\t\t\t\tTillbaka till toppen\t\t\t\t\t\t\t<\/a>\n\t\t\t\t\t\t<\/div>\n\t\t\t\t\t<\/div>\n\t\t\t\t\t\t\t\t\t\t\t\t\t\t\t\t\t\t\t<div class=\"letter-section\"\n\t\t\t\t\t\tid=\"letter-E\">\n\t\t\t\t\t\t<h2 class=\"letter-title\">\n\t\t\t\t\t\t\t<span>\n\t\t\t\t\t\t\t\tE\t\t\t\t\t\t\t<\/span>\n\t\t\t\t\t\t<\/h2>\n\t\t\t\t\t\t\t\t\t\t\t\t<ul class=\"columns max-1-columns\">\n\t\t\t\t\t\t\t\t\t\t\t\t\t\t\t<li>\n\t\t\t\t\t\t\t\t\t<a href=\"https:\/\/www.stenmelin.se\/koket\/2025\/06\/edits-ran\/\">\n\t\t\t\t\t\t\t\t\t\tEdits r\u00e5n*\t\t\t\t\t\t\t\t\t<\/a>\n\t\t\t\t\t\t\t\t<\/li>\n\t\t\t\t\t\t\t\t\t\t\t\t\t\t\t<li>\n\t\t\t\t\t\t\t\t\t<a href=\"https:\/\/www.stenmelin.se\/koket\/2025\/05\/enbarssas\/\">\n\t\t\t\t\t\t\t\t\t\tEnb\u00e4rss\u00e5s*\t\t\t\t\t\t\t\t\t<\/a>\n\t\t\t\t\t\t\t\t<\/li>\n\t\t\t\t\t\t\t\t\t\t\t\t\t\t\t<li>\n\t\t\t\t\t\t\t\t\t<a href=\"https:\/\/www.stenmelin.se\/koket\/2024\/07\/enkel-gronsaksgratang\/\">\n\t\t\t\t\t\t\t\t\t\tEnkel gr\u00f6nsaksgrat\u00e4ng*\t\t\t\t\t\t\t\t\t<\/a>\n\t\t\t\t\t\t\t\t<\/li>\n\t\t\t\t\t\t\t\t\t\t\t\t\t\t\t<li>\n\t\t\t\t\t\t\t\t\t<a href=\"https:\/\/www.stenmelin.se\/koket\/2025\/05\/enkla-havreflarn\/\">\n\t\t\t\t\t\t\t\t\t\tEnkla havreflarn*\t\t\t\t\t\t\t\t\t<\/a>\n\t\t\t\t\t\t\t\t<\/li>\n\t\t\t\t\t\t\t\t\t\t\t\t\t<\/ul>\n\t\t\t\t\t\t<div class=\"back-to-top\">\n\t\t\t\t\t\t\t<a href=\"#letters\">\n\t\t\t\t\t\t\t\tTillbaka till toppen\t\t\t\t\t\t\t<\/a>\n\t\t\t\t\t\t<\/div>\n\t\t\t\t\t<\/div>\n\t\t\t\t\t\t\t\t\t\t\t\t\t\t\t\t\t\t\t<div class=\"letter-section\"\n\t\t\t\t\t\tid=\"letter-F\">\n\t\t\t\t\t\t<h2 class=\"letter-title\">\n\t\t\t\t\t\t\t<span>\n\t\t\t\t\t\t\t\tF\t\t\t\t\t\t\t<\/span>\n\t\t\t\t\t\t<\/h2>\n\t\t\t\t\t\t\t\t\t\t\t\t<ul class=\"columns max-5-columns\">\n\t\t\t\t\t\t\t\t\t\t\t\t\t\t\t<li>\n\t\t\t\t\t\t\t\t\t<a href=\"https:\/\/www.stenmelin.se\/koket\/2017\/06\/falsk-mandelkaka\/\">\n\t\t\t\t\t\t\t\t\t\tFalsk mandelkaka*\t\t\t\t\t\t\t\t\t<\/a>\n\t\t\t\t\t\t\t\t<\/li>\n\t\t\t\t\t\t\t\t\t\t\t\t\t\t\t<li>\n\t\t\t\t\t\t\t\t\t<a href=\"https:\/\/www.stenmelin.se\/koket\/2017\/01\/falukorv-i-ugn-vardagsmums\/\">\n\t\t\t\t\t\t\t\t\t\tFalukorv i ugn &#8211; vardagsmums\t\t\t\t\t\t\t\t\t<\/a>\n\t\t\t\t\t\t\t\t<\/li>\n\t\t\t\t\t\t\t\t\t\t\t\t\t\t\t<li>\n\t\t\t\t\t\t\t\t\t<a href=\"https:\/\/www.stenmelin.se\/koket\/2017\/10\/festgratang\/\">\n\t\t\t\t\t\t\t\t\t\tFestgrat\u00e4ng*\t\t\t\t\t\t\t\t\t<\/a>\n\t\t\t\t\t\t\t\t<\/li>\n\t\t\t\t\t\t\t\t\t\t\t\t\t\t\t<li>\n\t\t\t\t\t\t\t\t\t<a href=\"https:\/\/www.stenmelin.se\/koket\/2021\/05\/fettuccine-med-blamusslor-och-karljohansvamp-fettuccine-com-cozze-e-porconcino\/\">\n\t\t\t\t\t\t\t\t\t\tFettuccine med bl\u00e5musslor och Karljohansvamp &#8211; Fettuccine con cozze e porconcini\t\t\t\t\t\t\t\t\t<\/a>\n\t\t\t\t\t\t\t\t<\/li>\n\t\t\t\t\t\t\t\t\t\t\t\t\t\t\t<li>\n\t\t\t\t\t\t\t\t\t<a href=\"https:\/\/www.stenmelin.se\/koket\/2008\/04\/fikonmarmelad-den-lagrade-ostens-basta-van\/\">\n\t\t\t\t\t\t\t\t\t\tFikonmarmelad &#8211; den lagrade ostens b\u00e4sta v\u00e4n\t\t\t\t\t\t\t\t\t<\/a>\n\t\t\t\t\t\t\t\t<\/li>\n\t\t\t\t\t\t\t\t\t\t\t\t\t\t\t<li>\n\t\t\t\t\t\t\t\t\t<a href=\"https:\/\/www.stenmelin.se\/koket\/2007\/10\/fil-fisk-en-sallsamt-raffinerad-sommarlunch-som-overraskar\/\">\n\t\t\t\t\t\t\t\t\t\tFil &#038; Fisk &#8211; en s\u00e4llsamt raffinerad sommarlunch som \u00f6verraskar\t\t\t\t\t\t\t\t\t<\/a>\n\t\t\t\t\t\t\t\t<\/li>\n\t\t\t\t\t\t\t\t\t\t\t\t\t\t\t<li>\n\t\t\t\t\t\t\t\t\t<a href=\"https:\/\/www.stenmelin.se\/koket\/2025\/06\/fina-fisken\/\">\n\t\t\t\t\t\t\t\t\t\tFina fisken*\t\t\t\t\t\t\t\t\t<\/a>\n\t\t\t\t\t\t\t\t<\/li>\n\t\t\t\t\t\t\t\t\t\t\t\t\t\t\t<li>\n\t\t\t\t\t\t\t\t\t<a href=\"https:\/\/www.stenmelin.se\/koket\/2024\/07\/fisk-i-hummersas\/\">\n\t\t\t\t\t\t\t\t\t\tFisk i hummers\u00e5s*\t\t\t\t\t\t\t\t\t<\/a>\n\t\t\t\t\t\t\t\t<\/li>\n\t\t\t\t\t\t\t\t\t\t\t\t\t\t\t<li>\n\t\t\t\t\t\t\t\t\t<a href=\"https:\/\/www.stenmelin.se\/koket\/2017\/01\/fisk-och-risbullar\/\">\n\t\t\t\t\t\t\t\t\t\tFisk- och risbullar*\t\t\t\t\t\t\t\t\t<\/a>\n\t\t\t\t\t\t\t\t<\/li>\n\t\t\t\t\t\t\t\t\t\t\t\t\t\t\t<li>\n\t\t\t\t\t\t\t\t\t<a href=\"https:\/\/www.stenmelin.se\/koket\/2017\/08\/fiskbullesuffe\/\">\n\t\t\t\t\t\t\t\t\t\tFiskbullesuff\u00e9*\t\t\t\t\t\t\t\t\t<\/a>\n\t\t\t\t\t\t\t\t<\/li>\n\t\t\t\t\t\t\t\t\t\t\t\t\t\t\t<li>\n\t\t\t\t\t\t\t\t\t<a href=\"https:\/\/www.stenmelin.se\/koket\/2017\/01\/fiskgratin\/\">\n\t\t\t\t\t\t\t\t\t\tFiskgratin*\t\t\t\t\t\t\t\t\t<\/a>\n\t\t\t\t\t\t\t\t<\/li>\n\t\t\t\t\t\t\t\t\t\t\t\t\t\t\t<li>\n\t\t\t\t\t\t\t\t\t<a href=\"https:\/\/www.stenmelin.se\/koket\/2016\/03\/fiskpinnar-battre-an-findus-t-o-m-mycket-battre\/\">\n\t\t\t\t\t\t\t\t\t\tFiskpinnar &#8211; b\u00e4ttre \u00e4n Findus t.o.m mycket b\u00e4ttre\t\t\t\t\t\t\t\t\t<\/a>\n\t\t\t\t\t\t\t\t<\/li>\n\t\t\t\t\t\t\t\t\t\t\t\t\t\t\t<li>\n\t\t\t\t\t\t\t\t\t<a href=\"https:\/\/www.stenmelin.se\/koket\/2010\/09\/fiskrispudding-en-ratt-som-for-mig-representerar-det-goda-fran-70-talet\/\">\n\t\t\t\t\t\t\t\t\t\tFiskrispudding &#8211; en r\u00e4tt som f\u00f6r mig representerar det goda fr\u00e5n 70-talet\t\t\t\t\t\t\t\t\t<\/a>\n\t\t\t\t\t\t\t\t<\/li>\n\t\t\t\t\t\t\t\t\t\t\t\t\t\t\t<li>\n\t\t\t\t\t\t\t\t\t<a href=\"https:\/\/www.stenmelin.se\/koket\/2017\/05\/fisksallad\/\">\n\t\t\t\t\t\t\t\t\t\tFisksallad*\t\t\t\t\t\t\t\t\t<\/a>\n\t\t\t\t\t\t\t\t<\/li>\n\t\t\t\t\t\t\t\t\t\t\t\t\t\t\t<li>\n\t\t\t\t\t\t\t\t\t<a href=\"https:\/\/www.stenmelin.se\/koket\/2016\/09\/flamberad-champinjonstuvning-med-smak-av-skog\/\">\n\t\t\t\t\t\t\t\t\t\tFlamberad champinjonstuvning &#8211; med smak av skog\t\t\t\t\t\t\t\t\t<\/a>\n\t\t\t\t\t\t\t\t<\/li>\n\t\t\t\t\t\t\t\t\t\t\t\t\t\t\t<li>\n\t\t\t\t\t\t\t\t\t<a href=\"https:\/\/www.stenmelin.se\/koket\/2016\/11\/flottyrkransar\/\">\n\t\t\t\t\t\t\t\t\t\tFlottyrkransar*\t\t\t\t\t\t\t\t\t<\/a>\n\t\t\t\t\t\t\t\t<\/li>\n\t\t\t\t\t\t\t\t\t\t\t\t\t\t\t<li>\n\t\t\t\t\t\t\t\t\t<a href=\"https:\/\/www.stenmelin.se\/koket\/2016\/10\/flaskfile-a-la-china\/\">\n\t\t\t\t\t\t\t\t\t\tFl\u00e4skfil\u00e9 \u00e0 la China*\t\t\t\t\t\t\t\t\t<\/a>\n\t\t\t\t\t\t\t\t<\/li>\n\t\t\t\t\t\t\t\t\t\t\t\t\t\t\t<li>\n\t\t\t\t\t\t\t\t\t<a href=\"https:\/\/www.stenmelin.se\/koket\/2020\/07\/flaskfilepanna-med-potatiskakor\/\">\n\t\t\t\t\t\t\t\t\t\tFl\u00e4skfil\u00e9panna med potatiskakor*\t\t\t\t\t\t\t\t\t<\/a>\n\t\t\t\t\t\t\t\t<\/li>\n\t\t\t\t\t\t\t\t\t\t\t\t\t\t\t<li>\n\t\t\t\t\t\t\t\t\t<a href=\"https:\/\/www.stenmelin.se\/koket\/2011\/09\/flaskkotlett-med-citronsas-en-uppfriskande-citronkryddad-flaskkotett\/\">\n\t\t\t\t\t\t\t\t\t\tFl\u00e4skkotlett med citrons\u00e5s &#8211; en uppfriskande citronkryddad fl\u00e4skkotlett\t\t\t\t\t\t\t\t\t<\/a>\n\t\t\t\t\t\t\t\t<\/li>\n\t\t\t\t\t\t\t\t\t\t\t\t\t\t\t<li>\n\t\t\t\t\t\t\t\t\t<a href=\"https:\/\/www.stenmelin.se\/koket\/2025\/06\/flaskrullader-med-vasterbottensost\/\">\n\t\t\t\t\t\t\t\t\t\tFl\u00e4skrullader med V\u00e4sterbottensost*\t\t\t\t\t\t\t\t\t<\/a>\n\t\t\t\t\t\t\t\t<\/li>\n\t\t\t\t\t\t\t\t\t\t\t\t\t\t\t<li>\n\t\t\t\t\t\t\t\t\t<a href=\"https:\/\/www.stenmelin.se\/koket\/2021\/02\/foliebakade-gronsaker-skippa-den-kokta-potatisen\/\">\n\t\t\t\t\t\t\t\t\t\tFoliebakade gr\u00f6nsaker &#8211; skippa den kokta potatisen\t\t\t\t\t\t\t\t\t<\/a>\n\t\t\t\t\t\t\t\t<\/li>\n\t\t\t\t\t\t\t\t\t\t\t\t\t\t\t<li>\n\t\t\t\t\t\t\t\t\t<a href=\"https:\/\/www.stenmelin.se\/koket\/2017\/06\/franska-vafflor\/\">\n\t\t\t\t\t\t\t\t\t\tFranska v\u00e5fflor*\t\t\t\t\t\t\t\t\t<\/a>\n\t\t\t\t\t\t\t\t<\/li>\n\t\t\t\t\t\t\t\t\t\t\t\t\t\t\t<li>\n\t\t\t\t\t\t\t\t\t<a href=\"https:\/\/www.stenmelin.se\/koket\/2008\/09\/franskt-fruktflarn-lattlagade-fruktflarn-som-kan-varieras-i-det-oandliga\/\">\n\t\t\t\t\t\t\t\t\t\tFranskt fruktflarn &#8211; l\u00e4ttlagade fruktflarn som kan varieras i det o\u00e4ndliga\t\t\t\t\t\t\t\t\t<\/a>\n\t\t\t\t\t\t\t\t<\/li>\n\t\t\t\t\t\t\t\t\t\t\t\t\t\t\t<li>\n\t\t\t\t\t\t\t\t\t<a href=\"https:\/\/www.stenmelin.se\/koket\/2017\/02\/frasbollar-och-chokladrundlar\/\">\n\t\t\t\t\t\t\t\t\t\tFrasbollar och chokladrundlar*\t\t\t\t\t\t\t\t\t<\/a>\n\t\t\t\t\t\t\t\t<\/li>\n\t\t\t\t\t\t\t\t\t\t\t\t\t\t\t<li>\n\t\t\t\t\t\t\t\t\t<a href=\"https:\/\/www.stenmelin.se\/koket\/2014\/12\/frasiga-bakelser-till-kaffet-enkelt-och-snabbt\/\">\n\t\t\t\t\t\t\t\t\t\tFrasiga bakelser till kaffet &#8211; enkelt och snabbt\t\t\t\t\t\t\t\t\t<\/a>\n\t\t\t\t\t\t\t\t<\/li>\n\t\t\t\t\t\t\t\t\t\t\t\t\t\t\t<li>\n\t\t\t\t\t\t\t\t\t<a href=\"https:\/\/www.stenmelin.se\/koket\/2012\/12\/friterad-blomkal-ett-recept-uppsnappat-i-italien-friteringens-hemland\/\">\n\t\t\t\t\t\t\t\t\t\tFriterad blomk\u00e5l &#8211; ett recept uppsnappat i Italien, friteringens hemland\t\t\t\t\t\t\t\t\t<\/a>\n\t\t\t\t\t\t\t\t<\/li>\n\t\t\t\t\t\t\t\t\t\t\t\t\t\t\t<li>\n\t\t\t\t\t\t\t\t\t<a href=\"https:\/\/www.stenmelin.se\/koket\/2014\/05\/friterad-brysselkal-sa-haren-pase-brysselkal-plocka-de-yttersta-bladen-pa-brysselkalen-sa-att-det-blir-helt-fina-skar-av-bottenskaftet-men-inte-sa-att-kalen-inte-sitter-ihop-langre-varm-friseri\/\">\n\t\t\t\t\t\t\t\t\t\tFriterad brysselk\u00e5l &#8211; s\u00e5 har du aldrig smakat den\t\t\t\t\t\t\t\t\t<\/a>\n\t\t\t\t\t\t\t\t<\/li>\n\t\t\t\t\t\t\t\t\t\t\t\t\t\t\t<li>\n\t\t\t\t\t\t\t\t\t<a href=\"https:\/\/www.stenmelin.se\/koket\/2013\/04\/friterad-nors-en-gurkdoftande-firre-som-gor-sig-alldeles-utmarkt-friterad\/\">\n\t\t\t\t\t\t\t\t\t\tFriterad Nors &#8211; en gurkdoftande firre som g\u00f6r sig alldeles utm\u00e4rkt friterad\t\t\t\t\t\t\t\t\t<\/a>\n\t\t\t\t\t\t\t\t<\/li>\n\t\t\t\t\t\t\t\t\t\t\t\t\t\t\t<li>\n\t\t\t\t\t\t\t\t\t<a href=\"https:\/\/www.stenmelin.se\/koket\/2017\/02\/friterad-surstrommingsrom-en-nock-i-gommen\/\">\n\t\t\t\t\t\t\t\t\t\tFriterad surstr\u00f6mmingsrom &#8211; en nock i gommen\t\t\t\t\t\t\t\t\t<\/a>\n\t\t\t\t\t\t\t\t<\/li>\n\t\t\t\t\t\t\t\t\t\t\t\t\t\t\t<li>\n\t\t\t\t\t\t\t\t\t<a href=\"https:\/\/www.stenmelin.se\/koket\/2020\/08\/friterade-kycklingvingar-krispigt-varre\/\">\n\t\t\t\t\t\t\t\t\t\tFriterade kycklingvingar &#8211; krispigt v\u00e4rre!\t\t\t\t\t\t\t\t\t<\/a>\n\t\t\t\t\t\t\t\t<\/li>\n\t\t\t\t\t\t\t\t\t\t\t\t\t\t\t<li>\n\t\t\t\t\t\t\t\t\t<a href=\"https:\/\/www.stenmelin.se\/koket\/2007\/10\/friterade-salviablad-gott-att-smaska-pa-som-drinktilltugg-eller-bara-for-okynne\/\">\n\t\t\t\t\t\t\t\t\t\tFriterade salviablad &#8211; gott att smaska p\u00e5 som drinktilltugg eller bara f\u00f6r okynne\t\t\t\t\t\t\t\t\t<\/a>\n\t\t\t\t\t\t\t\t<\/li>\n\t\t\t\t\t\t\t\t\t\t\t\t\t\t\t<li>\n\t\t\t\t\t\t\t\t\t<a href=\"https:\/\/www.stenmelin.se\/koket\/2017\/11\/friterade-siklojeben-knaprigt-och-gatt\/\">\n\t\t\t\t\t\t\t\t\t\tFriterade sikl\u00f6jeben &#8211; knaprigt och gott\t\t\t\t\t\t\t\t\t<\/a>\n\t\t\t\t\t\t\t\t<\/li>\n\t\t\t\t\t\t\t\t\t\t\t\t\t\t\t<li>\n\t\t\t\t\t\t\t\t\t<a href=\"https:\/\/www.stenmelin.se\/koket\/2011\/07\/friterade-squashblommor-en-underbar-liten-forratt-for-den-som-har-tillgang-till-blommorna\/\">\n\t\t\t\t\t\t\t\t\t\tFriterade squashblommor &#8211; en underbar liten f\u00f6rr\u00e4tt f\u00f6r den som har tillg\u00e5ng till blommorna\t\t\t\t\t\t\t\t\t<\/a>\n\t\t\t\t\t\t\t\t<\/li>\n\t\t\t\t\t\t\t\t\t\t\t\t\t\t\t<li>\n\t\t\t\t\t\t\t\t\t<a href=\"https:\/\/www.stenmelin.se\/koket\/2008\/11\/fritterad-rodbeta-och-schalottenlok-ett-gott-och-lite-annorlunda-tillbehor-till-viltkottet\/\">\n\t\t\t\t\t\t\t\t\t\tFritterad r\u00f6dbeta och schalottenl\u00f6k &#8211; ett gott och lite annorlunda tillbeh\u00f6r till viltk\u00f6ttet\t\t\t\t\t\t\t\t\t<\/a>\n\t\t\t\t\t\t\t\t<\/li>\n\t\t\t\t\t\t\t\t\t\t\t\t\t\t\t<li>\n\t\t\t\t\t\t\t\t\t<a href=\"https:\/\/www.stenmelin.se\/koket\/2011\/07\/frityrsmet-en-stadig-och-lattarbetad-frityrsmet\/\">\n\t\t\t\t\t\t\t\t\t\tFrityrsmet &#8211; en stadig och l\u00e4ttarbetad frityrsmet\t\t\t\t\t\t\t\t\t<\/a>\n\t\t\t\t\t\t\t\t<\/li>\n\t\t\t\t\t\t\t\t\t\t\t\t\t\t\t<li>\n\t\t\t\t\t\t\t\t\t<a href=\"https:\/\/www.stenmelin.se\/koket\/2014\/06\/fruktsallad-en-vinterefterratt-att-dromma-sig-bort-till\/\">\n\t\t\t\t\t\t\t\t\t\tFruktsallad &#8211; en vinterefterr\u00e4tt att dr\u00f6mma sig bort till\t\t\t\t\t\t\t\t\t<\/a>\n\t\t\t\t\t\t\t\t<\/li>\n\t\t\t\t\t\t\t\t\t\t\t\t\t\t\t<li>\n\t\t\t\t\t\t\t\t\t<a href=\"https:\/\/www.stenmelin.se\/koket\/2014\/06\/fruktskalen-den-enkla-efterratten\/\">\n\t\t\t\t\t\t\t\t\t\tFruktsk\u00e5len &#8211; den enkla efterr\u00e4tten\t\t\t\t\t\t\t\t\t<\/a>\n\t\t\t\t\t\t\t\t<\/li>\n\t\t\t\t\t\t\t\t\t\t\t\t\t\t\t<li>\n\t\t\t\t\t\t\t\t\t<a href=\"https:\/\/www.stenmelin.se\/koket\/2017\/11\/fullkornsbrod\/\">\n\t\t\t\t\t\t\t\t\t\tFullkornsbr\u00f6d*\t\t\t\t\t\t\t\t\t<\/a>\n\t\t\t\t\t\t\t\t<\/li>\n\t\t\t\t\t\t\t\t\t\t\t\t\t\t\t<li>\n\t\t\t\t\t\t\t\t\t<a href=\"https:\/\/www.stenmelin.se\/koket\/2013\/01\/fyllda-auberginer-aubergine-och-svamp-i-skon-forening\/\">\n\t\t\t\t\t\t\t\t\t\tFyllda auberginer &#8211; aubergine och svamp i sk\u00f6n f\u00f6rening\t\t\t\t\t\t\t\t\t<\/a>\n\t\t\t\t\t\t\t\t<\/li>\n\t\t\t\t\t\t\t\t\t\t\t\t\t\t\t<li>\n\t\t\t\t\t\t\t\t\t<a href=\"https:\/\/www.stenmelin.se\/koket\/2025\/06\/fyllda-dinkelpannkakor\/\">\n\t\t\t\t\t\t\t\t\t\tFyllda dinkelpannkakor*\t\t\t\t\t\t\t\t\t<\/a>\n\t\t\t\t\t\t\t\t<\/li>\n\t\t\t\t\t\t\t\t\t\t\t\t\t\t\t<li>\n\t\t\t\t\t\t\t\t\t<a href=\"https:\/\/www.stenmelin.se\/koket\/2016\/12\/fyristarta\/\">\n\t\t\t\t\t\t\t\t\t\tFyrist\u00e5rta*\t\t\t\t\t\t\t\t\t<\/a>\n\t\t\t\t\t\t\t\t<\/li>\n\t\t\t\t\t\t\t\t\t\t\t\t\t\t\t<li>\n\t\t\t\t\t\t\t\t\t<a href=\"https:\/\/www.stenmelin.se\/koket\/2010\/05\/fankalssoppa-en-snabblagad-och-mild-forrattssoppa-med-ett-litet-avslutande-sting\/\">\n\t\t\t\t\t\t\t\t\t\tF\u00e4nk\u00e5lssoppa &#8211; en snabblagad och mild f\u00f6rr\u00e4ttssoppa med ett litet avslutande sting\t\t\t\t\t\t\t\t\t<\/a>\n\t\t\t\t\t\t\t\t<\/li>\n\t\t\t\t\t\t\t\t\t\t\t\t\t\t\t<li>\n\t\t\t\t\t\t\t\t\t<a href=\"https:\/\/www.stenmelin.se\/koket\/2016\/10\/fodelsedagstarta\/\">\n\t\t\t\t\t\t\t\t\t\tF\u00f6delsedagst\u00e5rta*\t\t\t\t\t\t\t\t\t<\/a>\n\t\t\t\t\t\t\t\t<\/li>\n\t\t\t\t\t\t\t\t\t\t\t\t\t\t\t<li>\n\t\t\t\t\t\t\t\t\t<a href=\"https:\/\/www.stenmelin.se\/koket\/2025\/06\/forrattssallad\/\">\n\t\t\t\t\t\t\t\t\t\tF\u00f6rr\u00e4ttssallad*\t\t\t\t\t\t\t\t\t<\/a>\n\t\t\t\t\t\t\t\t<\/li>\n\t\t\t\t\t\t\t\t\t\t\t\t\t\t\t<li>\n\t\t\t\t\t\t\t\t\t<a href=\"https:\/\/www.stenmelin.se\/koket\/2011\/07\/foralskad-stromming-med-grumlig-blick-som-pa-en-foralskad-tonaring-ligger-strommingen-och-bligar\/\">\n\t\t\t\t\t\t\t\t\t\tF\u00f6r\u00e4lskad str\u00f6mming &#8211; med grumlig blick som p\u00e5 en f\u00f6r\u00e4lskad ton\u00e5ring ligger str\u00f6mmingen och bligar&#8230;\t\t\t\t\t\t\t\t\t<\/a>\n\t\t\t\t\t\t\t\t<\/li>\n\t\t\t\t\t\t\t\t\t\t\t\t\t<\/ul>\n\t\t\t\t\t\t<div class=\"back-to-top\">\n\t\t\t\t\t\t\t<a href=\"#letters\">\n\t\t\t\t\t\t\t\tTillbaka till toppen\t\t\t\t\t\t\t<\/a>\n\t\t\t\t\t\t<\/div>\n\t\t\t\t\t<\/div>\n\t\t\t\t\t\t\t\t\t\t\t\t\t\t\t\t\t\t\t<div class=\"letter-section\"\n\t\t\t\t\t\tid=\"letter-G\">\n\t\t\t\t\t\t<h2 class=\"letter-title\">\n\t\t\t\t\t\t\t<span>\n\t\t\t\t\t\t\t\tG\t\t\t\t\t\t\t<\/span>\n\t\t\t\t\t\t<\/h2>\n\t\t\t\t\t\t\t\t\t\t\t\t<ul class=\"columns max-4-columns\">\n\t\t\t\t\t\t\t\t\t\t\t\t\t\t\t<li>\n\t\t\t\t\t\t\t\t\t<a href=\"https:\/\/www.stenmelin.se\/koket\/2020\/07\/gammeldags-pressgurka\/\">\n\t\t\t\t\t\t\t\t\t\tGammeldags pressgurka*\t\t\t\t\t\t\t\t\t<\/a>\n\t\t\t\t\t\t\t\t<\/li>\n\t\t\t\t\t\t\t\t\t\t\t\t\t\t\t<li>\n\t\t\t\t\t\t\t\t\t<a href=\"https:\/\/www.stenmelin.se\/koket\/2015\/05\/glas-med-chokladsas-och-digestive-crunch-det-enkla-och-sjalvklara\/\">\n\t\t\t\t\t\t\t\t\t\tGlass med choklads\u00e5s och digestive crunch &#8211; det enkla och sj\u00e4lvklara\t\t\t\t\t\t\t\t\t<\/a>\n\t\t\t\t\t\t\t\t<\/li>\n\t\t\t\t\t\t\t\t\t\t\t\t\t\t\t<li>\n\t\t\t\t\t\t\t\t\t<a href=\"https:\/\/www.stenmelin.se\/koket\/2019\/08\/glutenfri-frityrsmet-som-ger-ett-fantastiskt-fras\/\">\n\t\t\t\t\t\t\t\t\t\tGlutenfri frityrsmet som ger ett fantastiskt fras\t\t\t\t\t\t\t\t\t<\/a>\n\t\t\t\t\t\t\t\t<\/li>\n\t\t\t\t\t\t\t\t\t\t\t\t\t\t\t<li>\n\t\t\t\t\t\t\t\t\t<a href=\"https:\/\/www.stenmelin.se\/koket\/2007\/12\/glogg-en-valdigt-god-och-lattgjord-glogg\/\">\n\t\t\t\t\t\t\t\t\t\tGl\u00f6gg &#8211; en v\u00e4ldigt god och l\u00e4ttgjord gl\u00f6gg\t\t\t\t\t\t\t\t\t<\/a>\n\t\t\t\t\t\t\t\t<\/li>\n\t\t\t\t\t\t\t\t\t\t\t\t\t\t\t<li>\n\t\t\t\t\t\t\t\t\t<a href=\"https:\/\/www.stenmelin.se\/koket\/2015\/06\/gnocchi-med-paprikasas-uppiggande-vass-syra\/\">\n\t\t\t\t\t\t\t\t\t\tGnocchi med paprikas\u00e5s &#8211; uppiggande vass syra\t\t\t\t\t\t\t\t\t<\/a>\n\t\t\t\t\t\t\t\t<\/li>\n\t\t\t\t\t\t\t\t\t\t\t\t\t\t\t<li>\n\t\t\t\t\t\t\t\t\t<a href=\"https:\/\/www.stenmelin.se\/koket\/2016\/08\/god-sockerkaka-ur-margits-voteringshaften\/\">\n\t\t\t\t\t\t\t\t\t\tGod sockerkaka*\t\t\t\t\t\t\t\t\t<\/a>\n\t\t\t\t\t\t\t\t<\/li>\n\t\t\t\t\t\t\t\t\t\t\t\t\t\t\t<li>\n\t\t\t\t\t\t\t\t\t<a href=\"https:\/\/www.stenmelin.se\/koket\/2017\/06\/goda-bullar\/\">\n\t\t\t\t\t\t\t\t\t\tGoda bullar*\t\t\t\t\t\t\t\t\t<\/a>\n\t\t\t\t\t\t\t\t<\/li>\n\t\t\t\t\t\t\t\t\t\t\t\t\t\t\t<li>\n\t\t\t\t\t\t\t\t\t<a href=\"https:\/\/www.stenmelin.se\/koket\/2010\/01\/gorgonzolarora-en-enkel-och-god-gucka-att-ha-pa-en-brodbit-eller-till-en-blodig-biff\/\">\n\t\t\t\t\t\t\t\t\t\tGorgonzolar\u00f6ra &#8211; En enkel och god gucka att ha p\u00e5 en br\u00f6dbit eller till en blodig biff\t\t\t\t\t\t\t\t\t<\/a>\n\t\t\t\t\t\t\t\t<\/li>\n\t\t\t\t\t\t\t\t\t\t\t\t\t\t\t<li>\n\t\t\t\t\t\t\t\t\t<a href=\"https:\/\/www.stenmelin.se\/koket\/2010\/11\/gratinerad-hummer-hummer-och-tryffel-ar-en-himmelsk-kombination\/\">\n\t\t\t\t\t\t\t\t\t\tGratinerad hummer &#8211; hummer och tryffel \u00e4r en himmelsk kombination\t\t\t\t\t\t\t\t\t<\/a>\n\t\t\t\t\t\t\t\t<\/li>\n\t\t\t\t\t\t\t\t\t\t\t\t\t\t\t<li>\n\t\t\t\t\t\t\t\t\t<a href=\"https:\/\/www.stenmelin.se\/koket\/2017\/10\/gratinerad-fylld-aubergine-gott-och-mattande\/\">\n\t\t\t\t\t\t\t\t\t\tGratinerad, fylld aubergine &#8211; gott och m\u00e4ttande\t\t\t\t\t\t\t\t\t<\/a>\n\t\t\t\t\t\t\t\t<\/li>\n\t\t\t\t\t\t\t\t\t\t\t\t\t\t\t<li>\n\t\t\t\t\t\t\t\t\t<a href=\"https:\/\/www.stenmelin.se\/koket\/2015\/12\/gratinerade-blamusslor-latt-att-gora-gott-att-ata\/\">\n\t\t\t\t\t\t\t\t\t\tGratinerade bl\u00e5musslor &#8211; l\u00e4tt att g\u00f6ra, gott att \u00e4ta\t\t\t\t\t\t\t\t\t<\/a>\n\t\t\t\t\t\t\t\t<\/li>\n\t\t\t\t\t\t\t\t\t\t\t\t\t\t\t<li>\n\t\t\t\t\t\t\t\t\t<a href=\"https:\/\/www.stenmelin.se\/koket\/2025\/06\/gratinerade-musslor\/\">\n\t\t\t\t\t\t\t\t\t\tGratinerade musslor*\t\t\t\t\t\t\t\t\t<\/a>\n\t\t\t\t\t\t\t\t<\/li>\n\t\t\t\t\t\t\t\t\t\t\t\t\t\t\t<li>\n\t\t\t\t\t\t\t\t\t<a href=\"https:\/\/www.stenmelin.se\/koket\/2007\/11\/grillad-ananas-lika-enkelt-som-gott\/\">\n\t\t\t\t\t\t\t\t\t\tGrillad ananas &#8211; lika enkelt som gott\t\t\t\t\t\t\t\t\t<\/a>\n\t\t\t\t\t\t\t\t<\/li>\n\t\t\t\t\t\t\t\t\t\t\t\t\t\t\t<li>\n\t\t\t\t\t\t\t\t\t<a href=\"https:\/\/www.stenmelin.se\/koket\/2008\/12\/grillad-aubergine-en-buffe-utan-den-grillade-auberginen-ar-en-naken-buffe\/\">\n\t\t\t\t\t\t\t\t\t\tGrillad aubergine &#8211; en buff\u00e9 utan den grillade auberginen \u00e4r en naken buff\u00e9\t\t\t\t\t\t\t\t\t<\/a>\n\t\t\t\t\t\t\t\t<\/li>\n\t\t\t\t\t\t\t\t\t\t\t\t\t\t\t<li>\n\t\t\t\t\t\t\t\t\t<a href=\"https:\/\/www.stenmelin.se\/koket\/2015\/05\/grillad-auberginekram-pa-stekt-sotpotatis-sa-nara-himlen\/\">\n\t\t\t\t\t\t\t\t\t\tGrillad auberginekr\u00e4m p\u00e5 stekt s\u00f6tpotatis &#8211; s\u00e5 n\u00e4ra himlen&#8230;\t\t\t\t\t\t\t\t\t<\/a>\n\t\t\t\t\t\t\t\t<\/li>\n\t\t\t\t\t\t\t\t\t\t\t\t\t\t\t<li>\n\t\t\t\t\t\t\t\t\t<a href=\"https:\/\/www.stenmelin.se\/koket\/2011\/07\/grillad-citrus-gott-till-bade-grillat-kott-och-halstrad-fisk\/\">\n\t\t\t\t\t\t\t\t\t\tGrillad citrus &#8211; gott till b\u00e5de grillat k\u00f6tt och halstrad fisk\t\t\t\t\t\t\t\t\t<\/a>\n\t\t\t\t\t\t\t\t<\/li>\n\t\t\t\t\t\t\t\t\t\t\t\t\t\t\t<li>\n\t\t\t\t\t\t\t\t\t<a href=\"https:\/\/www.stenmelin.se\/koket\/2011\/07\/grillad-kronartskocka-en-riktig-hojdare-i-den-ljumma-sommarkvallen\/\">\n\t\t\t\t\t\t\t\t\t\tGrillad kron\u00e4rtskocka &#8211; en riktig h\u00f6jdare i den ljumma sommarkv\u00e4llen\t\t\t\t\t\t\t\t\t<\/a>\n\t\t\t\t\t\t\t\t<\/li>\n\t\t\t\t\t\t\t\t\t\t\t\t\t\t\t<li>\n\t\t\t\t\t\t\t\t\t<a href=\"https:\/\/www.stenmelin.se\/koket\/2007\/11\/grillad-algstek\/\">\n\t\t\t\t\t\t\t\t\t\tGrillad \u00e4lgstek\t\t\t\t\t\t\t\t\t<\/a>\n\t\t\t\t\t\t\t\t<\/li>\n\t\t\t\t\t\t\t\t\t\t\t\t\t\t\t<li>\n\t\t\t\t\t\t\t\t\t<a href=\"https:\/\/www.stenmelin.se\/koket\/2010\/09\/grillade-abborrfileer-grillad-fisk-ar-aldrig-fel\/\">\n\t\t\t\t\t\t\t\t\t\tGrillade abborrfil\u00e9er &#8211; grillad fisk \u00e4r aldrig fel\t\t\t\t\t\t\t\t\t<\/a>\n\t\t\t\t\t\t\t\t<\/li>\n\t\t\t\t\t\t\t\t\t\t\t\t\t\t\t<li>\n\t\t\t\t\t\t\t\t\t<a href=\"https:\/\/www.stenmelin.se\/koket\/2022\/01\/grillade-grisfotter-mat-for-gudar-och-kungligheter\/\">\n\t\t\t\t\t\t\t\t\t\tGrillade grisf\u00f6tter &#8211; mat f\u00f6r gudar och kungligheter\t\t\t\t\t\t\t\t\t<\/a>\n\t\t\t\t\t\t\t\t<\/li>\n\t\t\t\t\t\t\t\t\t\t\t\t\t\t\t<li>\n\t\t\t\t\t\t\t\t\t<a href=\"https:\/\/www.stenmelin.se\/koket\/2010\/09\/grillat-fiskrens-plockmat-vid-grillen\/\">\n\t\t\t\t\t\t\t\t\t\tGrillat fiskrens &#8211; plockmat vid grillen\t\t\t\t\t\t\t\t\t<\/a>\n\t\t\t\t\t\t\t\t<\/li>\n\t\t\t\t\t\t\t\t\t\t\t\t\t\t\t<li>\n\t\t\t\t\t\t\t\t\t<a href=\"https:\/\/www.stenmelin.se\/koket\/2008\/07\/grillat-helt-lamm-en-trevlig-heldagssyssla-som-med-latthet-engagerar-hela-bekantskapskretsen\/\">\n\t\t\t\t\t\t\t\t\t\tGrillat helt lamm &#8211; en trevlig heldagssyssla som med l\u00e4tthet engagerar hela bekantskapskretsen.\t\t\t\t\t\t\t\t\t<\/a>\n\t\t\t\t\t\t\t\t<\/li>\n\t\t\t\t\t\t\t\t\t\t\t\t\t\t\t<li>\n\t\t\t\t\t\t\t\t\t<a href=\"https:\/\/www.stenmelin.se\/koket\/2015\/05\/grillat-laxskinn-mums-pa-mackan\/\">\n\t\t\t\t\t\t\t\t\t\tGrillat laxskinn &#8211; mums p\u00e5 mackan\t\t\t\t\t\t\t\t\t<\/a>\n\t\t\t\t\t\t\t\t<\/li>\n\t\t\t\t\t\t\t\t\t\t\t\t\t\t\t<li>\n\t\t\t\t\t\t\t\t\t<a href=\"https:\/\/www.stenmelin.se\/koket\/2024\/07\/grillspett-med-mangomarinad\/\">\n\t\t\t\t\t\t\t\t\t\tGrillspett med mangomarinad*\t\t\t\t\t\t\t\t\t<\/a>\n\t\t\t\t\t\t\t\t<\/li>\n\t\t\t\t\t\t\t\t\t\t\t\t\t\t\t<li>\n\t\t\t\t\t\t\t\t\t<a href=\"https:\/\/www.stenmelin.se\/koket\/2009\/07\/grillstallning-till-helt-lamm-ritning-och-bilder-pa-en-enkel-grillstallning\/\">\n\t\t\t\t\t\t\t\t\t\tGrillst\u00e4llning till helt lamm &#8211; ritning och bilder p\u00e5 en enkel grillst\u00e4llning\t\t\t\t\t\t\t\t\t<\/a>\n\t\t\t\t\t\t\t\t<\/li>\n\t\t\t\t\t\t\t\t\t\t\t\t\t\t\t<li>\n\t\t\t\t\t\t\t\t\t<a href=\"https:\/\/www.stenmelin.se\/koket\/2008\/12\/grisfotsaladab-tradition-i-fornyelse-grisfotsaladab-med-kumquats\/\">\n\t\t\t\t\t\t\t\t\t\tGrisfotsalad\u00e5b &#8211; tradition i f\u00f6rnyelse; Grisfotsalad\u00e5b med kumquats\t\t\t\t\t\t\t\t\t<\/a>\n\t\t\t\t\t\t\t\t<\/li>\n\t\t\t\t\t\t\t\t\t\t\t\t\t\t\t<li>\n\t\t\t\t\t\t\t\t\t<a href=\"https:\/\/www.stenmelin.se\/koket\/2016\/10\/gryta-pa-bogflask\/\">\n\t\t\t\t\t\t\t\t\t\tGryta p\u00e5 bogfl\u00e4sk*\t\t\t\t\t\t\t\t\t<\/a>\n\t\t\t\t\t\t\t\t<\/li>\n\t\t\t\t\t\t\t\t\t\t\t\t\t\t\t<li>\n\t\t\t\t\t\t\t\t\t<a href=\"https:\/\/www.stenmelin.se\/koket\/2016\/12\/gryta-pa-musslor-och-rakor-gott-och-enkelt\/\">\n\t\t\t\t\t\t\t\t\t\tGryta p\u00e5 musslor och r\u00e4kor &#8211; gott och enkelt!\t\t\t\t\t\t\t\t\t<\/a>\n\t\t\t\t\t\t\t\t<\/li>\n\t\t\t\t\t\t\t\t\t\t\t\t\t\t\t<li>\n\t\t\t\t\t\t\t\t\t<a href=\"https:\/\/www.stenmelin.se\/koket\/2021\/04\/graddkokt-potatis-en-sorts-rastuvning\/\">\n\t\t\t\t\t\t\t\t\t\tGr\u00e4ddkokt potatis &#8211; en sorts r\u00e5stuvning\t\t\t\t\t\t\t\t\t<\/a>\n\t\t\t\t\t\t\t\t<\/li>\n\t\t\t\t\t\t\t\t\t\t\t\t\t\t\t<li>\n\t\t\t\t\t\t\t\t\t<a href=\"https:\/\/www.stenmelin.se\/koket\/2014\/05\/gron-pasta-mina-barns-absoluta-favoritpasta-barnsligt-enkel-att-tilllaga\/\">\n\t\t\t\t\t\t\t\t\t\tGr\u00f6n pasta &#8211; mina barns absoluta favoritpasta, barnsligt enkel att tillaga\t\t\t\t\t\t\t\t\t<\/a>\n\t\t\t\t\t\t\t\t<\/li>\n\t\t\t\t\t\t\t\t\t\t\t\t\t\t\t<li>\n\t\t\t\t\t\t\t\t\t<a href=\"https:\/\/www.stenmelin.se\/koket\/2017\/09\/gron-tomat-chutney-en-underbar-sot-sur-het-gucka-till-grillat\/\">\n\t\t\t\t\t\t\t\t\t\tGr\u00f6n tomat-chutney &#8211; en underbar s\u00f6t-sur-het gucka till grillat\t\t\t\t\t\t\t\t\t<\/a>\n\t\t\t\t\t\t\t\t<\/li>\n\t\t\t\t\t\t\t\t\t\t\t\t\t\t\t<li>\n\t\t\t\t\t\t\t\t\t<a href=\"https:\/\/www.stenmelin.se\/koket\/2017\/09\/gron-tomatmarmelad-overallt-dar-marmelad-kan-anvandas\/\">\n\t\t\t\t\t\t\t\t\t\tGr\u00f6n tomatmarmelad &#8211; \u00f6verallt d\u00e4r marmelad kan anv\u00e4ndas\t\t\t\t\t\t\t\t\t<\/a>\n\t\t\t\t\t\t\t\t<\/li>\n\t\t\t\t\t\t\t\t\t\t\t\t\t\t\t<li>\n\t\t\t\t\t\t\t\t\t<a href=\"https:\/\/www.stenmelin.se\/koket\/2020\/07\/gron-tomatmarmelad\/\">\n\t\t\t\t\t\t\t\t\t\tGr\u00f6n tomatmarmelad*\t\t\t\t\t\t\t\t\t<\/a>\n\t\t\t\t\t\t\t\t<\/li>\n\t\t\t\t\t\t\t\t\t\t\t\t\t\t\t<li>\n\t\t\t\t\t\t\t\t\t<a href=\"https:\/\/www.stenmelin.se\/koket\/2023\/08\/grona-tomater\/\">\n\t\t\t\t\t\t\t\t\t\tGr\u00f6na tomater*\t\t\t\t\t\t\t\t\t<\/a>\n\t\t\t\t\t\t\t\t<\/li>\n\t\t\t\t\t\t\t\t\t\t\t\t\t\t\t<li>\n\t\t\t\t\t\t\t\t\t<a href=\"https:\/\/www.stenmelin.se\/koket\/2008\/11\/gronsakssas-gronsaker-i-flytande-form-ar-inte-dumt-alls\/\">\n\t\t\t\t\t\t\t\t\t\tGr\u00f6nsakss\u00e5s &#8211; gr\u00f6nsaker i flytande form \u00e4r inte dumt alls\t\t\t\t\t\t\t\t\t<\/a>\n\t\t\t\t\t\t\t\t<\/li>\n\t\t\t\t\t\t\t\t\t\t\t\t\t\t\t<li>\n\t\t\t\t\t\t\t\t\t<a href=\"https:\/\/www.stenmelin.se\/koket\/2007\/11\/gronsallad\/\">\n\t\t\t\t\t\t\t\t\t\tGr\u00f6nsallad\t\t\t\t\t\t\t\t\t<\/a>\n\t\t\t\t\t\t\t\t<\/li>\n\t\t\t\t\t\t\t\t\t\t\t\t\t\t\t<li>\n\t\t\t\t\t\t\t\t\t<a href=\"https:\/\/www.stenmelin.se\/koket\/2025\/06\/gubbrora\/\">\n\t\t\t\t\t\t\t\t\t\tGubbr\u00f6ra*\t\t\t\t\t\t\t\t\t<\/a>\n\t\t\t\t\t\t\t\t<\/li>\n\t\t\t\t\t\t\t\t\t\t\t\t\t<\/ul>\n\t\t\t\t\t\t<div class=\"back-to-top\">\n\t\t\t\t\t\t\t<a href=\"#letters\">\n\t\t\t\t\t\t\t\tTillbaka till toppen\t\t\t\t\t\t\t<\/a>\n\t\t\t\t\t\t<\/div>\n\t\t\t\t\t<\/div>\n\t\t\t\t\t\t\t\t\t\t\t\t\t\t\t\t\t\t\t<div class=\"letter-section\"\n\t\t\t\t\t\tid=\"letter-H\">\n\t\t\t\t\t\t<h2 class=\"letter-title\">\n\t\t\t\t\t\t\t<span>\n\t\t\t\t\t\t\t\tH\t\t\t\t\t\t\t<\/span>\n\t\t\t\t\t\t<\/h2>\n\t\t\t\t\t\t\t\t\t\t\t\t<ul class=\"columns max-2-columns\">\n\t\t\t\t\t\t\t\t\t\t\t\t\t\t\t<li>\n\t\t\t\t\t\t\t\t\t<a href=\"https:\/\/www.stenmelin.se\/koket\/2009\/04\/halstrad-citronmarinerad-abborre\/\">\n\t\t\t\t\t\t\t\t\t\tHalstrad citronmarinerad abborre\t\t\t\t\t\t\t\t\t<\/a>\n\t\t\t\t\t\t\t\t<\/li>\n\t\t\t\t\t\t\t\t\t\t\t\t\t\t\t<li>\n\t\t\t\t\t\t\t\t\t<a href=\"https:\/\/www.stenmelin.se\/koket\/2013\/04\/halstrad-piggvar-gor-inte-som-jag\/\">\n\t\t\t\t\t\t\t\t\t\tHalstrad Piggvar &#8211; g\u00f6r inte som jag\t\t\t\t\t\t\t\t\t<\/a>\n\t\t\t\t\t\t\t\t<\/li>\n\t\t\t\t\t\t\t\t\t\t\t\t\t\t\t<li>\n\t\t\t\t\t\t\t\t\t<a href=\"https:\/\/www.stenmelin.se\/koket\/2014\/06\/halstrad-sea-bream-med-citronsmorsas-smaskens-varre\/\">\n\t\t\t\t\t\t\t\t\t\tHalstrad Sea bream med citronsm\u00f6rs\u00e5s &#8211; smaskens v\u00e4rre\t\t\t\t\t\t\t\t\t<\/a>\n\t\t\t\t\t\t\t\t<\/li>\n\t\t\t\t\t\t\t\t\t\t\t\t\t\t\t<li>\n\t\t\t\t\t\t\t\t\t<a href=\"https:\/\/www.stenmelin.se\/koket\/2017\/06\/havredrommar\/\">\n\t\t\t\t\t\t\t\t\t\tHavredr\u00f6mmar*\t\t\t\t\t\t\t\t\t<\/a>\n\t\t\t\t\t\t\t\t<\/li>\n\t\t\t\t\t\t\t\t\t\t\t\t\t\t\t<li>\n\t\t\t\t\t\t\t\t\t<a href=\"https:\/\/www.stenmelin.se\/koket\/2017\/06\/havregrynstarta\/\">\n\t\t\t\t\t\t\t\t\t\tHavregrynst\u00e5rta*\t\t\t\t\t\t\t\t\t<\/a>\n\t\t\t\t\t\t\t\t<\/li>\n\t\t\t\t\t\t\t\t\t\t\t\t\t\t\t<li>\n\t\t\t\t\t\t\t\t\t<a href=\"https:\/\/www.stenmelin.se\/koket\/2014\/09\/helgrillad-roding-med-dill-och-citronsmor-hur-latt-som-helst\/\">\n\t\t\t\t\t\t\t\t\t\tHelgrillad r\u00f6ding med dill och citronsm\u00f6r &#8211; hur l\u00e4tt som helst\t\t\t\t\t\t\t\t\t<\/a>\n\t\t\t\t\t\t\t\t<\/li>\n\t\t\t\t\t\t\t\t\t\t\t\t\t\t\t<li>\n\t\t\t\t\t\t\t\t\t<a href=\"https:\/\/www.stenmelin.se\/koket\/2014\/10\/helstekt-potatis-latt-att-gora-gott-att-ata\/\">\n\t\t\t\t\t\t\t\t\t\tHelstekt potatis &#8211; l\u00e4tt att g\u00f6ra, gott att \u00e4ta\t\t\t\t\t\t\t\t\t<\/a>\n\t\t\t\t\t\t\t\t<\/li>\n\t\t\t\t\t\t\t\t\t\t\t\t\t\t\t<li>\n\t\t\t\t\t\t\t\t\t<a href=\"https:\/\/www.stenmelin.se\/koket\/2010\/09\/hemburgare-ren-festmat\/\">\n\t\t\t\t\t\t\t\t\t\tHemburgare &#8211; ren festmat\t\t\t\t\t\t\t\t\t<\/a>\n\t\t\t\t\t\t\t\t<\/li>\n\t\t\t\t\t\t\t\t\t\t\t\t\t\t\t<li>\n\t\t\t\t\t\t\t\t\t<a href=\"https:\/\/www.stenmelin.se\/koket\/2008\/09\/heta-farsbiffar-varmer-i-hostrusket\/\">\n\t\t\t\t\t\t\t\t\t\tHeta f\u00e4rsbiffar &#8211; v\u00e4rmer i h\u00f6strusket\t\t\t\t\t\t\t\t\t<\/a>\n\t\t\t\t\t\t\t\t<\/li>\n\t\t\t\t\t\t\t\t\t\t\t\t\t\t\t<li>\n\t\t\t\t\t\t\t\t\t<a href=\"https:\/\/www.stenmelin.se\/koket\/2020\/07\/hirams-appelkaka\/\">\n\t\t\t\t\t\t\t\t\t\tHirams \u00e4ppelkaka*\t\t\t\t\t\t\t\t\t<\/a>\n\t\t\t\t\t\t\t\t<\/li>\n\t\t\t\t\t\t\t\t\t\t\t\t\t\t\t<li>\n\t\t\t\t\t\t\t\t\t<a href=\"https:\/\/www.stenmelin.se\/koket\/2008\/11\/hjortsadel-provencale-en-blodig-sadel-ar-svar-att-motsta\/\">\n\t\t\t\t\t\t\t\t\t\tHjortsadel provencale &#8211; en blodig sadel \u00e4r sv\u00e5r att motst\u00e5\t\t\t\t\t\t\t\t\t<\/a>\n\t\t\t\t\t\t\t\t<\/li>\n\t\t\t\t\t\t\t\t\t\t\t\t\t\t\t<li>\n\t\t\t\t\t\t\t\t\t<a href=\"https:\/\/www.stenmelin.se\/koket\/2013\/01\/honungs-och-chilibakad-rod-steklok-mumsiga-steklokar-sota-heta-och-delikata\/\">\n\t\t\t\t\t\t\t\t\t\tHonungs- och chilibakad r\u00f6d stekl\u00f6k &#8211; mumsiga stekl\u00f6kar s\u00f6ta, heta och delikata\t\t\t\t\t\t\t\t\t<\/a>\n\t\t\t\t\t\t\t\t<\/li>\n\t\t\t\t\t\t\t\t\t\t\t\t\t\t\t<li>\n\t\t\t\t\t\t\t\t\t<a href=\"https:\/\/www.stenmelin.se\/koket\/2010\/06\/humus-till-det-grillade\/\">\n\t\t\t\t\t\t\t\t\t\tHumus &#8211; till det grillade&#8230;\t\t\t\t\t\t\t\t\t<\/a>\n\t\t\t\t\t\t\t\t<\/li>\n\t\t\t\t\t\t\t\t\t\t\t\t\t\t\t<li>\n\t\t\t\t\t\t\t\t\t<a href=\"https:\/\/www.stenmelin.se\/koket\/2011\/12\/husets-mumma-en-lite-strav-och-laskande-klassiker\/\">\n\t\t\t\t\t\t\t\t\t\tHusets mumma &#8211; en lite str\u00e4v och l\u00e4skande klassiker\t\t\t\t\t\t\t\t\t<\/a>\n\t\t\t\t\t\t\t\t<\/li>\n\t\t\t\t\t\t\t\t\t\t\t\t\t\t\t<li>\n\t\t\t\t\t\t\t\t\t<a href=\"https:\/\/www.stenmelin.se\/koket\/2016\/10\/honssallad-med-curry\/\">\n\t\t\t\t\t\t\t\t\t\tH\u00f6nssallad med curry*\t\t\t\t\t\t\t\t\t<\/a>\n\t\t\t\t\t\t\t\t<\/li>\n\t\t\t\t\t\t\t\t\t\t\t\t\t\t\t<li>\n\t\t\t\t\t\t\t\t\t<a href=\"https:\/\/www.stenmelin.se\/koket\/2014\/10\/smacirtus-och-vindruvor-hostens-fruktskal\/\">\n\t\t\t\t\t\t\t\t\t\tH\u00f6stens fruktsk\u00e5l &#8211; sm\u00e5citrus och vindruvor\t\t\t\t\t\t\t\t\t<\/a>\n\t\t\t\t\t\t\t\t<\/li>\n\t\t\t\t\t\t\t\t\t\t\t\t\t<\/ul>\n\t\t\t\t\t\t<div class=\"back-to-top\">\n\t\t\t\t\t\t\t<a href=\"#letters\">\n\t\t\t\t\t\t\t\tTillbaka till toppen\t\t\t\t\t\t\t<\/a>\n\t\t\t\t\t\t<\/div>\n\t\t\t\t\t<\/div>\n\t\t\t\t\t\t\t\t\t\t\t\t\t\t\t\t\t\t\t<div class=\"letter-section\"\n\t\t\t\t\t\tid=\"letter-I\">\n\t\t\t\t\t\t<h2 class=\"letter-title\">\n\t\t\t\t\t\t\t<span>\n\t\t\t\t\t\t\t\tI\t\t\t\t\t\t\t<\/span>\n\t\t\t\t\t\t<\/h2>\n\t\t\t\t\t\t\t\t\t\t\t\t<ul class=\"columns max-2-columns\">\n\t\t\t\t\t\t\t\t\t\t\t\t\t\t\t<li>\n\t\t\t\t\t\t\t\t\t<a href=\"https:\/\/www.stenmelin.se\/koket\/2016\/10\/idas-mjuka-blabarskaka\/\">\n\t\t\t\t\t\t\t\t\t\tIdas mjuka bl\u00e5b\u00e4rskaka*\t\t\t\t\t\t\t\t\t<\/a>\n\t\t\t\t\t\t\t\t<\/li>\n\t\t\t\t\t\t\t\t\t\t\t\t\t\t\t<li>\n\t\t\t\t\t\t\t\t\t<a href=\"https:\/\/www.stenmelin.se\/koket\/2025\/06\/ingas-pepparkakor\/\">\n\t\t\t\t\t\t\t\t\t\tIngas pepparkakor*\t\t\t\t\t\t\t\t\t<\/a>\n\t\t\t\t\t\t\t\t<\/li>\n\t\t\t\t\t\t\t\t\t\t\t\t\t\t\t<li>\n\t\t\t\t\t\t\t\t\t<a href=\"https:\/\/www.stenmelin.se\/koket\/2015\/12\/ingefarssirap-ett-anvandbart-misslyckande\/\">\n\t\t\t\t\t\t\t\t\t\tIngef\u00e4rssirap &#8211; ett anv\u00e4ndbart misslyckande\t\t\t\t\t\t\t\t\t<\/a>\n\t\t\t\t\t\t\t\t<\/li>\n\t\t\t\t\t\t\t\t\t\t\t\t\t\t\t<li>\n\t\t\t\t\t\t\t\t\t<a href=\"https:\/\/www.stenmelin.se\/koket\/2016\/07\/ingefarsstekt-sikfile-norrbotten-pa-en-tallrik\/\">\n\t\t\t\t\t\t\t\t\t\tIngef\u00e4rsstekt sikfil\u00e9 &#8211; Norrbotten p\u00e5 en tallrik\t\t\t\t\t\t\t\t\t<\/a>\n\t\t\t\t\t\t\t\t<\/li>\n\t\t\t\t\t\t\t\t\t\t\t\t\t\t\t<li>\n\t\t\t\t\t\t\t\t\t<a href=\"https:\/\/www.stenmelin.se\/koket\/2025\/06\/ingrids-fisksoppa\/\">\n\t\t\t\t\t\t\t\t\t\tIngrids fisksoppa*\t\t\t\t\t\t\t\t\t<\/a>\n\t\t\t\t\t\t\t\t<\/li>\n\t\t\t\t\t\t\t\t\t\t\t\t\t\t\t<li>\n\t\t\t\t\t\t\t\t\t<a href=\"https:\/\/www.stenmelin.se\/koket\/2017\/06\/inkokta-rodbetor\/\">\n\t\t\t\t\t\t\t\t\t\tInkokta r\u00f6dbetor*\t\t\t\t\t\t\t\t\t<\/a>\n\t\t\t\t\t\t\t\t<\/li>\n\t\t\t\t\t\t\t\t\t\t\t\t\t\t\t<li>\n\t\t\t\t\t\t\t\t\t<a href=\"https:\/\/www.stenmelin.se\/koket\/2008\/01\/inlagd-gurka-enligt-margit-mycket-hallbar\/\">\n\t\t\t\t\t\t\t\t\t\tInlagd gurka enligt Margit &#8211; mycket h\u00e5llbar\t\t\t\t\t\t\t\t\t<\/a>\n\t\t\t\t\t\t\t\t<\/li>\n\t\t\t\t\t\t\t\t\t\t\t\t\t\t\t<li>\n\t\t\t\t\t\t\t\t\t<a href=\"https:\/\/www.stenmelin.se\/koket\/2017\/07\/inlagd-sill\/\">\n\t\t\t\t\t\t\t\t\t\tInlagd sill*\t\t\t\t\t\t\t\t\t<\/a>\n\t\t\t\t\t\t\t\t<\/li>\n\t\t\t\t\t\t\t\t\t\t\t\t\t\t\t<li>\n\t\t\t\t\t\t\t\t\t<a href=\"https:\/\/www.stenmelin.se\/koket\/2021\/03\/isterband-med-graddkokt-potatis\/\">\n\t\t\t\t\t\t\t\t\t\tIsterband med gr\u00e4ddkokt potatis\t\t\t\t\t\t\t\t\t<\/a>\n\t\t\t\t\t\t\t\t<\/li>\n\t\t\t\t\t\t\t\t\t\t\t\t\t\t\t<li>\n\t\t\t\t\t\t\t\t\t<a href=\"https:\/\/www.stenmelin.se\/koket\/2024\/07\/italiensk-kottfarssas\/\">\n\t\t\t\t\t\t\t\t\t\tItaliensk k\u00f6ttf\u00e4rss\u00e5s*\t\t\t\t\t\t\t\t\t<\/a>\n\t\t\t\t\t\t\t\t<\/li>\n\t\t\t\t\t\t\t\t\t\t\t\t\t\t\t<li>\n\t\t\t\t\t\t\t\t\t<a href=\"https:\/\/www.stenmelin.se\/koket\/2008\/01\/italienskt-lantbrod-ett-mycket-lattbakat-matbrod\/\">\n\t\t\t\t\t\t\t\t\t\tItalienskt lantbr\u00f6d 1 &#8211; ett mycket l\u00e4ttbakat matbr\u00f6d\t\t\t\t\t\t\t\t\t<\/a>\n\t\t\t\t\t\t\t\t<\/li>\n\t\t\t\t\t\t\t\t\t\t\t\t\t\t\t<li>\n\t\t\t\t\t\t\t\t\t<a href=\"https:\/\/www.stenmelin.se\/koket\/2016\/03\/italienskt-lantbrod-ett-langjast-godsak\/\">\n\t\t\t\t\t\t\t\t\t\tItalienskt lantbr\u00f6d 2 &#8211; en l\u00e5ngj\u00e4st godsak\t\t\t\t\t\t\t\t\t<\/a>\n\t\t\t\t\t\t\t\t<\/li>\n\t\t\t\t\t\t\t\t\t\t\t\t\t<\/ul>\n\t\t\t\t\t\t<div class=\"back-to-top\">\n\t\t\t\t\t\t\t<a href=\"#letters\">\n\t\t\t\t\t\t\t\tTillbaka till toppen\t\t\t\t\t\t\t<\/a>\n\t\t\t\t\t\t<\/div>\n\t\t\t\t\t<\/div>\n\t\t\t\t\t\t\t\t\t\t\t\t\t\t\t\t\t\t\t<div class=\"letter-section\"\n\t\t\t\t\t\tid=\"letter-J\">\n\t\t\t\t\t\t<h2 class=\"letter-title\">\n\t\t\t\t\t\t\t<span>\n\t\t\t\t\t\t\t\tJ\t\t\t\t\t\t\t<\/span>\n\t\t\t\t\t\t<\/h2>\n\t\t\t\t\t\t\t\t\t\t\t\t<ul class=\"columns max-2-columns\">\n\t\t\t\t\t\t\t\t\t\t\t\t\t\t\t<li>\n\t\t\t\t\t\t\t\t\t<a href=\"https:\/\/www.stenmelin.se\/koket\/2024\/07\/jimmys-drommar\/\">\n\t\t\t\t\t\t\t\t\t\tJimmys dr\u00f6mmar*\t\t\t\t\t\t\t\t\t<\/a>\n\t\t\t\t\t\t\t\t<\/li>\n\t\t\t\t\t\t\t\t\t\t\t\t\t\t\t<li>\n\t\t\t\t\t\t\t\t\t<a href=\"https:\/\/www.stenmelin.se\/koket\/2008\/01\/jordnotssas-gott-till-lammspett\/\">\n\t\t\t\t\t\t\t\t\t\tJordn\u00f6tss\u00e5s &#8211; gott till lammspett\t\t\t\t\t\t\t\t\t<\/a>\n\t\t\t\t\t\t\t\t<\/li>\n\t\t\t\t\t\t\t\t\t\t\t\t\t\t\t<li>\n\t\t\t\t\t\t\t\t\t<a href=\"https:\/\/www.stenmelin.se\/koket\/2020\/07\/jordnotssas\/\">\n\t\t\t\t\t\t\t\t\t\tJordn\u00f6tss\u00e5s*\t\t\t\t\t\t\t\t\t<\/a>\n\t\t\t\t\t\t\t\t<\/li>\n\t\t\t\t\t\t\t\t\t\t\t\t\t\t\t<li>\n\t\t\t\t\t\t\t\t\t<a href=\"https:\/\/www.stenmelin.se\/koket\/2011\/02\/jordartskockskram-ar-ett-sammetslent-tillbehor-till-kottratten\/\">\n\t\t\t\t\t\t\t\t\t\tJord\u00e4rtskockskr\u00e4m &#8211; \u00e4r ett sammetslent tillbeh\u00f6r till k\u00f6ttr\u00e4tten\t\t\t\t\t\t\t\t\t<\/a>\n\t\t\t\t\t\t\t\t<\/li>\n\t\t\t\t\t\t\t\t\t\t\t\t\t\t\t<li>\n\t\t\t\t\t\t\t\t\t<a href=\"https:\/\/www.stenmelin.se\/koket\/2008\/01\/jordartsskockssoppa\/\">\n\t\t\t\t\t\t\t\t\t\tJord\u00e4rtsskockssoppa\t\t\t\t\t\t\t\t\t<\/a>\n\t\t\t\t\t\t\t\t<\/li>\n\t\t\t\t\t\t\t\t\t\t\t\t\t\t\t<li>\n\t\t\t\t\t\t\t\t\t<a href=\"https:\/\/www.stenmelin.se\/koket\/2012\/12\/julbord-2011-tradition-i-forandring\/\">\n\t\t\t\t\t\t\t\t\t\tJulbord 2011 &#8211; tradition i f\u00f6r\u00e4ndring\t\t\t\t\t\t\t\t\t<\/a>\n\t\t\t\t\t\t\t\t<\/li>\n\t\t\t\t\t\t\t\t\t\t\t\t\t\t\t<li>\n\t\t\t\t\t\t\t\t\t<a href=\"https:\/\/www.stenmelin.se\/koket\/2008\/12\/julbordet-2008-tema-tradition-och-fornyelse\/\">\n\t\t\t\t\t\t\t\t\t\tJulbordet 2008, Tema &#8211; tradition och f\u00f6rnyelse\t\t\t\t\t\t\t\t\t<\/a>\n\t\t\t\t\t\t\t\t<\/li>\n\t\t\t\t\t\t\t\t\t\t\t\t\t\t\t<li>\n\t\t\t\t\t\t\t\t\t<a href=\"https:\/\/www.stenmelin.se\/koket\/2025\/06\/julbrod\/\">\n\t\t\t\t\t\t\t\t\t\tJulbr\u00f6d*\t\t\t\t\t\t\t\t\t<\/a>\n\t\t\t\t\t\t\t\t<\/li>\n\t\t\t\t\t\t\t\t\t\t\t\t\t\t\t<li>\n\t\t\t\t\t\t\t\t\t<a href=\"https:\/\/www.stenmelin.se\/koket\/2017\/02\/julkyssar\/\">\n\t\t\t\t\t\t\t\t\t\tJulkyssar*\t\t\t\t\t\t\t\t\t<\/a>\n\t\t\t\t\t\t\t\t<\/li>\n\t\t\t\t\t\t\t\t\t\t\t\t\t\t\t<li>\n\t\t\t\t\t\t\t\t\t<a href=\"https:\/\/www.stenmelin.se\/koket\/2015\/12\/julpralin-en-pralin-att-avnjuta-med-slutna-ogon\/\">\n\t\t\t\t\t\t\t\t\t\tJulpralin &#8211; en pralin att avnjuta med slutna \u00f6gon\t\t\t\t\t\t\t\t\t<\/a>\n\t\t\t\t\t\t\t\t<\/li>\n\t\t\t\t\t\t\t\t\t\t\t\t\t\t\t<li>\n\t\t\t\t\t\t\t\t\t<a href=\"https:\/\/www.stenmelin.se\/koket\/2017\/11\/jultarta-chokladtarta\/\">\n\t\t\t\t\t\t\t\t\t\tJult\u00e5rta &#8211; Chokladt\u00e5rta*\t\t\t\t\t\t\t\t\t<\/a>\n\t\t\t\t\t\t\t\t<\/li>\n\t\t\t\t\t\t\t\t\t\t\t\t\t\t\t<li>\n\t\t\t\t\t\t\t\t\t<a href=\"https:\/\/www.stenmelin.se\/koket\/2016\/10\/jastvafflor\/\">\n\t\t\t\t\t\t\t\t\t\tJ\u00e4stv\u00e5fflor*\t\t\t\t\t\t\t\t\t<\/a>\n\t\t\t\t\t\t\t\t<\/li>\n\t\t\t\t\t\t\t\t\t\t\t\t\t<\/ul>\n\t\t\t\t\t\t<div class=\"back-to-top\">\n\t\t\t\t\t\t\t<a href=\"#letters\">\n\t\t\t\t\t\t\t\tTillbaka till toppen\t\t\t\t\t\t\t<\/a>\n\t\t\t\t\t\t<\/div>\n\t\t\t\t\t<\/div>\n\t\t\t\t\t\t\t\t\t\t\t\t\t\t\t\t\t\t\t<div class=\"letter-section\"\n\t\t\t\t\t\tid=\"letter-K\">\n\t\t\t\t\t\t<h2 class=\"letter-title\">\n\t\t\t\t\t\t\t<span>\n\t\t\t\t\t\t\t\tK\t\t\t\t\t\t\t<\/span>\n\t\t\t\t\t\t<\/h2>\n\t\t\t\t\t\t\t\t\t\t\t\t<ul class=\"columns max-5-columns\">\n\t\t\t\t\t\t\t\t\t\t\t\t\t\t\t<li>\n\t\t\t\t\t\t\t\t\t<a href=\"https:\/\/www.stenmelin.se\/koket\/2017\/08\/kaffekakor-tassar\/\">\n\t\t\t\t\t\t\t\t\t\tKaffekakor, Tassar*\t\t\t\t\t\t\t\t\t<\/a>\n\t\t\t\t\t\t\t\t<\/li>\n\t\t\t\t\t\t\t\t\t\t\t\t\t\t\t<li>\n\t\t\t\t\t\t\t\t\t<a href=\"https:\/\/www.stenmelin.se\/koket\/2017\/08\/kalix-pepparkakor\/\">\n\t\t\t\t\t\t\t\t\t\tKalix pepparkakor*\t\t\t\t\t\t\t\t\t<\/a>\n\t\t\t\t\t\t\t\t<\/li>\n\t\t\t\t\t\t\t\t\t\t\t\t\t\t\t<li>\n\t\t\t\t\t\t\t\t\t<a href=\"https:\/\/www.stenmelin.se\/koket\/2025\/06\/kalkonschnitzel-med-potatissallad-och-apple-med-rodbetor\/\">\n\t\t\t\t\t\t\t\t\t\tKalkonschnitzel med potatissallad och \u00e4pple med r\u00f6dbetor*\t\t\t\t\t\t\t\t\t<\/a>\n\t\t\t\t\t\t\t\t<\/li>\n\t\t\t\t\t\t\t\t\t\t\t\t\t\t\t<li>\n\t\t\t\t\t\t\t\t\t<a href=\"https:\/\/www.stenmelin.se\/koket\/2008\/12\/kanel-och-ingefarsstromming-en-strommingsinlaggning-vars-like-du-aldrig-smakat\/\">\n\t\t\t\t\t\t\t\t\t\tKanel och ingef\u00e4rsstr\u00f6mming &#8211; en str\u00f6mmingsinl\u00e4ggning vars like du aldrig smakat\t\t\t\t\t\t\t\t\t<\/a>\n\t\t\t\t\t\t\t\t<\/li>\n\t\t\t\t\t\t\t\t\t\t\t\t\t\t\t<li>\n\t\t\t\t\t\t\t\t\t<a href=\"https:\/\/www.stenmelin.se\/koket\/2013\/01\/kardemummaskorpor-perfekta-doppaskorpor-naturella-eller-med-en-klick-marmelad\/\">\n\t\t\t\t\t\t\t\t\t\tKardemummaskorpor &#8211; perfekta doppaskorpor naturella eller med en klick marmelad\t\t\t\t\t\t\t\t\t<\/a>\n\t\t\t\t\t\t\t\t<\/li>\n\t\t\t\t\t\t\t\t\t\t\t\t\t\t\t<li>\n\t\t\t\t\t\t\t\t\t<a href=\"https:\/\/www.stenmelin.se\/koket\/2025\/06\/karins-adventskaka\/\">\n\t\t\t\t\t\t\t\t\t\tKarins adventskaka*\t\t\t\t\t\t\t\t\t<\/a>\n\t\t\t\t\t\t\t\t<\/li>\n\t\t\t\t\t\t\t\t\t\t\t\t\t\t\t<li>\n\t\t\t\t\t\t\t\t\t<a href=\"https:\/\/www.stenmelin.se\/koket\/2017\/06\/karl-xis-kringlor\/\">\n\t\t\t\t\t\t\t\t\t\tKarl XI:s kringlor*\t\t\t\t\t\t\t\t\t<\/a>\n\t\t\t\t\t\t\t\t<\/li>\n\t\t\t\t\t\t\t\t\t\t\t\t\t\t\t<li>\n\t\t\t\t\t\t\t\t\t<a href=\"https:\/\/www.stenmelin.se\/koket\/2008\/01\/kebab-med-renskav-en-nordsvensk-sydlanning-som-overraskar-renskavet-ger-kebaben-en-overlagsen-karaktar\/\">\n\t\t\t\t\t\t\t\t\t\tKebab med renskav &#8211; en nordsvensk sydl\u00e4nning som \u00f6verraskar, renskavet ger Kebaben en \u00f6verl\u00e4gsen karakt\u00e4r\t\t\t\t\t\t\t\t\t<\/a>\n\t\t\t\t\t\t\t\t<\/li>\n\t\t\t\t\t\t\t\t\t\t\t\t\t\t\t<li>\n\t\t\t\t\t\t\t\t\t<a href=\"https:\/\/www.stenmelin.se\/koket\/2025\/06\/kebabsas\/\">\n\t\t\t\t\t\t\t\t\t\tKebabs\u00e5s*\t\t\t\t\t\t\t\t\t<\/a>\n\t\t\t\t\t\t\t\t<\/li>\n\t\t\t\t\t\t\t\t\t\t\t\t\t\t\t<li>\n\t\t\t\t\t\t\t\t\t<a href=\"https:\/\/www.stenmelin.se\/koket\/2020\/07\/kerstins-sirapskakor\/\">\n\t\t\t\t\t\t\t\t\t\tKerstins sirapskakor*\t\t\t\t\t\t\t\t\t<\/a>\n\t\t\t\t\t\t\t\t<\/li>\n\t\t\t\t\t\t\t\t\t\t\t\t\t\t\t<li>\n\t\t\t\t\t\t\t\t\t<a href=\"https:\/\/www.stenmelin.se\/koket\/2015\/10\/kikartsbrod-saftigt-och-gott\/\">\n\t\t\t\t\t\t\t\t\t\tKik\u00e4rtsbr\u00f6d &#8211; saftigt och gott\t\t\t\t\t\t\t\t\t<\/a>\n\t\t\t\t\t\t\t\t<\/li>\n\t\t\t\t\t\t\t\t\t\t\t\t\t\t\t<li>\n\t\t\t\t\t\t\t\t\t<a href=\"https:\/\/www.stenmelin.se\/koket\/2008\/01\/kladdkaka-inte-det-mest-halsosamma-du-kan-vraka-i-dig-en-lordag-kvall\/\">\n\t\t\t\t\t\t\t\t\t\tKladdkaka &#8211; inte det mest h\u00e4lsosamma du kan vr\u00e4ka i dig en l\u00f6rdag kv\u00e4ll\t\t\t\t\t\t\t\t\t<\/a>\n\t\t\t\t\t\t\t\t<\/li>\n\t\t\t\t\t\t\t\t\t\t\t\t\t\t\t<li>\n\t\t\t\t\t\t\t\t\t<a href=\"https:\/\/www.stenmelin.se\/koket\/2025\/06\/kladdkaka\/\">\n\t\t\t\t\t\t\t\t\t\tKladdkaka*\t\t\t\t\t\t\t\t\t<\/a>\n\t\t\t\t\t\t\t\t<\/li>\n\t\t\t\t\t\t\t\t\t\t\t\t\t\t\t<li>\n\t\t\t\t\t\t\t\t\t<a href=\"https:\/\/www.stenmelin.se\/koket\/2013\/06\/klargravad-stromming-med-kanel-och-ingefara-tradition-i-fornyelse\/\">\n\t\t\t\t\t\t\t\t\t\tKlargravad str\u00f6mming med kanel och ingef\u00e4ra &#8211; tradition i f\u00f6rnyelse\t\t\t\t\t\t\t\t\t<\/a>\n\t\t\t\t\t\t\t\t<\/li>\n\t\t\t\t\t\t\t\t\t\t\t\t\t\t\t<li>\n\t\t\t\t\t\t\t\t\t<a href=\"https:\/\/www.stenmelin.se\/koket\/2017\/02\/klostergardens-kalaskakor\/\">\n\t\t\t\t\t\t\t\t\t\tKlosterg\u00e5rdens kalaskakor*\t\t\t\t\t\t\t\t\t<\/a>\n\t\t\t\t\t\t\t\t<\/li>\n\t\t\t\t\t\t\t\t\t\t\t\t\t\t\t<li>\n\t\t\t\t\t\t\t\t\t<a href=\"https:\/\/www.stenmelin.se\/koket\/2009\/09\/kladda-ett-mjukt-och-segt-tunnbrod-ur-vedeldad-ugn\/\">\n\t\t\t\t\t\t\t\t\t\tKl\u00e5dda &#8211; ett mjukt och segt tunnbr\u00f6d ur vedeldad ugn\t\t\t\t\t\t\t\t\t<\/a>\n\t\t\t\t\t\t\t\t<\/li>\n\t\t\t\t\t\t\t\t\t\t\t\t\t\t\t<li>\n\t\t\t\t\t\t\t\t\t<a href=\"https:\/\/www.stenmelin.se\/koket\/2017\/06\/koka-karameller\/\">\n\t\t\t\t\t\t\t\t\t\tKoka karameller*\t\t\t\t\t\t\t\t\t<\/a>\n\t\t\t\t\t\t\t\t<\/li>\n\t\t\t\t\t\t\t\t\t\t\t\t\t\t\t<li>\n\t\t\t\t\t\t\t\t\t<a href=\"https:\/\/www.stenmelin.se\/koket\/2008\/01\/kokosmjolk-oumbarlig-till-jordnotsasen\/\">\n\t\t\t\t\t\t\t\t\t\tKokosmj\u00f6lk &#8211; oumb\u00e4rlig till jordn\u00f6ts\u00e5sen\t\t\t\t\t\t\t\t\t<\/a>\n\t\t\t\t\t\t\t\t<\/li>\n\t\t\t\t\t\t\t\t\t\t\t\t\t\t\t<li>\n\t\t\t\t\t\t\t\t\t<a href=\"https:\/\/www.stenmelin.se\/koket\/2008\/01\/kokt-halleflundra-med-graddig-morot-och-fankalssas\/\">\n\t\t\t\t\t\t\t\t\t\tKokt H\u00e4lleflundra med gr\u00e4ddig morot och f\u00e4nk\u00e5lss\u00e5s\t\t\t\t\t\t\t\t\t<\/a>\n\t\t\t\t\t\t\t\t<\/li>\n\t\t\t\t\t\t\t\t\t\t\t\t\t\t\t<li>\n\t\t\t\t\t\t\t\t\t<a href=\"https:\/\/www.stenmelin.se\/koket\/2017\/06\/kokt-majonnas\/\">\n\t\t\t\t\t\t\t\t\t\tKokt majonn\u00e4s*\t\t\t\t\t\t\t\t\t<\/a>\n\t\t\t\t\t\t\t\t<\/li>\n\t\t\t\t\t\t\t\t\t\t\t\t\t\t\t<li>\n\t\t\t\t\t\t\t\t\t<a href=\"https:\/\/www.stenmelin.se\/koket\/2021\/04\/kokt-potatis-med-lardo-snabblunch\/\">\n\t\t\t\t\t\t\t\t\t\tKokt potatis med lardo &#8211; snabblunch\t\t\t\t\t\t\t\t\t<\/a>\n\t\t\t\t\t\t\t\t<\/li>\n\t\t\t\t\t\t\t\t\t\t\t\t\t\t\t<li>\n\t\t\t\t\t\t\t\t\t<a href=\"https:\/\/www.stenmelin.se\/koket\/2025\/06\/kolatarta\/\">\n\t\t\t\t\t\t\t\t\t\tKolat\u00e5rta*\t\t\t\t\t\t\t\t\t<\/a>\n\t\t\t\t\t\t\t\t<\/li>\n\t\t\t\t\t\t\t\t\t\t\t\t\t\t\t<li>\n\t\t\t\t\t\t\t\t\t<a href=\"https:\/\/www.stenmelin.se\/koket\/2017\/02\/korintkakor\/\">\n\t\t\t\t\t\t\t\t\t\tKorintkakor *\t\t\t\t\t\t\t\t\t<\/a>\n\t\t\t\t\t\t\t\t<\/li>\n\t\t\t\t\t\t\t\t\t\t\t\t\t\t\t<li>\n\t\t\t\t\t\t\t\t\t<a href=\"https:\/\/www.stenmelin.se\/koket\/2016\/11\/korv-och-skinklada\/\">\n\t\t\t\t\t\t\t\t\t\tKorv och skinkl\u00e5da*\t\t\t\t\t\t\t\t\t<\/a>\n\t\t\t\t\t\t\t\t<\/li>\n\t\t\t\t\t\t\t\t\t\t\t\t\t\t\t<li>\n\t\t\t\t\t\t\t\t\t<a href=\"https:\/\/www.stenmelin.se\/koket\/2021\/04\/korvkaka-korgnyn-och-lever-i-skon-forening\/\">\n\t\t\t\t\t\t\t\t\t\tKorvkaka &#8211; korngryn och lever i sk\u00f6n f\u00f6rening\t\t\t\t\t\t\t\t\t<\/a>\n\t\t\t\t\t\t\t\t<\/li>\n\t\t\t\t\t\t\t\t\t\t\t\t\t\t\t<li>\n\t\t\t\t\t\t\t\t\t<a href=\"https:\/\/www.stenmelin.se\/koket\/2007\/11\/korvsoppa-en-favorit-bland-barnen-matig-lattlagad-och-nastan-lika-snabb-som-en-pulversoppa\/\">\n\t\t\t\t\t\t\t\t\t\tKorvsoppa &#8211; en favorit bland barnen matig, l\u00e4ttlagad och n\u00e4stan lika snabb som en pulversoppa.\t\t\t\t\t\t\t\t\t<\/a>\n\t\t\t\t\t\t\t\t<\/li>\n\t\t\t\t\t\t\t\t\t\t\t\t\t\t\t<li>\n\t\t\t\t\t\t\t\t\t<a href=\"https:\/\/www.stenmelin.se\/koket\/2014\/10\/kossans-ragu-ragu-della-mucca\/\">\n\t\t\t\t\t\t\t\t\t\tKossans ragu &#8211; Ragu della Mucca\t\t\t\t\t\t\t\t\t<\/a>\n\t\t\t\t\t\t\t\t<\/li>\n\t\t\t\t\t\t\t\t\t\t\t\t\t\t\t<li>\n\t\t\t\t\t\t\t\t\t<a href=\"https:\/\/www.stenmelin.se\/koket\/2008\/01\/kronartskockor-pa-judiskt-vis-avnjutes-med-vitt-vin-och-ett-nybakt-vitt-brytbrod\/\">\n\t\t\t\t\t\t\t\t\t\tKron\u00e4rtskockor p\u00e5 judiskt vis &#8211; avnjutes med vitt vin och ett nybakt vitt brytbr\u00f6d\t\t\t\t\t\t\t\t\t<\/a>\n\t\t\t\t\t\t\t\t<\/li>\n\t\t\t\t\t\t\t\t\t\t\t\t\t\t\t<li>\n\t\t\t\t\t\t\t\t\t<a href=\"https:\/\/www.stenmelin.se\/koket\/2008\/11\/kryddpolenta-god-polenta-som-passar-utmarkt-till-viltkott\/\">\n\t\t\t\t\t\t\t\t\t\tKryddpolenta &#8211; god polenta som passar utm\u00e4rkt till viltk\u00f6tt\t\t\t\t\t\t\t\t\t<\/a>\n\t\t\t\t\t\t\t\t<\/li>\n\t\t\t\t\t\t\t\t\t\t\t\t\t\t\t<li>\n\t\t\t\t\t\t\t\t\t<a href=\"https:\/\/www.stenmelin.se\/koket\/2008\/01\/kraftsoppa-en-spannande-soppa-bade-som-forratt-och-huvudratt\/\">\n\t\t\t\t\t\t\t\t\t\tKr\u00e4ftsoppa &#8211; en sp\u00e4nnande soppa b\u00e5de som f\u00f6rr\u00e4tt och huvudr\u00e4tt\t\t\t\t\t\t\t\t\t<\/a>\n\t\t\t\t\t\t\t\t<\/li>\n\t\t\t\t\t\t\t\t\t\t\t\t\t\t\t<li>\n\t\t\t\t\t\t\t\t\t<a href=\"https:\/\/www.stenmelin.se\/koket\/2017\/07\/kraftstromming\/\">\n\t\t\t\t\t\t\t\t\t\tKr\u00e4ftstr\u00f6mming*\t\t\t\t\t\t\t\t\t<\/a>\n\t\t\t\t\t\t\t\t<\/li>\n\t\t\t\t\t\t\t\t\t\t\t\t\t\t\t<li>\n\t\t\t\t\t\t\t\t\t<a href=\"https:\/\/www.stenmelin.se\/koket\/2011\/03\/kramiga-emmerkorn-ett-alternativ-till-risotto\/\">\n\t\t\t\t\t\t\t\t\t\tKr\u00e4miga emmerkorn &#8211; ett alternativ till risotto\t\t\t\t\t\t\t\t\t<\/a>\n\t\t\t\t\t\t\t\t<\/li>\n\t\t\t\t\t\t\t\t\t\t\t\t\t\t\t<li>\n\t\t\t\t\t\t\t\t\t<a href=\"https:\/\/www.stenmelin.se\/koket\/2020\/07\/kubbar\/\">\n\t\t\t\t\t\t\t\t\t\tKubbar*\t\t\t\t\t\t\t\t\t<\/a>\n\t\t\t\t\t\t\t\t<\/li>\n\t\t\t\t\t\t\t\t\t\t\t\t\t\t\t<li>\n\t\t\t\t\t\t\t\t\t<a href=\"https:\/\/www.stenmelin.se\/koket\/2017\/11\/kumminstanger\/\">\n\t\t\t\t\t\t\t\t\t\tKumminst\u00e4nger*\t\t\t\t\t\t\t\t\t<\/a>\n\t\t\t\t\t\t\t\t<\/li>\n\t\t\t\t\t\t\t\t\t\t\t\t\t\t\t<li>\n\t\t\t\t\t\t\t\t\t<a href=\"https:\/\/www.stenmelin.se\/koket\/2017\/06\/kungens-hjartan\/\">\n\t\t\t\t\t\t\t\t\t\tKungens hj\u00e4rtan*\t\t\t\t\t\t\t\t\t<\/a>\n\t\t\t\t\t\t\t\t<\/li>\n\t\t\t\t\t\t\t\t\t\t\t\t\t\t\t<li>\n\t\t\t\t\t\t\t\t\t<a href=\"https:\/\/www.stenmelin.se\/koket\/2008\/03\/kuvertbrod-rosette-piccole-ett-italiensk-bagarrecept-som-ger-ett-extremt-gott-kuvertbrod\/\">\n\t\t\t\t\t\t\t\t\t\tKuvertbr\u00f6d (Rosette piccole) &#8211; ett Italiensk bagarrecept som ger ett extremt gott kuvertbr\u00f6d\t\t\t\t\t\t\t\t\t<\/a>\n\t\t\t\t\t\t\t\t<\/li>\n\t\t\t\t\t\t\t\t\t\t\t\t\t\t\t<li>\n\t\t\t\t\t\t\t\t\t<a href=\"https:\/\/www.stenmelin.se\/koket\/2025\/06\/kuvertbrod\/\">\n\t\t\t\t\t\t\t\t\t\tKuvertbr\u00f6d*\t\t\t\t\t\t\t\t\t<\/a>\n\t\t\t\t\t\t\t\t<\/li>\n\t\t\t\t\t\t\t\t\t\t\t\t\t\t\t<li>\n\t\t\t\t\t\t\t\t\t<a href=\"https:\/\/www.stenmelin.se\/koket\/2025\/06\/kyckling-och-avokadosallad\/\">\n\t\t\t\t\t\t\t\t\t\tKyckling och avokadosallad*\t\t\t\t\t\t\t\t\t<\/a>\n\t\t\t\t\t\t\t\t<\/li>\n\t\t\t\t\t\t\t\t\t\t\t\t\t\t\t<li>\n\t\t\t\t\t\t\t\t\t<a href=\"https:\/\/www.stenmelin.se\/koket\/2023\/08\/kycklinggryta\/\">\n\t\t\t\t\t\t\t\t\t\tKycklinggryta*\t\t\t\t\t\t\t\t\t<\/a>\n\t\t\t\t\t\t\t\t<\/li>\n\t\t\t\t\t\t\t\t\t\t\t\t\t\t\t<li>\n\t\t\t\t\t\t\t\t\t<a href=\"https:\/\/www.stenmelin.se\/koket\/2016\/10\/kycklingpaj\/\">\n\t\t\t\t\t\t\t\t\t\tKycklingpaj*\t\t\t\t\t\t\t\t\t<\/a>\n\t\t\t\t\t\t\t\t<\/li>\n\t\t\t\t\t\t\t\t\t\t\t\t\t\t\t<li>\n\t\t\t\t\t\t\t\t\t<a href=\"https:\/\/www.stenmelin.se\/koket\/2010\/06\/korsbarstomat-i-mangodressing-valdigt-gott-till-det-grillade-kottet\/\">\n\t\t\t\t\t\t\t\t\t\tK\u00f6rsb\u00e4rstomat i mangodressing &#8211; v\u00e4ldigt gott till det grillade k\u00f6ttet\t\t\t\t\t\t\t\t\t<\/a>\n\t\t\t\t\t\t\t\t<\/li>\n\t\t\t\t\t\t\t\t\t\t\t\t\t\t\t<li>\n\t\t\t\t\t\t\t\t\t<a href=\"https:\/\/www.stenmelin.se\/koket\/2015\/05\/korsbarstomater-friterade-och-torkade-en-tomat-som-pryder-vilken-tallrik-som-helst\/\">\n\t\t\t\t\t\t\t\t\t\tK\u00f6rsb\u00e4rstomater, friterade och torkade &#8211; en tomat som pryder vilken tallrik som helst\t\t\t\t\t\t\t\t\t<\/a>\n\t\t\t\t\t\t\t\t<\/li>\n\t\t\t\t\t\t\t\t\t\t\t\t\t\t\t<li>\n\t\t\t\t\t\t\t\t\t<a href=\"https:\/\/www.stenmelin.se\/koket\/2010\/01\/korsbarstomatsas-snabb-och-enkel-tomatsas\/\">\n\t\t\t\t\t\t\t\t\t\tK\u00f6rsb\u00e4rstomats\u00e5s &#8211; snabb och enkel tomats\u00e5s\t\t\t\t\t\t\t\t\t<\/a>\n\t\t\t\t\t\t\t\t<\/li>\n\t\t\t\t\t\t\t\t\t\t\t\t\t\t\t<li>\n\t\t\t\t\t\t\t\t\t<a href=\"https:\/\/www.stenmelin.se\/koket\/2016\/10\/kottfarssas\/\">\n\t\t\t\t\t\t\t\t\t\tK\u00f6ttf\u00e4rss\u00e5s*\t\t\t\t\t\t\t\t\t<\/a>\n\t\t\t\t\t\t\t\t<\/li>\n\t\t\t\t\t\t\t\t\t\t\t\t\t\t\t<li>\n\t\t\t\t\t\t\t\t\t<a href=\"https:\/\/www.stenmelin.se\/koket\/2013\/11\/kottsoppa-en-ruggigt-god-kottsoppa-att-varma-sig-med-i-hostkylan\/\">\n\t\t\t\t\t\t\t\t\t\tK\u00f6ttsoppa &#8211; en ruggigt god k\u00f6ttsoppa att v\u00e4rma sig med i h\u00f6stkylan\t\t\t\t\t\t\t\t\t<\/a>\n\t\t\t\t\t\t\t\t<\/li>\n\t\t\t\t\t\t\t\t\t\t\t\t\t<\/ul>\n\t\t\t\t\t\t<div class=\"back-to-top\">\n\t\t\t\t\t\t\t<a href=\"#letters\">\n\t\t\t\t\t\t\t\tTillbaka till toppen\t\t\t\t\t\t\t<\/a>\n\t\t\t\t\t\t<\/div>\n\t\t\t\t\t<\/div>\n\t\t\t\t\t\t\t\t\t\t\t\t\t\t\t\t\t\t\t<div class=\"letter-section\"\n\t\t\t\t\t\tid=\"letter-L\">\n\t\t\t\t\t\t<h2 class=\"letter-title\">\n\t\t\t\t\t\t\t<span>\n\t\t\t\t\t\t\t\tL\t\t\t\t\t\t\t<\/span>\n\t\t\t\t\t\t<\/h2>\n\t\t\t\t\t\t\t\t\t\t\t\t<ul class=\"columns max-4-columns\">\n\t\t\t\t\t\t\t\t\t\t\t\t\t\t\t<li>\n\t\t\t\t\t\t\t\t\t<a href=\"https:\/\/www.stenmelin.se\/koket\/2008\/02\/l-osso-buco-en-italiensk-klassiker\/\">\n\t\t\t\t\t\t\t\t\t\tL&#8217; osso buco con la polenta &#8211; en italiensk klassiker\t\t\t\t\t\t\t\t\t<\/a>\n\t\t\t\t\t\t\t\t<\/li>\n\t\t\t\t\t\t\t\t\t\t\t\t\t\t\t<li>\n\t\t\t\t\t\t\t\t\t<a href=\"https:\/\/www.stenmelin.se\/koket\/2017\/11\/lakritssnittar-mums-till-kaffet\/\">\n\t\t\t\t\t\t\t\t\t\tLakritssnittar &#8211; mums till kaffet\t\t\t\t\t\t\t\t\t<\/a>\n\t\t\t\t\t\t\t\t<\/li>\n\t\t\t\t\t\t\t\t\t\t\t\t\t\t\t<li>\n\t\t\t\t\t\t\t\t\t<a href=\"https:\/\/www.stenmelin.se\/koket\/2020\/09\/lammfarsbiffar-hostmums\/\">\n\t\t\t\t\t\t\t\t\t\tLammf\u00e4rsbiffar &#8211; h\u00f6stmums\t\t\t\t\t\t\t\t\t<\/a>\n\t\t\t\t\t\t\t\t<\/li>\n\t\t\t\t\t\t\t\t\t\t\t\t\t\t\t<li>\n\t\t\t\t\t\t\t\t\t<a href=\"https:\/\/www.stenmelin.se\/koket\/2015\/11\/lammlagg-i-vacumpase-sjunger-langsamhetens-lov\/\">\n\t\t\t\t\t\t\t\t\t\tLamml\u00e4gg i vacump\u00e5se &#8211; sjunger l\u00e5ngsamhetens lov\t\t\t\t\t\t\t\t\t<\/a>\n\t\t\t\t\t\t\t\t<\/li>\n\t\t\t\t\t\t\t\t\t\t\t\t\t\t\t<li>\n\t\t\t\t\t\t\t\t\t<a href=\"https:\/\/www.stenmelin.se\/koket\/2007\/11\/lammnackesoppa-en-mild-kottsoppa-en-kall-hostkvall\/\">\n\t\t\t\t\t\t\t\t\t\tLammnackesoppa &#8211; en mild k\u00f6ttsoppa en kall h\u00f6stkv\u00e4ll\t\t\t\t\t\t\t\t\t<\/a>\n\t\t\t\t\t\t\t\t<\/li>\n\t\t\t\t\t\t\t\t\t\t\t\t\t\t\t<li>\n\t\t\t\t\t\t\t\t\t<a href=\"https:\/\/www.stenmelin.se\/koket\/2021\/04\/lammsadel-i-ugn\/\">\n\t\t\t\t\t\t\t\t\t\tLammsadel i ugn\t\t\t\t\t\t\t\t\t<\/a>\n\t\t\t\t\t\t\t\t<\/li>\n\t\t\t\t\t\t\t\t\t\t\t\t\t\t\t<li>\n\t\t\t\t\t\t\t\t\t<a href=\"https:\/\/www.stenmelin.se\/koket\/2018\/02\/lammsoppa-en-len-kottsoppa-i-vintermorkret\/\">\n\t\t\t\t\t\t\t\t\t\tLammsoppa &#8211; en len k\u00f6ttsoppa i vinterm\u00f6rkret\t\t\t\t\t\t\t\t\t<\/a>\n\t\t\t\t\t\t\t\t<\/li>\n\t\t\t\t\t\t\t\t\t\t\t\t\t\t\t<li>\n\t\t\t\t\t\t\t\t\t<a href=\"https:\/\/www.stenmelin.se\/koket\/2008\/03\/lammstek-med-potatis-agnello-alla-pugliese-lattlagad-och-sanslost-god-lammstek\/\">\n\t\t\t\t\t\t\t\t\t\tLammstek med potatis (Agnello alla pugliese) &#8211;  l\u00e4ttlagad och sansl\u00f6st god lammstek\t\t\t\t\t\t\t\t\t<\/a>\n\t\t\t\t\t\t\t\t<\/li>\n\t\t\t\t\t\t\t\t\t\t\t\t\t\t\t<li>\n\t\t\t\t\t\t\t\t\t<a href=\"https:\/\/www.stenmelin.se\/koket\/2013\/04\/lammtunga-med-svampsas-och-pressad-potatis-den-traditionella-juldagsmiddagen\/\">\n\t\t\t\t\t\t\t\t\t\tLammtunga med svamps\u00e5s och pressad potatis &#8211; den traditionella juldagsmiddagen\t\t\t\t\t\t\t\t\t<\/a>\n\t\t\t\t\t\t\t\t<\/li>\n\t\t\t\t\t\t\t\t\t\t\t\t\t\t\t<li>\n\t\t\t\t\t\t\t\t\t<a href=\"https:\/\/www.stenmelin.se\/koket\/2016\/03\/lammytterfile-med-chilirakor-en-kombo-du-saknat-lange\/\">\n\t\t\t\t\t\t\t\t\t\tLammytterfil\u00e9 med chilir\u00e4kor &#8211; en kombo du saknat l\u00e4nge!!\t\t\t\t\t\t\t\t\t<\/a>\n\t\t\t\t\t\t\t\t<\/li>\n\t\t\t\t\t\t\t\t\t\t\t\t\t\t\t<li>\n\t\t\t\t\t\t\t\t\t<a href=\"https:\/\/www.stenmelin.se\/koket\/2025\/06\/lax-med-rosa-sas\/\">\n\t\t\t\t\t\t\t\t\t\tLax med rosa s\u00e5s*\t\t\t\t\t\t\t\t\t<\/a>\n\t\t\t\t\t\t\t\t<\/li>\n\t\t\t\t\t\t\t\t\t\t\t\t\t\t\t<li>\n\t\t\t\t\t\t\t\t\t<a href=\"https:\/\/www.stenmelin.se\/koket\/2025\/06\/lax-och-kraftgryta\/\">\n\t\t\t\t\t\t\t\t\t\tLax och kr\u00e4ftgryta*\t\t\t\t\t\t\t\t\t<\/a>\n\t\t\t\t\t\t\t\t<\/li>\n\t\t\t\t\t\t\t\t\t\t\t\t\t\t\t<li>\n\t\t\t\t\t\t\t\t\t<a href=\"https:\/\/www.stenmelin.se\/koket\/2025\/06\/laxmedaljonger-med-kraftsas\/\">\n\t\t\t\t\t\t\t\t\t\tLaxmedaljonger med kr\u00e4fts\u00e5s*\t\t\t\t\t\t\t\t\t<\/a>\n\t\t\t\t\t\t\t\t<\/li>\n\t\t\t\t\t\t\t\t\t\t\t\t\t\t\t<li>\n\t\t\t\t\t\t\t\t\t<a href=\"https:\/\/www.stenmelin.se\/koket\/2013\/09\/laxrens-under-grillen-i-sanning-ett-naturens-under\/\">\n\t\t\t\t\t\t\t\t\t\tLaxrens under grillen &#8211; i sanning ett naturens under\t\t\t\t\t\t\t\t\t<\/a>\n\t\t\t\t\t\t\t\t<\/li>\n\t\t\t\t\t\t\t\t\t\t\t\t\t\t\t<li>\n\t\t\t\t\t\t\t\t\t<a href=\"https:\/\/www.stenmelin.se\/koket\/2016\/07\/laxsoppa-norrbotten-pa-en-tallrik\/\">\n\t\t\t\t\t\t\t\t\t\tLaxsoppa &#8211; Norrbotten p\u00e5 en tallrik\t\t\t\t\t\t\t\t\t<\/a>\n\t\t\t\t\t\t\t\t<\/li>\n\t\t\t\t\t\t\t\t\t\t\t\t\t\t\t<li>\n\t\t\t\t\t\t\t\t\t<a href=\"https:\/\/www.stenmelin.se\/koket\/2010\/08\/lemonad-en-laskande-lite-rivig-dryck-i-bersan\/\">\n\t\t\t\t\t\t\t\t\t\tLemonad &#8211; en l\u00e4skande lite rivig dryck i bers\u00e5n\t\t\t\t\t\t\t\t\t<\/a>\n\t\t\t\t\t\t\t\t<\/li>\n\t\t\t\t\t\t\t\t\t\t\t\t\t\t\t<li>\n\t\t\t\t\t\t\t\t\t<a href=\"https:\/\/www.stenmelin.se\/koket\/2017\/07\/lensbergs-nottarta\/\">\n\t\t\t\t\t\t\t\t\t\tLensbergs n\u00f6tt\u00e5rta*\t\t\t\t\t\t\t\t\t<\/a>\n\t\t\t\t\t\t\t\t<\/li>\n\t\t\t\t\t\t\t\t\t\t\t\t\t\t\t<li>\n\t\t\t\t\t\t\t\t\t<a href=\"https:\/\/www.stenmelin.se\/koket\/2007\/12\/lever-och-broccolipasta-denna-pasta-ater-mina-levervagrande-tonaringar-med-fortjusning-en-av-livets-gator\/\">\n\t\t\t\t\t\t\t\t\t\tLever och broccolipasta &#8211; denna pasta \u00e4ter mina leverv\u00e4grande ton\u00e5ringar med f\u00f6rtjusning, en av livets g\u00e5tor\t\t\t\t\t\t\t\t\t<\/a>\n\t\t\t\t\t\t\t\t<\/li>\n\t\t\t\t\t\t\t\t\t\t\t\t\t\t\t<li>\n\t\t\t\t\t\t\t\t\t<a href=\"https:\/\/www.stenmelin.se\/koket\/2022\/10\/leverbiff-en-ny-typ-av-burgare\/\">\n\t\t\t\t\t\t\t\t\t\tLeverbiff &#8211; en ny typ av burgare\t\t\t\t\t\t\t\t\t<\/a>\n\t\t\t\t\t\t\t\t<\/li>\n\t\t\t\t\t\t\t\t\t\t\t\t\t\t\t<li>\n\t\t\t\t\t\t\t\t\t<a href=\"https:\/\/www.stenmelin.se\/koket\/2017\/07\/leverbiff\/\">\n\t\t\t\t\t\t\t\t\t\tLeverbiff*\t\t\t\t\t\t\t\t\t<\/a>\n\t\t\t\t\t\t\t\t<\/li>\n\t\t\t\t\t\t\t\t\t\t\t\t\t\t\t<li>\n\t\t\t\t\t\t\t\t\t<a href=\"https:\/\/www.stenmelin.se\/koket\/2009\/05\/leverpalt-en-paltvariat-med-underbar-len-leversmak\/\">\n\t\t\t\t\t\t\t\t\t\tLeverpalt &#8211; en paltvariat med underbar len leversmak\t\t\t\t\t\t\t\t\t<\/a>\n\t\t\t\t\t\t\t\t<\/li>\n\t\t\t\t\t\t\t\t\t\t\t\t\t\t\t<li>\n\t\t\t\t\t\t\t\t\t<a href=\"https:\/\/www.stenmelin.se\/koket\/2014\/06\/lingon-och-blabarsbakelse-aterupplev-hosten-aret-om\/\">\n\t\t\t\t\t\t\t\t\t\tLingon och bl\u00e5b\u00e4rsbakelse &#8211; \u00e5terupplev h\u00f6sten \u00e5ret om\t\t\t\t\t\t\t\t\t<\/a>\n\t\t\t\t\t\t\t\t<\/li>\n\t\t\t\t\t\t\t\t\t\t\t\t\t\t\t<li>\n\t\t\t\t\t\t\t\t\t<a href=\"https:\/\/www.stenmelin.se\/koket\/2010\/07\/lingonglass-med-maranger-hemgjord-glass-oslagbart\/\">\n\t\t\t\t\t\t\t\t\t\tLingonglass med mar\u00e4nger &#8211; hemgjord glass, oslagbart\t\t\t\t\t\t\t\t\t<\/a>\n\t\t\t\t\t\t\t\t<\/li>\n\t\t\t\t\t\t\t\t\t\t\t\t\t\t\t<li>\n\t\t\t\t\t\t\t\t\t<a href=\"https:\/\/www.stenmelin.se\/koket\/2023\/08\/lingonkaka\/\">\n\t\t\t\t\t\t\t\t\t\tLingonkaka*\t\t\t\t\t\t\t\t\t<\/a>\n\t\t\t\t\t\t\t\t<\/li>\n\t\t\t\t\t\t\t\t\t\t\t\t\t\t\t<li>\n\t\t\t\t\t\t\t\t\t<a href=\"https:\/\/www.stenmelin.se\/koket\/2008\/12\/lingonkokta-svartrotter-en-overraskande-delikatess\/\">\n\t\t\t\t\t\t\t\t\t\tLingonkokta svartr\u00f6tter &#8211; en \u00f6verraskande delikatess\t\t\t\t\t\t\t\t\t<\/a>\n\t\t\t\t\t\t\t\t<\/li>\n\t\t\t\t\t\t\t\t\t\t\t\t\t\t\t<li>\n\t\t\t\t\t\t\t\t\t<a href=\"https:\/\/www.stenmelin.se\/koket\/2011\/02\/lingonpure-hostens-roda-guld-i-annorlunda-form\/\">\n\t\t\t\t\t\t\t\t\t\tLingonpur\u00e9 &#8211; h\u00f6stens r\u00f6da guld i annorlunda form\t\t\t\t\t\t\t\t\t<\/a>\n\t\t\t\t\t\t\t\t<\/li>\n\t\t\t\t\t\t\t\t\t\t\t\t\t\t\t<li>\n\t\t\t\t\t\t\t\t\t<a href=\"https:\/\/www.stenmelin.se\/koket\/2015\/12\/linguine-ai-frutti-di-mare-skaldjurspasta-en-vardagslyx\/\">\n\t\t\t\t\t\t\t\t\t\tLinguine ai frutti di mare &#8211; skaldjurspasta, en vardagslyx\t\t\t\t\t\t\t\t\t<\/a>\n\t\t\t\t\t\t\t\t<\/li>\n\t\t\t\t\t\t\t\t\t\t\t\t\t\t\t<li>\n\t\t\t\t\t\t\t\t\t<a href=\"https:\/\/www.stenmelin.se\/koket\/2014\/09\/linguine-alle-vongole-ett-naturens-under\/\">\n\t\t\t\t\t\t\t\t\t\tLinguine alle vongole &#8211; ett naturens under\t\t\t\t\t\t\t\t\t<\/a>\n\t\t\t\t\t\t\t\t<\/li>\n\t\t\t\t\t\t\t\t\t\t\t\t\t\t\t<li>\n\t\t\t\t\t\t\t\t\t<a href=\"https:\/\/www.stenmelin.se\/koket\/2017\/08\/lackra-chokladknack\/\">\n\t\t\t\t\t\t\t\t\t\tL\u00e4ckra chokladkn\u00e4ck*\t\t\t\t\t\t\t\t\t<\/a>\n\t\t\t\t\t\t\t\t<\/li>\n\t\t\t\t\t\t\t\t\t\t\t\t\t\t\t<li>\n\t\t\t\t\t\t\t\t\t<a href=\"https:\/\/www.stenmelin.se\/koket\/2017\/06\/lackra-paskbitar\/\">\n\t\t\t\t\t\t\t\t\t\tL\u00e4ckra p\u00e5skbitar*\t\t\t\t\t\t\t\t\t<\/a>\n\t\t\t\t\t\t\t\t<\/li>\n\t\t\t\t\t\t\t\t\t\t\t\t\t\t\t<li>\n\t\t\t\t\t\t\t\t\t<a href=\"https:\/\/www.stenmelin.se\/koket\/2020\/07\/lattrimmad-karre-med-citronsas-och-spenat\/\">\n\t\t\t\t\t\t\t\t\t\tL\u00e4ttrimmad karr\u00e9 med citrons\u00e5s och spenat*\t\t\t\t\t\t\t\t\t<\/a>\n\t\t\t\t\t\t\t\t<\/li>\n\t\t\t\t\t\t\t\t\t\t\t\t\t\t\t<li>\n\t\t\t\t\t\t\t\t\t<a href=\"https:\/\/www.stenmelin.se\/koket\/2011\/02\/langkokt-lamm-langkokt-kott-ar-bland-det-godaste-som-gar-att-ata\/\">\n\t\t\t\t\t\t\t\t\t\tL\u00e5ngkokt lamm &#8211; l\u00e5ngkokt k\u00f6tt \u00e4r bland det godaste som g\u00e5r att \u00e4ta\t\t\t\t\t\t\t\t\t<\/a>\n\t\t\t\t\t\t\t\t<\/li>\n\t\t\t\t\t\t\t\t\t\t\t\t\t\t\t<li>\n\t\t\t\t\t\t\t\t\t<a href=\"https:\/\/www.stenmelin.se\/koket\/2011\/04\/langsamt-lamm-en-mjuk-och-extremt-saftig-lammstek\/\">\n\t\t\t\t\t\t\t\t\t\tL\u00e5ngsamt lamm &#8211; en mjuk och extremt saftig lammstek\t\t\t\t\t\t\t\t\t<\/a>\n\t\t\t\t\t\t\t\t<\/li>\n\t\t\t\t\t\t\t\t\t\t\t\t\t\t\t<li>\n\t\t\t\t\t\t\t\t\t<a href=\"https:\/\/www.stenmelin.se\/koket\/2011\/12\/langsamt-ugnsbakade-korsbarstomater-supergoda-tomater-med-koncentrerad-smak\/\">\n\t\t\t\t\t\t\t\t\t\tL\u00e5ngsamt ugnsbakade k\u00f6rsb\u00e4rstomater &#8211; supergoda tomater med koncentrerad smak\t\t\t\t\t\t\t\t\t<\/a>\n\t\t\t\t\t\t\t\t<\/li>\n\t\t\t\t\t\t\t\t\t\t\t\t\t\t\t<li>\n\t\t\t\t\t\t\t\t\t<a href=\"https:\/\/www.stenmelin.se\/koket\/2014\/09\/lojromsmacka-med-vaktelagg-inget-slar-en-lojromsmacka-som-forratt-pa-hosten\/\">\n\t\t\t\t\t\t\t\t\t\tL\u00f6jromsmacka med vaktel\u00e4gg &#8211; inget sl\u00e5r en l\u00f6jromsmacka som f\u00f6rr\u00e4tt p\u00e5 h\u00f6sten\t\t\t\t\t\t\t\t\t<\/a>\n\t\t\t\t\t\t\t\t<\/li>\n\t\t\t\t\t\t\t\t\t\t\t\t\t\t\t<li>\n\t\t\t\t\t\t\t\t\t<a href=\"https:\/\/www.stenmelin.se\/koket\/2020\/09\/lokkram-ett-av-kokets-masten\/\">\n\t\t\t\t\t\t\t\t\t\tL\u00f6kkr\u00e4m &#8211; ett av k\u00f6kets m\u00e5sten\t\t\t\t\t\t\t\t\t<\/a>\n\t\t\t\t\t\t\t\t<\/li>\n\t\t\t\t\t\t\t\t\t\t\t\t\t\t\t<li>\n\t\t\t\t\t\t\t\t\t<a href=\"https:\/\/www.stenmelin.se\/koket\/2007\/12\/lokkram-puree-doignons-en-harlig-variant-pa-lok-till-kottbullarna\/\">\n\t\t\t\t\t\t\t\t\t\tL\u00f6kkr\u00e4m (Pur\u00e9e d&#8217;oignons) &#8211; en h\u00e4rlig variant p\u00e5 l\u00f6k till k\u00f6ttbullarna\t\t\t\t\t\t\t\t\t<\/a>\n\t\t\t\t\t\t\t\t<\/li>\n\t\t\t\t\t\t\t\t\t\t\t\t\t\t\t<li>\n\t\t\t\t\t\t\t\t\t<a href=\"https:\/\/www.stenmelin.se\/koket\/2025\/06\/lovbiff-med-sting\/\">\n\t\t\t\t\t\t\t\t\t\tL\u00f6vbiff med sting*\t\t\t\t\t\t\t\t\t<\/a>\n\t\t\t\t\t\t\t\t<\/li>\n\t\t\t\t\t\t\t\t\t\t\t\t\t<\/ul>\n\t\t\t\t\t\t<div class=\"back-to-top\">\n\t\t\t\t\t\t\t<a href=\"#letters\">\n\t\t\t\t\t\t\t\tTillbaka till toppen\t\t\t\t\t\t\t<\/a>\n\t\t\t\t\t\t<\/div>\n\t\t\t\t\t<\/div>\n\t\t\t\t\t\t\t\t\t\t\t\t\t\t\t\t\t\t\t<div class=\"letter-section\"\n\t\t\t\t\t\tid=\"letter-M\">\n\t\t\t\t\t\t<h2 class=\"letter-title\">\n\t\t\t\t\t\t\t<span>\n\t\t\t\t\t\t\t\tM\t\t\t\t\t\t\t<\/span>\n\t\t\t\t\t\t<\/h2>\n\t\t\t\t\t\t\t\t\t\t\t\t<ul class=\"columns max-5-columns\">\n\t\t\t\t\t\t\t\t\t\t\t\t\t\t\t<li>\n\t\t\t\t\t\t\t\t\t<a href=\"https:\/\/www.stenmelin.se\/koket\/2014\/09\/makaronipudding-bra-som-lunchlada\/\">\n\t\t\t\t\t\t\t\t\t\tMakaronipudding &#8211; bra som lunchl\u00e5da\t\t\t\t\t\t\t\t\t<\/a>\n\t\t\t\t\t\t\t\t<\/li>\n\t\t\t\t\t\t\t\t\t\t\t\t\t\t\t<li>\n\t\t\t\t\t\t\t\t\t<a href=\"https:\/\/www.stenmelin.se\/koket\/2023\/03\/makaronipudding-2023-ars-version\/\">\n\t\t\t\t\t\t\t\t\t\tMakaronipudding 2023 \u00e5rs version\t\t\t\t\t\t\t\t\t<\/a>\n\t\t\t\t\t\t\t\t<\/li>\n\t\t\t\t\t\t\t\t\t\t\t\t\t\t\t<li>\n\t\t\t\t\t\t\t\t\t<a href=\"https:\/\/www.stenmelin.se\/koket\/2016\/11\/mandelflarn\/\">\n\t\t\t\t\t\t\t\t\t\tMandelflarn*\t\t\t\t\t\t\t\t\t<\/a>\n\t\t\t\t\t\t\t\t<\/li>\n\t\t\t\t\t\t\t\t\t\t\t\t\t\t\t<li>\n\t\t\t\t\t\t\t\t\t<a href=\"https:\/\/www.stenmelin.se\/koket\/2017\/06\/mandelkakor-3\/\">\n\t\t\t\t\t\t\t\t\t\tMandelkakor*\t\t\t\t\t\t\t\t\t<\/a>\n\t\t\t\t\t\t\t\t<\/li>\n\t\t\t\t\t\t\t\t\t\t\t\t\t\t\t<li>\n\t\t\t\t\t\t\t\t\t<a href=\"https:\/\/www.stenmelin.se\/koket\/2016\/11\/mandelkakor\/\">\n\t\t\t\t\t\t\t\t\t\tMandelkakor*\t\t\t\t\t\t\t\t\t<\/a>\n\t\t\t\t\t\t\t\t<\/li>\n\t\t\t\t\t\t\t\t\t\t\t\t\t\t\t<li>\n\t\t\t\t\t\t\t\t\t<a href=\"https:\/\/www.stenmelin.se\/koket\/2017\/06\/mandelkakor-2\/\">\n\t\t\t\t\t\t\t\t\t\tMandelkakor*\t\t\t\t\t\t\t\t\t<\/a>\n\t\t\t\t\t\t\t\t<\/li>\n\t\t\t\t\t\t\t\t\t\t\t\t\t\t\t<li>\n\t\t\t\t\t\t\t\t\t<a href=\"https:\/\/www.stenmelin.se\/koket\/2025\/06\/mandeltarta\/\">\n\t\t\t\t\t\t\t\t\t\tMandelt\u00e5rta*\t\t\t\t\t\t\t\t\t<\/a>\n\t\t\t\t\t\t\t\t<\/li>\n\t\t\t\t\t\t\t\t\t\t\t\t\t\t\t<li>\n\t\t\t\t\t\t\t\t\t<a href=\"https:\/\/www.stenmelin.se\/koket\/2016\/08\/mandeltarta-ur-margits-noteringsbocker\/\">\n\t\t\t\t\t\t\t\t\t\tMandelt\u00e5rta*\t\t\t\t\t\t\t\t\t<\/a>\n\t\t\t\t\t\t\t\t<\/li>\n\t\t\t\t\t\t\t\t\t\t\t\t\t\t\t<li>\n\t\t\t\t\t\t\t\t\t<a href=\"https:\/\/www.stenmelin.se\/koket\/2013\/05\/mango-och-limedessert-en-fruktig-och-syrlig-efterratt-som-passar-fint-i-bersans-skugga\/\">\n\t\t\t\t\t\t\t\t\t\tMango och limedessert &#8211; en fruktig och syrlig efterr\u00e4tt som passar fint i bers\u00e5ns skugga\t\t\t\t\t\t\t\t\t<\/a>\n\t\t\t\t\t\t\t\t<\/li>\n\t\t\t\t\t\t\t\t\t\t\t\t\t\t\t<li>\n\t\t\t\t\t\t\t\t\t<a href=\"https:\/\/www.stenmelin.se\/koket\/2007\/10\/mango-och-papayasallad-gott-som-tillbehor-till-grillat-kott\/\">\n\t\t\t\t\t\t\t\t\t\tMango och Papayasallad &#8211; gott som tillbeh\u00f6r till grillat k\u00f6tt\t\t\t\t\t\t\t\t\t<\/a>\n\t\t\t\t\t\t\t\t<\/li>\n\t\t\t\t\t\t\t\t\t\t\t\t\t\t\t<li>\n\t\t\t\t\t\t\t\t\t<a href=\"https:\/\/www.stenmelin.se\/koket\/2008\/01\/mangopure-med-chokladmousse\/\">\n\t\t\t\t\t\t\t\t\t\tMangopur\u00e9 med chokladmousse\t\t\t\t\t\t\t\t\t<\/a>\n\t\t\t\t\t\t\t\t<\/li>\n\t\t\t\t\t\t\t\t\t\t\t\t\t\t\t<li>\n\t\t\t\t\t\t\t\t\t<a href=\"https:\/\/www.stenmelin.se\/koket\/2008\/01\/margareta-lunds-blabarskaka-ger-dig-en-tripp-till-sensommarens-fikabord\/\">\n\t\t\t\t\t\t\t\t\t\tMargareta Lunds bl\u00e5b\u00e4rskaka &#8211; ger dig en tripp till sensommarens fikabord\t\t\t\t\t\t\t\t\t<\/a>\n\t\t\t\t\t\t\t\t<\/li>\n\t\t\t\t\t\t\t\t\t\t\t\t\t\t\t<li>\n\t\t\t\t\t\t\t\t\t<a href=\"https:\/\/www.stenmelin.se\/koket\/2008\/01\/margits-julbrod-ett-gott-brod-som-passa-utmarkt-till-julskinkan-gravad-lax-och-lojrom\/\">\n\t\t\t\t\t\t\t\t\t\tMargits julbr\u00f6d &#8211; ett gott br\u00f6d som passar utm\u00e4rkt till julskinkan, gravad lax och l\u00f6jrom\t\t\t\t\t\t\t\t\t<\/a>\n\t\t\t\t\t\t\t\t<\/li>\n\t\t\t\t\t\t\t\t\t\t\t\t\t\t\t<li>\n\t\t\t\t\t\t\t\t\t<a href=\"https:\/\/www.stenmelin.se\/koket\/2011\/07\/margits-rullstromming-en-riktig-klassiker-bland-strommingsratterna\/\">\n\t\t\t\t\t\t\t\t\t\tMargits rullstr\u00f6mming &#8211; en riktig klassiker bland str\u00f6mmingsr\u00e4tterna\t\t\t\t\t\t\t\t\t<\/a>\n\t\t\t\t\t\t\t\t<\/li>\n\t\t\t\t\t\t\t\t\t\t\t\t\t\t\t<li>\n\t\t\t\t\t\t\t\t\t<a href=\"https:\/\/www.stenmelin.se\/koket\/2025\/06\/marinad-til-t-ex-lammspjall\/\">\n\t\t\t\t\t\t\t\t\t\tMarinad till t.ex lammspj\u00e4ll*\t\t\t\t\t\t\t\t\t<\/a>\n\t\t\t\t\t\t\t\t<\/li>\n\t\t\t\t\t\t\t\t\t\t\t\t\t\t\t<li>\n\t\t\t\t\t\t\t\t\t<a href=\"https:\/\/www.stenmelin.se\/koket\/2017\/11\/marinerad-lammrostbiff-med-confiteradpotatis-trevlig-liten-sondagsmiddag\/\">\n\t\t\t\t\t\t\t\t\t\tMarinerad lammrostbiff med confiterad potatis &#8211; trevlig liten s\u00f6ndagsmiddag\t\t\t\t\t\t\t\t\t<\/a>\n\t\t\t\t\t\t\t\t<\/li>\n\t\t\t\t\t\t\t\t\t\t\t\t\t\t\t<li>\n\t\t\t\t\t\t\t\t\t<a href=\"https:\/\/www.stenmelin.se\/koket\/2008\/12\/marinerad-paprika-ett-maste-i-mitt-kok-gar-att-ata-till-allt-prova-pa-rostat-brod\/\">\n\t\t\t\t\t\t\t\t\t\tMarinerad paprika &#8211; ett m\u00e5ste i mitt k\u00f6k g\u00e5r att \u00e4ta till allt, prova p\u00e5 rostat br\u00f6d\t\t\t\t\t\t\t\t\t<\/a>\n\t\t\t\t\t\t\t\t<\/li>\n\t\t\t\t\t\t\t\t\t\t\t\t\t\t\t<li>\n\t\t\t\t\t\t\t\t\t<a href=\"https:\/\/www.stenmelin.se\/koket\/2017\/11\/marinerad-sikloja-gott-som-tusan\/\">\n\t\t\t\t\t\t\t\t\t\tMarinerad sikl\u00f6ja &#8211; gott som tusan\t\t\t\t\t\t\t\t\t<\/a>\n\t\t\t\t\t\t\t\t<\/li>\n\t\t\t\t\t\t\t\t\t\t\t\t\t\t\t<li>\n\t\t\t\t\t\t\t\t\t<a href=\"https:\/\/www.stenmelin.se\/koket\/2017\/11\/marinerad-sikloja-med-friterad-tomat-och-friterade-fiskben-va-fan-serverar-du-manniska\/\">\n\t\t\t\t\t\t\t\t\t\tMarinerad sikl\u00f6ja med friterad tomat och friterade fiskben &#8211; va fan serverar du m\u00e4nniska\t\t\t\t\t\t\t\t\t<\/a>\n\t\t\t\t\t\t\t\t<\/li>\n\t\t\t\t\t\t\t\t\t\t\t\t\t\t\t<li>\n\t\t\t\t\t\t\t\t\t<a href=\"https:\/\/www.stenmelin.se\/koket\/2008\/02\/marinerade-jordgubbar-enkelt-och-genialt\/\">\n\t\t\t\t\t\t\t\t\t\tMarinerade jordgubbar &#8211; enkelt och genialt\t\t\t\t\t\t\t\t\t<\/a>\n\t\t\t\t\t\t\t\t<\/li>\n\t\t\t\t\t\t\t\t\t\t\t\t\t\t\t<li>\n\t\t\t\t\t\t\t\t\t<a href=\"https:\/\/www.stenmelin.se\/koket\/2015\/10\/marang-oemotstandlig-goding\/\">\n\t\t\t\t\t\t\t\t\t\tMar\u00e4ng &#8211; oemotst\u00e5ndlig goding\t\t\t\t\t\t\t\t\t<\/a>\n\t\t\t\t\t\t\t\t<\/li>\n\t\t\t\t\t\t\t\t\t\t\t\t\t\t\t<li>\n\t\t\t\t\t\t\t\t\t<a href=\"https:\/\/www.stenmelin.se\/koket\/2018\/02\/matig-musselsoppa-en-ren-njutning\/\">\n\t\t\t\t\t\t\t\t\t\tMatig musselsoppa &#8211; en ren njutning\t\t\t\t\t\t\t\t\t<\/a>\n\t\t\t\t\t\t\t\t<\/li>\n\t\t\t\t\t\t\t\t\t\t\t\t\t\t\t<li>\n\t\t\t\t\t\t\t\t\t<a href=\"https:\/\/www.stenmelin.se\/koket\/2020\/07\/middagsgratang-med-potatis\/\">\n\t\t\t\t\t\t\t\t\t\tMiddagsgrat\u00e4ng med potatis*\t\t\t\t\t\t\t\t\t<\/a>\n\t\t\t\t\t\t\t\t<\/li>\n\t\t\t\t\t\t\t\t\t\t\t\t\t\t\t<li>\n\t\t\t\t\t\t\t\t\t<a href=\"https:\/\/www.stenmelin.se\/koket\/2020\/07\/midsommarsill\/\">\n\t\t\t\t\t\t\t\t\t\tMidsommarsill*\t\t\t\t\t\t\t\t\t<\/a>\n\t\t\t\t\t\t\t\t<\/li>\n\t\t\t\t\t\t\t\t\t\t\t\t\t\t\t<li>\n\t\t\t\t\t\t\t\t\t<a href=\"https:\/\/www.stenmelin.se\/koket\/2017\/11\/min-gyllene-soppa\/\">\n\t\t\t\t\t\t\t\t\t\tMin gyllene soppa*\t\t\t\t\t\t\t\t\t<\/a>\n\t\t\t\t\t\t\t\t<\/li>\n\t\t\t\t\t\t\t\t\t\t\t\t\t\t\t<li>\n\t\t\t\t\t\t\t\t\t<a href=\"https:\/\/www.stenmelin.se\/koket\/2017\/06\/mjuk-pepparkaka-med-lingon\/\">\n\t\t\t\t\t\t\t\t\t\tMjuk pepparkaka med lingon*\t\t\t\t\t\t\t\t\t<\/a>\n\t\t\t\t\t\t\t\t<\/li>\n\t\t\t\t\t\t\t\t\t\t\t\t\t\t\t<li>\n\t\t\t\t\t\t\t\t\t<a href=\"https:\/\/www.stenmelin.se\/koket\/2020\/06\/mjuk-rabarberkaka-en-sommarfrojd\/\">\n\t\t\t\t\t\t\t\t\t\tMjuk rabarberkaka &#8211; en sommarfr\u00f6jd\t\t\t\t\t\t\t\t\t<\/a>\n\t\t\t\t\t\t\t\t<\/li>\n\t\t\t\t\t\t\t\t\t\t\t\t\t\t\t<li>\n\t\t\t\t\t\t\t\t\t<a href=\"https:\/\/www.stenmelin.se\/koket\/2009\/09\/mjukkaka-ett-traditionellt-norrbottniskt-mjukt-hallbrod\/\">\n\t\t\t\t\t\t\t\t\t\tMjukkaka &#8211; ett traditionellt norrbottniskt mjukt h\u00e4llbr\u00f6d\t\t\t\t\t\t\t\t\t<\/a>\n\t\t\t\t\t\t\t\t<\/li>\n\t\t\t\t\t\t\t\t\t\t\t\t\t\t\t<li>\n\t\t\t\t\t\t\t\t\t<a href=\"https:\/\/www.stenmelin.se\/koket\/2015\/12\/mjukt-tunnrod-med-en-ljuvlig-seghet\/\">\n\t\t\t\t\t\t\t\t\t\tMjukt tunnbr\u00f6d (kl\u00e5dda) &#8211; med en ljuvlig seghet\t\t\t\t\t\t\t\t\t<\/a>\n\t\t\t\t\t\t\t\t<\/li>\n\t\t\t\t\t\t\t\t\t\t\t\t\t\t\t<li>\n\t\t\t\t\t\t\t\t\t<a href=\"https:\/\/www.stenmelin.se\/koket\/2008\/01\/mjukt-tunnbrod-i-stekpannan-prova-dessa-brod-till-surstrommingen\/\">\n\t\t\t\t\t\t\t\t\t\tMjukt tunnbr\u00f6d i stekpannan &#8211; prova dessa br\u00f6d till surstr\u00f6mmingen\t\t\t\t\t\t\t\t\t<\/a>\n\t\t\t\t\t\t\t\t<\/li>\n\t\t\t\t\t\t\t\t\t\t\t\t\t\t\t<li>\n\t\t\t\t\t\t\t\t\t<a href=\"https:\/\/www.stenmelin.se\/koket\/2014\/09\/mjolkstuvade-makaroner-med-kryddig-korv-en-vardagslyx\/\">\n\t\t\t\t\t\t\t\t\t\tMj\u00f6lkstuvade makaroner med kryddig korv &#8211; en vardagslyx\t\t\t\t\t\t\t\t\t<\/a>\n\t\t\t\t\t\t\t\t<\/li>\n\t\t\t\t\t\t\t\t\t\t\t\t\t\t\t<li>\n\t\t\t\t\t\t\t\t\t<a href=\"https:\/\/www.stenmelin.se\/koket\/2017\/07\/mockarutor\/\">\n\t\t\t\t\t\t\t\t\t\tMockarutor*\t\t\t\t\t\t\t\t\t<\/a>\n\t\t\t\t\t\t\t\t<\/li>\n\t\t\t\t\t\t\t\t\t\t\t\t\t\t\t<li>\n\t\t\t\t\t\t\t\t\t<a href=\"https:\/\/www.stenmelin.se\/koket\/2009\/05\/morot-med-senapsfron-en-indisk-inblandning-i-den-svenska-morotstraditionen\/\">\n\t\t\t\t\t\t\t\t\t\tMorot med senapsfr\u00f6n &#8211; En indisk inblandning i den svenska morotstraditionen\t\t\t\t\t\t\t\t\t<\/a>\n\t\t\t\t\t\t\t\t<\/li>\n\t\t\t\t\t\t\t\t\t\t\t\t\t\t\t<li>\n\t\t\t\t\t\t\t\t\t<a href=\"https:\/\/www.stenmelin.se\/koket\/2017\/05\/morotssallad\/\">\n\t\t\t\t\t\t\t\t\t\tMorotssallad*\t\t\t\t\t\t\t\t\t<\/a>\n\t\t\t\t\t\t\t\t<\/li>\n\t\t\t\t\t\t\t\t\t\t\t\t\t\t\t<li>\n\t\t\t\t\t\t\t\t\t<a href=\"https:\/\/www.stenmelin.se\/koket\/2010\/11\/moules-frites-en-enkel-och-rysligt-god-lordagmiddag\/\">\n\t\t\t\t\t\t\t\t\t\tMoules Frites &#8211; en enkel och rysligt god l\u00f6rdagmiddag\t\t\t\t\t\t\t\t\t<\/a>\n\t\t\t\t\t\t\t\t<\/li>\n\t\t\t\t\t\t\t\t\t\t\t\t\t\t\t<li>\n\t\t\t\t\t\t\t\t\t<a href=\"https:\/\/www.stenmelin.se\/koket\/2021\/04\/murkelsas-vem-kan-motsta\/\">\n\t\t\t\t\t\t\t\t\t\tMurkels\u00e5s &#8211; vem kan motst\u00e5?\t\t\t\t\t\t\t\t\t<\/a>\n\t\t\t\t\t\t\t\t<\/li>\n\t\t\t\t\t\t\t\t\t\t\t\t\t\t\t<li>\n\t\t\t\t\t\t\t\t\t<a href=\"https:\/\/www.stenmelin.se\/koket\/2017\/07\/musselfisk\/\">\n\t\t\t\t\t\t\t\t\t\tMusselfisk*\t\t\t\t\t\t\t\t\t<\/a>\n\t\t\t\t\t\t\t\t<\/li>\n\t\t\t\t\t\t\t\t\t\t\t\t\t\t\t<li>\n\t\t\t\t\t\t\t\t\t<a href=\"https:\/\/www.stenmelin.se\/koket\/2016\/12\/musselfond-svart-vara-utan\/\">\n\t\t\t\t\t\t\t\t\t\tMusselfond &#8211; sv\u00e5rt vara utan\t\t\t\t\t\t\t\t\t<\/a>\n\t\t\t\t\t\t\t\t<\/li>\n\t\t\t\t\t\t\t\t\t\t\t\t\t\t\t<li>\n\t\t\t\t\t\t\t\t\t<a href=\"https:\/\/www.stenmelin.se\/koket\/2017\/08\/musselmacka\/\">\n\t\t\t\t\t\t\t\t\t\tMusselmacka*\t\t\t\t\t\t\t\t\t<\/a>\n\t\t\t\t\t\t\t\t<\/li>\n\t\t\t\t\t\t\t\t\t\t\t\t\t\t\t<li>\n\t\t\t\t\t\t\t\t\t<a href=\"https:\/\/www.stenmelin.se\/koket\/2010\/11\/musselpasta-gott-och-lite-pillig\/\">\n\t\t\t\t\t\t\t\t\t\tMusselpasta &#8211; gott och lite pillig\t\t\t\t\t\t\t\t\t<\/a>\n\t\t\t\t\t\t\t\t<\/li>\n\t\t\t\t\t\t\t\t\t\t\t\t\t\t\t<li>\n\t\t\t\t\t\t\t\t\t<a href=\"https:\/\/www.stenmelin.se\/koket\/2016\/09\/musselsoppa-en-perfekt-start-pa-en-god-middag\/\">\n\t\t\t\t\t\t\t\t\t\tMusselsoppa &#8211; en perfekt start p\u00e5 en god middag\t\t\t\t\t\t\t\t\t<\/a>\n\t\t\t\t\t\t\t\t<\/li>\n\t\t\t\t\t\t\t\t\t\t\t\t\t\t\t<li>\n\t\t\t\t\t\t\t\t\t<a href=\"https:\/\/www.stenmelin.se\/koket\/2017\/08\/musselstromming\/\">\n\t\t\t\t\t\t\t\t\t\tMusselstr\u00f6mming*\t\t\t\t\t\t\t\t\t<\/a>\n\t\t\t\t\t\t\t\t<\/li>\n\t\t\t\t\t\t\t\t\t\t\t\t\t\t\t<li>\n\t\t\t\t\t\t\t\t\t<a href=\"https:\/\/www.stenmelin.se\/koket\/2025\/06\/marta-grans-mjuka-kaka\/\">\n\t\t\t\t\t\t\t\t\t\tM\u00e4rta Grans mjuka kaka*\t\t\t\t\t\t\t\t\t<\/a>\n\t\t\t\t\t\t\t\t<\/li>\n\t\t\t\t\t\t\t\t\t\t\t\t\t\t\t<li>\n\t\t\t\t\t\t\t\t\t<a href=\"https:\/\/www.stenmelin.se\/koket\/2017\/06\/malarsoppa\/\">\n\t\t\t\t\t\t\t\t\t\tM\u00e5larsoppa*\t\t\t\t\t\t\t\t\t<\/a>\n\t\t\t\t\t\t\t\t<\/li>\n\t\t\t\t\t\t\t\t\t\t\t\t\t\t\t<li>\n\t\t\t\t\t\t\t\t\t<a href=\"https:\/\/www.stenmelin.se\/koket\/2017\/02\/mordegskakor\/\">\n\t\t\t\t\t\t\t\t\t\tM\u00f6rdegskakor\u2026*\t\t\t\t\t\t\t\t\t<\/a>\n\t\t\t\t\t\t\t\t<\/li>\n\t\t\t\t\t\t\t\t\t\t\t\t\t<\/ul>\n\t\t\t\t\t\t<div class=\"back-to-top\">\n\t\t\t\t\t\t\t<a href=\"#letters\">\n\t\t\t\t\t\t\t\tTillbaka till toppen\t\t\t\t\t\t\t<\/a>\n\t\t\t\t\t\t<\/div>\n\t\t\t\t\t<\/div>\n\t\t\t\t\t\t\t\t\t\t\t\t\t\t\t\t\t\t\t<div class=\"letter-section\"\n\t\t\t\t\t\tid=\"letter-N\">\n\t\t\t\t\t\t<h2 class=\"letter-title\">\n\t\t\t\t\t\t\t<span>\n\t\t\t\t\t\t\t\tN\t\t\t\t\t\t\t<\/span>\n\t\t\t\t\t\t<\/h2>\n\t\t\t\t\t\t\t\t\t\t\t\t<ul class=\"columns max-1-columns\">\n\t\t\t\t\t\t\t\t\t\t\t\t\t\t\t<li>\n\t\t\t\t\t\t\t\t\t<a href=\"https:\/\/www.stenmelin.se\/koket\/2020\/07\/nils-emils-torskgryta\/\">\n\t\t\t\t\t\t\t\t\t\tNils-Emils torskgryta*\t\t\t\t\t\t\t\t\t<\/a>\n\t\t\t\t\t\t\t\t<\/li>\n\t\t\t\t\t\t\t\t\t\t\t\t\t\t\t<li>\n\t\t\t\t\t\t\t\t\t<a href=\"https:\/\/www.stenmelin.se\/koket\/2022\/10\/njurbiffar-en-ny-bekantskap\/\">\n\t\t\t\t\t\t\t\t\t\tNjurbiffar &#8211; en ny bekantskap\t\t\t\t\t\t\t\t\t<\/a>\n\t\t\t\t\t\t\t\t<\/li>\n\t\t\t\t\t\t\t\t\t\t\t\t\t\t\t<li>\n\t\t\t\t\t\t\t\t\t<a href=\"https:\/\/www.stenmelin.se\/koket\/2016\/10\/njursaute\/\">\n\t\t\t\t\t\t\t\t\t\tNjursaute*\t\t\t\t\t\t\t\t\t<\/a>\n\t\t\t\t\t\t\t\t<\/li>\n\t\t\t\t\t\t\t\t\t\t\t\t\t\t\t<li>\n\t\t\t\t\t\t\t\t\t<a href=\"https:\/\/www.stenmelin.se\/koket\/2020\/07\/nasselbrod\/\">\n\t\t\t\t\t\t\t\t\t\tN\u00e4sselbr\u00f6d*\t\t\t\t\t\t\t\t\t<\/a>\n\t\t\t\t\t\t\t\t<\/li>\n\t\t\t\t\t\t\t\t\t\t\t\t\t\t\t<li>\n\t\t\t\t\t\t\t\t\t<a href=\"https:\/\/www.stenmelin.se\/koket\/2017\/08\/notkaka\/\">\n\t\t\t\t\t\t\t\t\t\tN\u00f6tkaka*\t\t\t\t\t\t\t\t\t<\/a>\n\t\t\t\t\t\t\t\t<\/li>\n\t\t\t\t\t\t\t\t\t\t\t\t\t\t\t<li>\n\t\t\t\t\t\t\t\t\t<a href=\"https:\/\/www.stenmelin.se\/koket\/2016\/08\/notmaranger-ur-margits-noteringhaften\/\">\n\t\t\t\t\t\t\t\t\t\tN\u00f6tmar\u00e4nger*\t\t\t\t\t\t\t\t\t<\/a>\n\t\t\t\t\t\t\t\t<\/li>\n\t\t\t\t\t\t\t\t\t\t\t\t\t\t\t<li>\n\t\t\t\t\t\t\t\t\t<a href=\"https:\/\/www.stenmelin.se\/koket\/2016\/10\/nottarta-med-aprikoser-och-gradde\/\">\n\t\t\t\t\t\t\t\t\t\tN\u00f6tt\u00e5rta med aprikoser och gr\u00e4dde*\t\t\t\t\t\t\t\t\t<\/a>\n\t\t\t\t\t\t\t\t<\/li>\n\t\t\t\t\t\t\t\t\t\t\t\t\t<\/ul>\n\t\t\t\t\t\t<div class=\"back-to-top\">\n\t\t\t\t\t\t\t<a href=\"#letters\">\n\t\t\t\t\t\t\t\tTillbaka till toppen\t\t\t\t\t\t\t<\/a>\n\t\t\t\t\t\t<\/div>\n\t\t\t\t\t<\/div>\n\t\t\t\t\t\t\t\t\t\t\t\t\t\t\t\t\t\t\t<div class=\"letter-section\"\n\t\t\t\t\t\tid=\"letter-O\">\n\t\t\t\t\t\t<h2 class=\"letter-title\">\n\t\t\t\t\t\t\t<span>\n\t\t\t\t\t\t\t\tO\t\t\t\t\t\t\t<\/span>\n\t\t\t\t\t\t<\/h2>\n\t\t\t\t\t\t\t\t\t\t\t\t<ul class=\"columns max-1-columns\">\n\t\t\t\t\t\t\t\t\t\t\t\t\t\t\t<li>\n\t\t\t\t\t\t\t\t\t<a href=\"https:\/\/www.stenmelin.se\/koket\/2007\/12\/ostgratinerad-potatis-ett-satt-att-bli-av-med-overbliven-kokpotatis\/\">\n\t\t\t\t\t\t\t\t\t\tOstgratinerad potatis &#8211; ett s\u00e4tt att bli av med \u00f6verbliven kokpotatis\t\t\t\t\t\t\t\t\t<\/a>\n\t\t\t\t\t\t\t\t<\/li>\n\t\t\t\t\t\t\t\t\t\t\t\t\t\t\t<li>\n\t\t\t\t\t\t\t\t\t<a href=\"https:\/\/www.stenmelin.se\/koket\/2016\/10\/ostgratinerat-hons\/\">\n\t\t\t\t\t\t\t\t\t\tOstgratinerat h\u00f6ns*\t\t\t\t\t\t\t\t\t<\/a>\n\t\t\t\t\t\t\t\t<\/li>\n\t\t\t\t\t\t\t\t\t\t\t\t\t<\/ul>\n\t\t\t\t\t\t<div class=\"back-to-top\">\n\t\t\t\t\t\t\t<a href=\"#letters\">\n\t\t\t\t\t\t\t\tTillbaka till toppen\t\t\t\t\t\t\t<\/a>\n\t\t\t\t\t\t<\/div>\n\t\t\t\t\t<\/div>\n\t\t\t\t\t\t\t\t\t\t\t\t\t\t\t\t\t\t\t<div class=\"letter-section\"\n\t\t\t\t\t\tid=\"letter-P\">\n\t\t\t\t\t\t<h2 class=\"letter-title\">\n\t\t\t\t\t\t\t<span>\n\t\t\t\t\t\t\t\tP\t\t\t\t\t\t\t<\/span>\n\t\t\t\t\t\t<\/h2>\n\t\t\t\t\t\t\t\t\t\t\t\t<ul class=\"columns max-5-columns\">\n\t\t\t\t\t\t\t\t\t\t\t\t\t\t\t<li>\n\t\t\t\t\t\t\t\t\t<a href=\"https:\/\/www.stenmelin.se\/koket\/2014\/05\/palt-vintermat-med-mycket-gamla-anor-kanske-som-allra-godast-uppstekt\/\">\n\t\t\t\t\t\t\t\t\t\tPalt &#8211; vintermat med mycket gamla anor, kanske som allra godast uppstekt\t\t\t\t\t\t\t\t\t<\/a>\n\t\t\t\t\t\t\t\t<\/li>\n\t\t\t\t\t\t\t\t\t\t\t\t\t\t\t<li>\n\t\t\t\t\t\t\t\t\t<a href=\"https:\/\/www.stenmelin.se\/koket\/2014\/06\/pannacotta-mild-graddig-och-himelsk\/\">\n\t\t\t\t\t\t\t\t\t\tPannacotta &#8211; mild, gr\u00e4ddig och himelsk\t\t\t\t\t\t\t\t\t<\/a>\n\t\t\t\t\t\t\t\t<\/li>\n\t\t\t\t\t\t\t\t\t\t\t\t\t\t\t<li>\n\t\t\t\t\t\t\t\t\t<a href=\"https:\/\/www.stenmelin.se\/koket\/2009\/06\/pasta-al-bovino-lattlagad-och-god-kottig-pasta\/\">\n\t\t\t\t\t\t\t\t\t\tPasta al bovino &#8211; l\u00e4ttlagad och god k\u00f6ttig pasta\t\t\t\t\t\t\t\t\t<\/a>\n\t\t\t\t\t\t\t\t<\/li>\n\t\t\t\t\t\t\t\t\t\t\t\t\t\t\t<li>\n\t\t\t\t\t\t\t\t\t<a href=\"https:\/\/www.stenmelin.se\/koket\/2008\/01\/pasta-all-arrabiata-en-enkel-och-rasande-god-tomatsas\/\">\n\t\t\t\t\t\t\t\t\t\tPasta all&#8217; arrabiata &#8211; en enkel och rasande god tomats\u00e5s\t\t\t\t\t\t\t\t\t<\/a>\n\t\t\t\t\t\t\t\t<\/li>\n\t\t\t\t\t\t\t\t\t\t\t\t\t\t\t<li>\n\t\t\t\t\t\t\t\t\t<a href=\"https:\/\/www.stenmelin.se\/koket\/2007\/11\/pasta-med-spenat-ost-och-bacon-middag-pa-en-kvart\/\">\n\t\t\t\t\t\t\t\t\t\tPasta med spenat, ost och bacon &#8211; middag p\u00e5 en kvart\t\t\t\t\t\t\t\t\t<\/a>\n\t\t\t\t\t\t\t\t<\/li>\n\t\t\t\t\t\t\t\t\t\t\t\t\t\t\t<li>\n\t\t\t\t\t\t\t\t\t<a href=\"https:\/\/www.stenmelin.se\/koket\/2014\/06\/pasta-med-adelost-och-bacon-enkel-vardagspasta\/\">\n\t\t\t\t\t\t\t\t\t\tPasta med \u00e4delost och bacon &#8211; enkel vardagspasta\t\t\t\t\t\t\t\t\t<\/a>\n\t\t\t\t\t\t\t\t<\/li>\n\t\t\t\t\t\t\t\t\t\t\t\t\t\t\t<li>\n\t\t\t\t\t\t\t\t\t<a href=\"https:\/\/www.stenmelin.se\/koket\/2008\/01\/pasta-puttanesca-en-lattlagad-och-lite-ovanlig-pasta-pa-vara-braddgrader\/\">\n\t\t\t\t\t\t\t\t\t\tPasta puttanesca &#8211; en l\u00e4ttlagad och lite ovanlig pasta p\u00e5 v\u00e5ra br\u00e4ddgrader\t\t\t\t\t\t\t\t\t<\/a>\n\t\t\t\t\t\t\t\t<\/li>\n\t\t\t\t\t\t\t\t\t\t\t\t\t\t\t<li>\n\t\t\t\t\t\t\t\t\t<a href=\"https:\/\/www.stenmelin.se\/koket\/2018\/03\/pastagratang-veckans-lunchlada\/\">\n\t\t\t\t\t\t\t\t\t\tPastagrat\u00e4ng &#8211; veckans lunchl\u00e5da\t\t\t\t\t\t\t\t\t<\/a>\n\t\t\t\t\t\t\t\t<\/li>\n\t\t\t\t\t\t\t\t\t\t\t\t\t\t\t<li>\n\t\t\t\t\t\t\t\t\t<a href=\"https:\/\/www.stenmelin.se\/koket\/2007\/11\/pastasnackor-med-curryrakor-snabblagad-pasta-med-knuff\/\">\n\t\t\t\t\t\t\t\t\t\tPastasn\u00e4ckor med curryr\u00e4kor &#8211; snabblagad pasta med knuff\t\t\t\t\t\t\t\t\t<\/a>\n\t\t\t\t\t\t\t\t<\/li>\n\t\t\t\t\t\t\t\t\t\t\t\t\t\t\t<li>\n\t\t\t\t\t\t\t\t\t<a href=\"https:\/\/www.stenmelin.se\/koket\/2009\/01\/penne-med-smatomater-och-stora-rakor-snabbmat-av-basta-marke\/\">\n\t\t\t\t\t\t\t\t\t\tPenne med sm\u00e5tomater och stora r\u00e4kor &#8211; snabbmat av b\u00e4sta m\u00e4rke\t\t\t\t\t\t\t\t\t<\/a>\n\t\t\t\t\t\t\t\t<\/li>\n\t\t\t\t\t\t\t\t\t\t\t\t\t\t\t<li>\n\t\t\t\t\t\t\t\t\t<a href=\"https:\/\/www.stenmelin.se\/koket\/2011\/10\/peperonata-en-underbar-ersattare-for-potatis-och-ris-for-lhcf-dietister-vi-andra-ater-det-for-att-det-ar-jakligt-gatt\/\">\n\t\t\t\t\t\t\t\t\t\tPeperonata &#8211; en underbar ers\u00e4ttare f\u00f6r potatis och ris\t\t\t\t\t\t\t\t\t<\/a>\n\t\t\t\t\t\t\t\t<\/li>\n\t\t\t\t\t\t\t\t\t\t\t\t\t\t\t<li>\n\t\t\t\t\t\t\t\t\t<a href=\"https:\/\/www.stenmelin.se\/koket\/2016\/10\/pepparkakor-hildurs\/\">\n\t\t\t\t\t\t\t\t\t\tPepparkakor (Hildurs)*\t\t\t\t\t\t\t\t\t<\/a>\n\t\t\t\t\t\t\t\t<\/li>\n\t\t\t\t\t\t\t\t\t\t\t\t\t\t\t<li>\n\t\t\t\t\t\t\t\t\t<a href=\"https:\/\/www.stenmelin.se\/koket\/2017\/08\/pepparkakor\/\">\n\t\t\t\t\t\t\t\t\t\tPepparkakor*\t\t\t\t\t\t\t\t\t<\/a>\n\t\t\t\t\t\t\t\t<\/li>\n\t\t\t\t\t\t\t\t\t\t\t\t\t\t\t<li>\n\t\t\t\t\t\t\t\t\t<a href=\"https:\/\/www.stenmelin.se\/koket\/2017\/06\/pepparkakshus\/\">\n\t\t\t\t\t\t\t\t\t\tPepparkakshus*\t\t\t\t\t\t\t\t\t<\/a>\n\t\t\t\t\t\t\t\t<\/li>\n\t\t\t\t\t\t\t\t\t\t\t\t\t\t\t<li>\n\t\t\t\t\t\t\t\t\t<a href=\"https:\/\/www.stenmelin.se\/koket\/2016\/10\/persilje-och-senapsstuvad-falukorv\/\">\n\t\t\t\t\t\t\t\t\t\tPersilje- och senapsstuvad falukorv*\t\t\t\t\t\t\t\t\t<\/a>\n\t\t\t\t\t\t\t\t<\/li>\n\t\t\t\t\t\t\t\t\t\t\t\t\t\t\t<li>\n\t\t\t\t\t\t\t\t\t<a href=\"https:\/\/www.stenmelin.se\/koket\/2020\/07\/pesto\/\">\n\t\t\t\t\t\t\t\t\t\tPesto*\t\t\t\t\t\t\t\t\t<\/a>\n\t\t\t\t\t\t\t\t<\/li>\n\t\t\t\t\t\t\t\t\t\t\t\t\t\t\t<li>\n\t\t\t\t\t\t\t\t\t<a href=\"https:\/\/www.stenmelin.se\/koket\/2024\/07\/pestofyllda-champinionhattar\/\">\n\t\t\t\t\t\t\t\t\t\tPestofyllda champinionhattar*\t\t\t\t\t\t\t\t\t<\/a>\n\t\t\t\t\t\t\t\t<\/li>\n\t\t\t\t\t\t\t\t\t\t\t\t\t\t\t<li>\n\t\t\t\t\t\t\t\t\t<a href=\"https:\/\/www.stenmelin.se\/koket\/2017\/08\/petit-choux\/\">\n\t\t\t\t\t\t\t\t\t\tPetit choux*\t\t\t\t\t\t\t\t\t<\/a>\n\t\t\t\t\t\t\t\t<\/li>\n\t\t\t\t\t\t\t\t\t\t\t\t\t\t\t<li>\n\t\t\t\t\t\t\t\t\t<a href=\"https:\/\/www.stenmelin.se\/koket\/2016\/10\/petits-choix\/\">\n\t\t\t\t\t\t\t\t\t\tPetits-Choix*\t\t\t\t\t\t\t\t\t<\/a>\n\t\t\t\t\t\t\t\t<\/li>\n\t\t\t\t\t\t\t\t\t\t\t\t\t\t\t<li>\n\t\t\t\t\t\t\t\t\t<a href=\"https:\/\/www.stenmelin.se\/koket\/2025\/06\/petras-choklad-havrerutor\/\">\n\t\t\t\t\t\t\t\t\t\tPetras choklad-havrerutor*\t\t\t\t\t\t\t\t\t<\/a>\n\t\t\t\t\t\t\t\t<\/li>\n\t\t\t\t\t\t\t\t\t\t\t\t\t\t\t<li>\n\t\t\t\t\t\t\t\t\t<a href=\"https:\/\/www.stenmelin.se\/koket\/2014\/09\/piadina-ett-snabbt-och-enkelt-mellanmal\/\">\n\t\t\t\t\t\t\t\t\t\tPiadina &#8211; ett snabbt och enkelt mellanm\u00e5l\t\t\t\t\t\t\t\t\t<\/a>\n\t\t\t\t\t\t\t\t<\/li>\n\t\t\t\t\t\t\t\t\t\t\t\t\t\t\t<li>\n\t\t\t\t\t\t\t\t\t<a href=\"https:\/\/www.stenmelin.se\/koket\/2014\/06\/picklade-gronsaker-istallet-for-potatis-ris-eller-pasta\/\">\n\t\t\t\t\t\t\t\t\t\tPicklade gr\u00f6nsaker &#8211; ist\u00e4llet f\u00f6r potatis, ris eller pasta\t\t\t\t\t\t\t\t\t<\/a>\n\t\t\t\t\t\t\t\t<\/li>\n\t\t\t\t\t\t\t\t\t\t\t\t\t\t\t<li>\n\t\t\t\t\t\t\t\t\t<a href=\"https:\/\/www.stenmelin.se\/koket\/2008\/01\/picanta-sandsnackor-stralande-gott-till-kokt-halleflundra-med-mild-vitvinsas-och-ris\/\">\n\t\t\t\t\t\t\t\t\t\tPikanta sandsn\u00e4ckor &#8211; str\u00e5lande gott till kokt h\u00e4lleflundra med mild vitvins\u00e5s och ris\t\t\t\t\t\t\t\t\t<\/a>\n\t\t\t\t\t\t\t\t<\/li>\n\t\t\t\t\t\t\t\t\t\t\t\t\t\t\t<li>\n\t\t\t\t\t\t\t\t\t<a href=\"https:\/\/www.stenmelin.se\/koket\/2021\/06\/pilgrimsblomma-mmm\/\">\n\t\t\t\t\t\t\t\t\t\tPilgrimsblomma &#8211; Mmm&#8230;.\t\t\t\t\t\t\t\t\t<\/a>\n\t\t\t\t\t\t\t\t<\/li>\n\t\t\t\t\t\t\t\t\t\t\t\t\t\t\t<li>\n\t\t\t\t\t\t\t\t\t<a href=\"https:\/\/www.stenmelin.se\/koket\/2016\/11\/pilgrimsmussla-raka-och-torkad-parltomat-en-forrattens-rak-hoger\/\">\n\t\t\t\t\t\t\t\t\t\tPilgrimsmussla, r\u00e4ka och torkad p\u00e4rltomat &#8211; en f\u00f6rr\u00e4ttens rak h\u00f6ger!\t\t\t\t\t\t\t\t\t<\/a>\n\t\t\t\t\t\t\t\t<\/li>\n\t\t\t\t\t\t\t\t\t\t\t\t\t\t\t<li>\n\t\t\t\t\t\t\t\t\t<a href=\"https:\/\/www.stenmelin.se\/koket\/2011\/12\/pilgrimsmusslor-med-citronsmorsas-underbara-syrliga-pilgrimmer-som-riktigt-sprakar-i-gommen-och-drar-i-kinderna\/\">\n\t\t\t\t\t\t\t\t\t\tPilgrimsmusslor med citronsm\u00f6rs\u00e5s &#8211; underbara syrliga pilgrimmer som riktigt sprakar i gommen och drar i kinderna\t\t\t\t\t\t\t\t\t<\/a>\n\t\t\t\t\t\t\t\t<\/li>\n\t\t\t\t\t\t\t\t\t\t\t\t\t\t\t<li>\n\t\t\t\t\t\t\t\t\t<a href=\"https:\/\/www.stenmelin.se\/koket\/2008\/01\/pitabrod-khebs-hemgjorda-pitabrod-gor-renskavskebaben-an-godare\/\">\n\t\t\t\t\t\t\t\t\t\tPitabr\u00f6d &#8221;Khebs&#8221; &#8211; hemgjorda Pitabr\u00f6d g\u00f6r Renskavskebaben \u00e4n godare\t\t\t\t\t\t\t\t\t<\/a>\n\t\t\t\t\t\t\t\t<\/li>\n\t\t\t\t\t\t\t\t\t\t\t\t\t\t\t<li>\n\t\t\t\t\t\t\t\t\t<a href=\"https:\/\/www.stenmelin.se\/koket\/2014\/05\/pizza-bianca-en-enkel-och-ovanlig-forratt-pa-vara-breddgrader\/\">\n\t\t\t\t\t\t\t\t\t\tPizza bianca &#8211; en enkel och ovanlig f\u00f6rr\u00e4tt p\u00e5 v\u00e5ra breddgrader\t\t\t\t\t\t\t\t\t<\/a>\n\t\t\t\t\t\t\t\t<\/li>\n\t\t\t\t\t\t\t\t\t\t\t\t\t\t\t<li>\n\t\t\t\t\t\t\t\t\t<a href=\"https:\/\/www.stenmelin.se\/koket\/2008\/02\/pizzadeg-en-lite-omstandlig-deg-att-gora-men-val-vard-besvaret\/\">\n\t\t\t\t\t\t\t\t\t\tPizzadeg &#8211; en lite omst\u00e4ndlig deg att g\u00f6ra men v\u00e4l v\u00e4rd besv\u00e4ret\t\t\t\t\t\t\t\t\t<\/a>\n\t\t\t\t\t\t\t\t<\/li>\n\t\t\t\t\t\t\t\t\t\t\t\t\t\t\t<li>\n\t\t\t\t\t\t\t\t\t<a href=\"https:\/\/www.stenmelin.se\/koket\/2021\/10\/platt-med-spetskal-en-sorts-raggmunk\/\">\n\t\t\t\t\t\t\t\t\t\tPl\u00e4tt med spetsk\u00e5l &#8211; en sorts raggmunk\t\t\t\t\t\t\t\t\t<\/a>\n\t\t\t\t\t\t\t\t<\/li>\n\t\t\t\t\t\t\t\t\t\t\t\t\t\t\t<li>\n\t\t\t\t\t\t\t\t\t<a href=\"https:\/\/www.stenmelin.se\/koket\/2008\/01\/pollo-alla-cacciatora-jagarkycklingen-piggar-upp-vilken-fredag-som-helst\/\">\n\t\t\t\t\t\t\t\t\t\tPollo alla Cacciatora &#8211; j\u00e4garkycklingen piggar upp vilken fredag som helst\t\t\t\t\t\t\t\t\t<\/a>\n\t\t\t\t\t\t\t\t<\/li>\n\t\t\t\t\t\t\t\t\t\t\t\t\t\t\t<li>\n\t\t\t\t\t\t\t\t\t<a href=\"https:\/\/www.stenmelin.se\/koket\/2011\/02\/pomeransmarmelad-den-engelska-marmeladklassikern-ett-maste-till-nygraddade-scones\/\">\n\t\t\t\t\t\t\t\t\t\tPomeransmarmelad &#8211; den engelska marmeladklassikern, ett m\u00e5ste till nygr\u00e4ddade scones\t\t\t\t\t\t\t\t\t<\/a>\n\t\t\t\t\t\t\t\t<\/li>\n\t\t\t\t\t\t\t\t\t\t\t\t\t\t\t<li>\n\t\t\t\t\t\t\t\t\t<a href=\"https:\/\/www.stenmelin.se\/koket\/2015\/10\/potatis-och-morotslada-helt-enkelt-glasklart\/\">\n\t\t\t\t\t\t\t\t\t\tPotatis- och Morotsl\u00e5da &#8211; helt enkelt glasklart\t\t\t\t\t\t\t\t\t<\/a>\n\t\t\t\t\t\t\t\t<\/li>\n\t\t\t\t\t\t\t\t\t\t\t\t\t\t\t<li>\n\t\t\t\t\t\t\t\t\t<a href=\"https:\/\/www.stenmelin.se\/koket\/2011\/02\/potatischip-gott-till-allt-dar-du-gillar-stekt-potatis\/\">\n\t\t\t\t\t\t\t\t\t\tPotatischips &#8211; gott till allt d\u00e4r du gillar stekt potatis\t\t\t\t\t\t\t\t\t<\/a>\n\t\t\t\t\t\t\t\t<\/li>\n\t\t\t\t\t\t\t\t\t\t\t\t\t\t\t<li>\n\t\t\t\t\t\t\t\t\t<a href=\"https:\/\/www.stenmelin.se\/koket\/2025\/06\/potatisgratang\/\">\n\t\t\t\t\t\t\t\t\t\tPotatisgrat\u00e4ng*\t\t\t\t\t\t\t\t\t<\/a>\n\t\t\t\t\t\t\t\t<\/li>\n\t\t\t\t\t\t\t\t\t\t\t\t\t\t\t<li>\n\t\t\t\t\t\t\t\t\t<a href=\"https:\/\/www.stenmelin.se\/koket\/2014\/08\/potatisost-norrbottnisk-potatiskaka\/\">\n\t\t\t\t\t\t\t\t\t\tPotatiskaka &#8211; Potatisost kallas denna potatiskaka vid Norrbottenskusten, sansl\u00f6st m\u00e4ttande\t\t\t\t\t\t\t\t\t<\/a>\n\t\t\t\t\t\t\t\t<\/li>\n\t\t\t\t\t\t\t\t\t\t\t\t\t\t\t<li>\n\t\t\t\t\t\t\t\t\t<a href=\"https:\/\/www.stenmelin.se\/koket\/2021\/04\/potatiskaka-med-italiensk-stamtavla\/\">\n\t\t\t\t\t\t\t\t\t\tPotatiskaka med italiensk stamtavla\t\t\t\t\t\t\t\t\t<\/a>\n\t\t\t\t\t\t\t\t<\/li>\n\t\t\t\t\t\t\t\t\t\t\t\t\t\t\t<li>\n\t\t\t\t\t\t\t\t\t<a href=\"https:\/\/www.stenmelin.se\/koket\/2013\/03\/potatismos-med-tryffel-supergott\/\">\n\t\t\t\t\t\t\t\t\t\tPotatismos med tryffel &#8211; supergott&#8230;\t\t\t\t\t\t\t\t\t<\/a>\n\t\t\t\t\t\t\t\t<\/li>\n\t\t\t\t\t\t\t\t\t\t\t\t\t\t\t<li>\n\t\t\t\t\t\t\t\t\t<a href=\"https:\/\/www.stenmelin.se\/koket\/2024\/07\/potatisost\/\">\n\t\t\t\t\t\t\t\t\t\tPotatisost*\t\t\t\t\t\t\t\t\t<\/a>\n\t\t\t\t\t\t\t\t<\/li>\n\t\t\t\t\t\t\t\t\t\t\t\t\t\t\t<li>\n\t\t\t\t\t\t\t\t\t<a href=\"https:\/\/www.stenmelin.se\/koket\/2017\/08\/potatissallad-till-rostbiff\/\">\n\t\t\t\t\t\t\t\t\t\tPotatissallad till rostbiff*\t\t\t\t\t\t\t\t\t<\/a>\n\t\t\t\t\t\t\t\t<\/li>\n\t\t\t\t\t\t\t\t\t\t\t\t\t\t\t<li>\n\t\t\t\t\t\t\t\t\t<a href=\"https:\/\/www.stenmelin.se\/koket\/2021\/11\/potatissoppa-en-matig-vardagssoppa\/\">\n\t\t\t\t\t\t\t\t\t\tPotatissoppa &#8211; en matig vardagssoppa\t\t\t\t\t\t\t\t\t<\/a>\n\t\t\t\t\t\t\t\t<\/li>\n\t\t\t\t\t\t\t\t\t\t\t\t\t\t\t<li>\n\t\t\t\t\t\t\t\t\t<a href=\"https:\/\/www.stenmelin.se\/koket\/2016\/07\/potatisstapel-med-lojrom-en-forrattsdrottning\/\">\n\t\t\t\t\t\t\t\t\t\tPotatisstapel med l\u00f6jrom &#8211; en f\u00f6rr\u00e4ttsdrottning\t\t\t\t\t\t\t\t\t<\/a>\n\t\t\t\t\t\t\t\t<\/li>\n\t\t\t\t\t\t\t\t\t\t\t\t\t\t\t<li>\n\t\t\t\t\t\t\t\t\t<a href=\"https:\/\/www.stenmelin.se\/koket\/2021\/05\/prinskorv-med-rodloksmarmelad-en-klassiker-i-ny-tappning\/\">\n\t\t\t\t\t\t\t\t\t\tPrinskorv med r\u00f6dl\u00f6ksmarmelad &#8211; en klassiker i ny tappning\t\t\t\t\t\t\t\t\t<\/a>\n\t\t\t\t\t\t\t\t<\/li>\n\t\t\t\t\t\t\t\t\t\t\t\t\t\t\t<li>\n\t\t\t\t\t\t\t\t\t<a href=\"https:\/\/www.stenmelin.se\/koket\/2025\/05\/purjoloksmarmelad\/\">\n\t\t\t\t\t\t\t\t\t\tPurjol\u00f6ksmarmelad*\t\t\t\t\t\t\t\t\t<\/a>\n\t\t\t\t\t\t\t\t<\/li>\n\t\t\t\t\t\t\t\t\t\t\t\t\t\t\t<li>\n\t\t\t\t\t\t\t\t\t<a href=\"https:\/\/www.stenmelin.se\/koket\/2021\/02\/polsa-du-ater-inte-polsa-for-dess-skonhets-skull\/\">\n\t\t\t\t\t\t\t\t\t\tP\u00f6lsa &#8211; du \u00e4ter inte p\u00f6lsa f\u00f6r dess sk\u00f6nhets skull\t\t\t\t\t\t\t\t\t<\/a>\n\t\t\t\t\t\t\t\t<\/li>\n\t\t\t\t\t\t\t\t\t\t\t\t\t\t\t<li>\n\t\t\t\t\t\t\t\t\t<a href=\"https:\/\/www.stenmelin.se\/koket\/2023\/05\/polsa-2-0\/\">\n\t\t\t\t\t\t\t\t\t\tP\u00f6lsa 2.0\t\t\t\t\t\t\t\t\t<\/a>\n\t\t\t\t\t\t\t\t<\/li>\n\t\t\t\t\t\t\t\t\t\t\t\t\t<\/ul>\n\t\t\t\t\t\t<div class=\"back-to-top\">\n\t\t\t\t\t\t\t<a href=\"#letters\">\n\t\t\t\t\t\t\t\tTillbaka till toppen\t\t\t\t\t\t\t<\/a>\n\t\t\t\t\t\t<\/div>\n\t\t\t\t\t<\/div>\n\t\t\t\t\t\t\t\t\t\t\t\t\t\t\t\t\t\t\t\t\t\t\t<div class=\"letter-section\"\n\t\t\t\t\t\tid=\"letter-R\">\n\t\t\t\t\t\t<h2 class=\"letter-title\">\n\t\t\t\t\t\t\t<span>\n\t\t\t\t\t\t\t\tR\t\t\t\t\t\t\t<\/span>\n\t\t\t\t\t\t<\/h2>\n\t\t\t\t\t\t\t\t\t\t\t\t<ul class=\"columns max-6-columns\">\n\t\t\t\t\t\t\t\t\t\t\t\t\t\t\t<li>\n\t\t\t\t\t\t\t\t\t<a href=\"https:\/\/www.stenmelin.se\/koket\/2010\/07\/rabarberdricka-den-forsta-sommarsaften\/\">\n\t\t\t\t\t\t\t\t\t\tRabarberdricka &#8211; den f\u00f6rsta sommarsaften\t\t\t\t\t\t\t\t\t<\/a>\n\t\t\t\t\t\t\t\t<\/li>\n\t\t\t\t\t\t\t\t\t\t\t\t\t\t\t<li>\n\t\t\t\t\t\t\t\t\t<a href=\"https:\/\/www.stenmelin.se\/koket\/2017\/10\/rabarberdricka\/\">\n\t\t\t\t\t\t\t\t\t\tRabarberdricka*\t\t\t\t\t\t\t\t\t<\/a>\n\t\t\t\t\t\t\t\t<\/li>\n\t\t\t\t\t\t\t\t\t\t\t\t\t\t\t<li>\n\t\t\t\t\t\t\t\t\t<a href=\"https:\/\/www.stenmelin.se\/koket\/2020\/07\/rabarberkaka\/\">\n\t\t\t\t\t\t\t\t\t\tRabarberkaka*\t\t\t\t\t\t\t\t\t<\/a>\n\t\t\t\t\t\t\t\t<\/li>\n\t\t\t\t\t\t\t\t\t\t\t\t\t\t\t<li>\n\t\t\t\t\t\t\t\t\t<a href=\"https:\/\/www.stenmelin.se\/koket\/2017\/10\/rabarberlemonad\/\">\n\t\t\t\t\t\t\t\t\t\tRabarberlemonad*\t\t\t\t\t\t\t\t\t<\/a>\n\t\t\t\t\t\t\t\t<\/li>\n\t\t\t\t\t\t\t\t\t\t\t\t\t\t\t<li>\n\t\t\t\t\t\t\t\t\t<a href=\"https:\/\/www.stenmelin.se\/koket\/2020\/06\/rabarbermarmelad-sott-hett-och-syrligt\/\">\n\t\t\t\t\t\t\t\t\t\tRabarbermarmelad &#8211; s\u00f6tt, hett och syrligt\t\t\t\t\t\t\t\t\t<\/a>\n\t\t\t\t\t\t\t\t<\/li>\n\t\t\t\t\t\t\t\t\t\t\t\t\t\t\t<li>\n\t\t\t\t\t\t\t\t\t<a href=\"https:\/\/www.stenmelin.se\/koket\/2010\/07\/rabarbermarmelad-med-kardemumma-en-sommarmarmelad-att-forgylla-din-frukost-i-det-grona-med\/\">\n\t\t\t\t\t\t\t\t\t\tRabarbermarmelad med kardemumma &#8211; en sommarmarmelad att f\u00f6rgylla din frukost i det gr\u00f6na med\t\t\t\t\t\t\t\t\t<\/a>\n\t\t\t\t\t\t\t\t<\/li>\n\t\t\t\t\t\t\t\t\t\t\t\t\t\t\t<li>\n\t\t\t\t\t\t\t\t\t<a href=\"https:\/\/www.stenmelin.se\/koket\/2014\/06\/rabarberpaj-sommar-pa-riktigt\/\">\n\t\t\t\t\t\t\t\t\t\tRabarberpaj &#8211; sommar p\u00e5 riktigt\t\t\t\t\t\t\t\t\t<\/a>\n\t\t\t\t\t\t\t\t<\/li>\n\t\t\t\t\t\t\t\t\t\t\t\t\t\t\t<li>\n\t\t\t\t\t\t\t\t\t<a href=\"https:\/\/www.stenmelin.se\/koket\/2008\/06\/rabarberpaj-variera-sommarens-alla-smuldegsrabarberpajer-med-en-lite-maktigare-paj\/\">\n\t\t\t\t\t\t\t\t\t\tRabarberpaj &#8211; variera sommarens alla smuldegsrabarberpajer med en lite m\u00e4ktigare paj\t\t\t\t\t\t\t\t\t<\/a>\n\t\t\t\t\t\t\t\t<\/li>\n\t\t\t\t\t\t\t\t\t\t\t\t\t\t\t<li>\n\t\t\t\t\t\t\t\t\t<a href=\"https:\/\/www.stenmelin.se\/koket\/2025\/06\/rabarberpaj-med-mandelmassa\/\">\n\t\t\t\t\t\t\t\t\t\tRabarberpaj med mandelmassa*\t\t\t\t\t\t\t\t\t<\/a>\n\t\t\t\t\t\t\t\t<\/li>\n\t\t\t\t\t\t\t\t\t\t\t\t\t\t\t<li>\n\t\t\t\t\t\t\t\t\t<a href=\"https:\/\/www.stenmelin.se\/koket\/2017\/08\/rabarberpaj\/\">\n\t\t\t\t\t\t\t\t\t\tRabarberpaj*\t\t\t\t\t\t\t\t\t<\/a>\n\t\t\t\t\t\t\t\t<\/li>\n\t\t\t\t\t\t\t\t\t\t\t\t\t\t\t<li>\n\t\t\t\t\t\t\t\t\t<a href=\"https:\/\/www.stenmelin.se\/koket\/2013\/03\/radiatori-ai-carciofi-en-snabblagad-supergod-pasta\/\">\n\t\t\t\t\t\t\t\t\t\tRadiatori ai Carciofi &#8211; En snabblagad supergod pasta\t\t\t\t\t\t\t\t\t<\/a>\n\t\t\t\t\t\t\t\t<\/li>\n\t\t\t\t\t\t\t\t\t\t\t\t\t\t\t<li>\n\t\t\t\t\t\t\t\t\t<a href=\"https:\/\/www.stenmelin.se\/koket\/2020\/07\/rengryta\/\">\n\t\t\t\t\t\t\t\t\t\tRengryta*\t\t\t\t\t\t\t\t\t<\/a>\n\t\t\t\t\t\t\t\t<\/li>\n\t\t\t\t\t\t\t\t\t\t\t\t\t\t\t<li>\n\t\t\t\t\t\t\t\t\t<a href=\"https:\/\/www.stenmelin.se\/koket\/2008\/01\/renskav-med-tomat-och-bonor-mustigt-i-vinterkylan\/\">\n\t\t\t\t\t\t\t\t\t\tRenskav med tomat och b\u00f6nor &#8211; mustigt i vinterkylan\t\t\t\t\t\t\t\t\t<\/a>\n\t\t\t\t\t\t\t\t<\/li>\n\t\t\t\t\t\t\t\t\t\t\t\t\t\t\t<li>\n\t\t\t\t\t\t\t\t\t<a href=\"https:\/\/www.stenmelin.se\/koket\/2008\/01\/renskavsgryta-enkel-vintermat\/\">\n\t\t\t\t\t\t\t\t\t\tRenskavsgryta &#8211; enkel vintermat\t\t\t\t\t\t\t\t\t<\/a>\n\t\t\t\t\t\t\t\t<\/li>\n\t\t\t\t\t\t\t\t\t\t\t\t\t\t\t<li>\n\t\t\t\t\t\t\t\t\t<a href=\"https:\/\/www.stenmelin.se\/koket\/2024\/07\/renskavsgryta-med-potatis\/\">\n\t\t\t\t\t\t\t\t\t\tRenskavsgryta med potatis*\t\t\t\t\t\t\t\t\t<\/a>\n\t\t\t\t\t\t\t\t<\/li>\n\t\t\t\t\t\t\t\t\t\t\t\t\t\t\t<li>\n\t\t\t\t\t\t\t\t\t<a href=\"https:\/\/www.stenmelin.se\/koket\/2016\/10\/renstek\/\">\n\t\t\t\t\t\t\t\t\t\tRenstek*\t\t\t\t\t\t\t\t\t<\/a>\n\t\t\t\t\t\t\t\t<\/li>\n\t\t\t\t\t\t\t\t\t\t\t\t\t\t\t<li>\n\t\t\t\t\t\t\t\t\t<a href=\"https:\/\/www.stenmelin.se\/koket\/2023\/04\/rieska-en-mjukkaka-fran-finland\/\">\n\t\t\t\t\t\t\t\t\t\tRieska &#8211; en mjukkaka fr\u00e5n Finland\t\t\t\t\t\t\t\t\t<\/a>\n\t\t\t\t\t\t\t\t<\/li>\n\t\t\t\t\t\t\t\t\t\t\t\t\t\t\t<li>\n\t\t\t\t\t\t\t\t\t<a href=\"https:\/\/www.stenmelin.se\/koket\/2017\/06\/rimbobullar\/\">\n\t\t\t\t\t\t\t\t\t\tRimbobullar*\t\t\t\t\t\t\t\t\t<\/a>\n\t\t\t\t\t\t\t\t<\/li>\n\t\t\t\t\t\t\t\t\t\t\t\t\t\t\t<li>\n\t\t\t\t\t\t\t\t\t<a href=\"https:\/\/www.stenmelin.se\/koket\/2017\/07\/rollmops\/\">\n\t\t\t\t\t\t\t\t\t\tRollmops*\t\t\t\t\t\t\t\t\t<\/a>\n\t\t\t\t\t\t\t\t<\/li>\n\t\t\t\t\t\t\t\t\t\t\t\t\t\t\t<li>\n\t\t\t\t\t\t\t\t\t<a href=\"https:\/\/www.stenmelin.se\/koket\/2014\/05\/romlada-romlada-det-perfekta-sommarpalagget-pa-knackebrod\/\">\n\t\t\t\t\t\t\t\t\t\tRoml\u00e5da &#8211; roml\u00e5da det perfekta sommarp\u00e5l\u00e4gget p\u00e5 kn\u00e4ckebr\u00f6d\t\t\t\t\t\t\t\t\t<\/a>\n\t\t\t\t\t\t\t\t<\/li>\n\t\t\t\t\t\t\t\t\t\t\t\t\t\t\t<li>\n\t\t\t\t\t\t\t\t\t<a href=\"https:\/\/www.stenmelin.se\/koket\/2014\/05\/rompalt-en-kulinarisk-hojdare-fran-norrbotten\/\">\n\t\t\t\t\t\t\t\t\t\tRompalt &#8211; en kulinarisk h\u00f6jdare fr\u00e5n Norrbotten\t\t\t\t\t\t\t\t\t<\/a>\n\t\t\t\t\t\t\t\t<\/li>\n\t\t\t\t\t\t\t\t\t\t\t\t\t\t\t<li>\n\t\t\t\t\t\t\t\t\t<a href=\"https:\/\/www.stenmelin.se\/koket\/2025\/06\/romsas\/\">\n\t\t\t\t\t\t\t\t\t\tRoms\u00e5s*\t\t\t\t\t\t\t\t\t<\/a>\n\t\t\t\t\t\t\t\t<\/li>\n\t\t\t\t\t\t\t\t\t\t\t\t\t\t\t<li>\n\t\t\t\t\t\t\t\t\t<a href=\"https:\/\/www.stenmelin.se\/koket\/2014\/10\/rosastekt-lammsadel-i-grillen-perfekt-bjudmat\/\">\n\t\t\t\t\t\t\t\t\t\tRosastekt lammsadel i grillen &#8211; perfekt bjudmat\t\t\t\t\t\t\t\t\t<\/a>\n\t\t\t\t\t\t\t\t<\/li>\n\t\t\t\t\t\t\t\t\t\t\t\t\t\t\t<li>\n\t\t\t\t\t\t\t\t\t<a href=\"https:\/\/www.stenmelin.se\/koket\/2025\/06\/rosensas\/\">\n\t\t\t\t\t\t\t\t\t\tRosens\u00e5s*\t\t\t\t\t\t\t\t\t<\/a>\n\t\t\t\t\t\t\t\t<\/li>\n\t\t\t\t\t\t\t\t\t\t\t\t\t\t\t<li>\n\t\t\t\t\t\t\t\t\t<a href=\"https:\/\/www.stenmelin.se\/koket\/2011\/07\/roslagsbuffe-sommaren-2011\/\">\n\t\t\t\t\t\t\t\t\t\tRoslagsbuff\u00e9 sommaren 2011\t\t\t\t\t\t\t\t\t<\/a>\n\t\t\t\t\t\t\t\t<\/li>\n\t\t\t\t\t\t\t\t\t\t\t\t\t\t\t<li>\n\t\t\t\t\t\t\t\t\t<a href=\"https:\/\/www.stenmelin.se\/koket\/2021\/08\/rostad-farskpotatis\/\">\n\t\t\t\t\t\t\t\t\t\tRostad f\u00e4rskpotatis\t\t\t\t\t\t\t\t\t<\/a>\n\t\t\t\t\t\t\t\t<\/li>\n\t\t\t\t\t\t\t\t\t\t\t\t\t\t\t<li>\n\t\t\t\t\t\t\t\t\t<a href=\"https:\/\/www.stenmelin.se\/koket\/2010\/04\/rostade-baguetteskivor-till-valkomstdrinken-eller-forrattssoppan\/\">\n\t\t\t\t\t\t\t\t\t\tRostade baguetteskivor &#8211; till v\u00e4lkomstdrinken eller f\u00f6rr\u00e4ttssoppan\t\t\t\t\t\t\t\t\t<\/a>\n\t\t\t\t\t\t\t\t<\/li>\n\t\t\t\t\t\t\t\t\t\t\t\t\t\t\t<li>\n\t\t\t\t\t\t\t\t\t<a href=\"https:\/\/www.stenmelin.se\/koket\/2011\/02\/rostade-lokhalvor-bakade-lokar-ar-ett-underbart-tillbehor-till-kottet\/\">\n\t\t\t\t\t\t\t\t\t\tRostade l\u00f6khalvor &#8211; bakade l\u00f6kar \u00e4r ett underbart tillbeh\u00f6r till k\u00f6ttet\t\t\t\t\t\t\t\t\t<\/a>\n\t\t\t\t\t\t\t\t<\/li>\n\t\t\t\t\t\t\t\t\t\t\t\t\t\t\t<li>\n\t\t\t\t\t\t\t\t\t<a href=\"https:\/\/www.stenmelin.se\/koket\/2007\/11\/rostade-rotsaker\/\">\n\t\t\t\t\t\t\t\t\t\tRostade rotsaker\t\t\t\t\t\t\t\t\t<\/a>\n\t\t\t\t\t\t\t\t<\/li>\n\t\t\t\t\t\t\t\t\t\t\t\t\t\t\t<li>\n\t\t\t\t\t\t\t\t\t<a href=\"https:\/\/www.stenmelin.se\/koket\/2021\/06\/rullran-en-frasigt-kaffekaka\/\">\n\t\t\t\t\t\t\t\t\t\tRullr\u00e5n &#8211; en frasigt kaffekaka\t\t\t\t\t\t\t\t\t<\/a>\n\t\t\t\t\t\t\t\t<\/li>\n\t\t\t\t\t\t\t\t\t\t\t\t\t\t\t<li>\n\t\t\t\t\t\t\t\t\t<a href=\"https:\/\/www.stenmelin.se\/koket\/2017\/06\/russinkaka\/\">\n\t\t\t\t\t\t\t\t\t\tRussinkaka*\t\t\t\t\t\t\t\t\t<\/a>\n\t\t\t\t\t\t\t\t<\/li>\n\t\t\t\t\t\t\t\t\t\t\t\t\t\t\t<li>\n\t\t\t\t\t\t\t\t\t<a href=\"https:\/\/www.stenmelin.se\/koket\/2017\/06\/russinkakor\/\">\n\t\t\t\t\t\t\t\t\t\tRussinkakor*\t\t\t\t\t\t\t\t\t<\/a>\n\t\t\t\t\t\t\t\t<\/li>\n\t\t\t\t\t\t\t\t\t\t\t\t\t\t\t<li>\n\t\t\t\t\t\t\t\t\t<a href=\"https:\/\/www.stenmelin.se\/koket\/2017\/09\/rak-och-lojromsentre-hostens-forrattsdrottning\/\">\n\t\t\t\t\t\t\t\t\t\tR\u00e4k och l\u00f6jromsentr\u00e9 &#8211; h\u00f6stens f\u00f6rr\u00e4ttsdrottning\t\t\t\t\t\t\t\t\t<\/a>\n\t\t\t\t\t\t\t\t<\/li>\n\t\t\t\t\t\t\t\t\t\t\t\t\t\t\t<li>\n\t\t\t\t\t\t\t\t\t<a href=\"https:\/\/www.stenmelin.se\/koket\/2024\/07\/rak-och-laxrora\/\">\n\t\t\t\t\t\t\t\t\t\tR\u00e4k- och laxr\u00f6ra*\t\t\t\t\t\t\t\t\t<\/a>\n\t\t\t\t\t\t\t\t<\/li>\n\t\t\t\t\t\t\t\t\t\t\t\t\t\t\t<li>\n\t\t\t\t\t\t\t\t\t<a href=\"https:\/\/www.stenmelin.se\/koket\/2016\/03\/rakfond-ett-maste-i-varje-frys\/\">\n\t\t\t\t\t\t\t\t\t\tR\u00e4kfond &#8211; ett m\u00e5ste i varje frys\t\t\t\t\t\t\t\t\t<\/a>\n\t\t\t\t\t\t\t\t<\/li>\n\t\t\t\t\t\t\t\t\t\t\t\t\t\t\t<li>\n\t\t\t\t\t\t\t\t\t<a href=\"https:\/\/www.stenmelin.se\/koket\/2025\/05\/rakgryta\/\">\n\t\t\t\t\t\t\t\t\t\tR\u00e4kgryta*\t\t\t\t\t\t\t\t\t<\/a>\n\t\t\t\t\t\t\t\t<\/li>\n\t\t\t\t\t\t\t\t\t\t\t\t\t\t\t<li>\n\t\t\t\t\t\t\t\t\t<a href=\"https:\/\/www.stenmelin.se\/koket\/2017\/06\/rakor-i-currystuvning\/\">\n\t\t\t\t\t\t\t\t\t\tR\u00e4kor i currystuvning*\t\t\t\t\t\t\t\t\t<\/a>\n\t\t\t\t\t\t\t\t<\/li>\n\t\t\t\t\t\t\t\t\t\t\t\t\t\t\t<li>\n\t\t\t\t\t\t\t\t\t<a href=\"https:\/\/www.stenmelin.se\/koket\/2024\/07\/rakor-med-kraftsmak\/\">\n\t\t\t\t\t\t\t\t\t\tR\u00e4kor med kr\u00e4ftsmak*\t\t\t\t\t\t\t\t\t<\/a>\n\t\t\t\t\t\t\t\t<\/li>\n\t\t\t\t\t\t\t\t\t\t\t\t\t\t\t<li>\n\t\t\t\t\t\t\t\t\t<a href=\"https:\/\/www.stenmelin.se\/koket\/2025\/05\/rakrora\/\">\n\t\t\t\t\t\t\t\t\t\tR\u00e4kr\u00f6ra*\t\t\t\t\t\t\t\t\t<\/a>\n\t\t\t\t\t\t\t\t<\/li>\n\t\t\t\t\t\t\t\t\t\t\t\t\t\t\t<li>\n\t\t\t\t\t\t\t\t\t<a href=\"https:\/\/www.stenmelin.se\/koket\/2025\/06\/ratt-pa-sejfile-under-spenattacke\/\">\n\t\t\t\t\t\t\t\t\t\tR\u00e4tt p\u00e5 sejfil\u00e9 under spenatt\u00e4cke*\t\t\t\t\t\t\t\t\t<\/a>\n\t\t\t\t\t\t\t\t<\/li>\n\t\t\t\t\t\t\t\t\t\t\t\t\t\t\t<li>\n\t\t\t\t\t\t\t\t\t<a href=\"https:\/\/www.stenmelin.se\/koket\/2012\/01\/raraka-en-riktig-klassiker-i-husmanskoket-och-befriande-billigt\/\">\n\t\t\t\t\t\t\t\t\t\tR\u00e5raka &#8211; en riktig klassiker i husmansk\u00f6ket och befriande billigt\t\t\t\t\t\t\t\t\t<\/a>\n\t\t\t\t\t\t\t\t<\/li>\n\t\t\t\t\t\t\t\t\t\t\t\t\t\t\t<li>\n\t\t\t\t\t\t\t\t\t<a href=\"https:\/\/www.stenmelin.se\/koket\/2021\/02\/raraka-med-rakor-och-pepparrotskram-enkelt-och-rysligt-gott\/\">\n\t\t\t\t\t\t\t\t\t\tR\u00e5raka med r\u00e4kor och pepparrotskr\u00e4m &#8211; enkelt och rysligt gott\t\t\t\t\t\t\t\t\t<\/a>\n\t\t\t\t\t\t\t\t<\/li>\n\t\t\t\t\t\t\t\t\t\t\t\t\t\t\t<li>\n\t\t\t\t\t\t\t\t\t<a href=\"https:\/\/www.stenmelin.se\/koket\/2009\/03\/rastuvad-palsternackspotatis-en-rastuvad-overraskning\/\">\n\t\t\t\t\t\t\t\t\t\tR\u00e5stuvad palsternackspotatis &#8211; en r\u00e5stuvad \u00f6verraskning\t\t\t\t\t\t\t\t\t<\/a>\n\t\t\t\t\t\t\t\t<\/li>\n\t\t\t\t\t\t\t\t\t\t\t\t\t\t\t<li>\n\t\t\t\t\t\t\t\t\t<a href=\"https:\/\/www.stenmelin.se\/koket\/2022\/11\/rastuvad-potatis\/\">\n\t\t\t\t\t\t\t\t\t\tR\u00e5stuvad potatis\t\t\t\t\t\t\t\t\t<\/a>\n\t\t\t\t\t\t\t\t<\/li>\n\t\t\t\t\t\t\t\t\t\t\t\t\t\t\t<li>\n\t\t\t\t\t\t\t\t\t<a href=\"https:\/\/www.stenmelin.se\/koket\/2017\/09\/rod-tomatmarmelad-pa-den-rostade-brodskivan-i-hostmorkret\/\">\n\t\t\t\t\t\t\t\t\t\tR\u00f6d tomatmarmelad &#8211; p\u00e5 den rostade br\u00f6dskivan i h\u00f6stm\u00f6rkret\t\t\t\t\t\t\t\t\t<\/a>\n\t\t\t\t\t\t\t\t<\/li>\n\t\t\t\t\t\t\t\t\t\t\t\t\t\t\t<li>\n\t\t\t\t\t\t\t\t\t<a href=\"https:\/\/www.stenmelin.se\/koket\/2017\/11\/rodbetssoppa-vegetarisk\/\">\n\t\t\t\t\t\t\t\t\t\tR\u00f6dbetssoppa, vegetarisk*\t\t\t\t\t\t\t\t\t<\/a>\n\t\t\t\t\t\t\t\t<\/li>\n\t\t\t\t\t\t\t\t\t\t\t\t\t\t\t<li>\n\t\t\t\t\t\t\t\t\t<a href=\"https:\/\/www.stenmelin.se\/koket\/2017\/08\/rodloksmarmelad-ar-gott-till-bade-fisk-och-kott-och-som-marmelad-pa-rostat-brod\/\">\n\t\t\t\t\t\t\t\t\t\tR\u00f6dl\u00f6ksmarmelad &#8211; \u00e4r gott till b\u00e5de fisk och k\u00f6tt och som marmelad p\u00e5 rostat br\u00f6d\t\t\t\t\t\t\t\t\t<\/a>\n\t\t\t\t\t\t\t\t<\/li>\n\t\t\t\t\t\t\t\t\t\t\t\t\t\t\t<li>\n\t\t\t\t\t\t\t\t\t<a href=\"https:\/\/www.stenmelin.se\/koket\/2013\/03\/rodvinbrasserad-oxkind-oxkind-ar-en-smakrik-styckdel\/\">\n\t\t\t\t\t\t\t\t\t\tR\u00f6dvinbr\u00e4sserad oxkind &#8211; oxkind \u00e4r en smakrik styckdel\t\t\t\t\t\t\t\t\t<\/a>\n\t\t\t\t\t\t\t\t<\/li>\n\t\t\t\t\t\t\t\t\t\t\t\t\t\t\t<li>\n\t\t\t\t\t\t\t\t\t<a href=\"https:\/\/www.stenmelin.se\/koket\/2010\/05\/rokt-citron-ett-tillbehor-som-i-stort-satt-gor-sig-sjalv-i-grillen\/\">\n\t\t\t\t\t\t\t\t\t\tR\u00f6kt citron &#8211; ett tillbeh\u00f6r som i stort s\u00e4tt g\u00f6r sig sj\u00e4lv i grillen\t\t\t\t\t\t\t\t\t<\/a>\n\t\t\t\t\t\t\t\t<\/li>\n\t\t\t\t\t\t\t\t\t\t\t\t\t\t\t<li>\n\t\t\t\t\t\t\t\t\t<a href=\"https:\/\/www.stenmelin.se\/koket\/2010\/05\/rokt-lammstek-anvand-din-grill-att-varmroka-lammstek\/\">\n\t\t\t\t\t\t\t\t\t\tR\u00f6kt lammstek &#8211; anv\u00e4nd din grill att varmr\u00f6ka lammstek\t\t\t\t\t\t\t\t\t<\/a>\n\t\t\t\t\t\t\t\t<\/li>\n\t\t\t\t\t\t\t\t\t\t\t\t\t\t\t<li>\n\t\t\t\t\t\t\t\t\t<a href=\"https:\/\/www.stenmelin.se\/koket\/2016\/04\/rokt-varkyckling-en-suveran-fredagssurpris\/\">\n\t\t\t\t\t\t\t\t\t\tR\u00f6kt v\u00e5rkyckling &#8211; en suver\u00e4n fredagssurpris!\t\t\t\t\t\t\t\t\t<\/a>\n\t\t\t\t\t\t\t\t<\/li>\n\t\t\t\t\t\t\t\t\t\t\t\t\t\t\t<li>\n\t\t\t\t\t\t\t\t\t<a href=\"https:\/\/www.stenmelin.se\/koket\/2014\/11\/rokta-lammracks-med-karljohansvamp-och-vindruvor-helt-oemotstandligt\/\">\n\t\t\t\t\t\t\t\t\t\tR\u00f6kta lammracks med karljohansvamp och vindruvor &#8211; helt oemotst\u00e5ndligt\t\t\t\t\t\t\t\t\t<\/a>\n\t\t\t\t\t\t\t\t<\/li>\n\t\t\t\t\t\t\t\t\t\t\t\t\t\t\t<li>\n\t\t\t\t\t\t\t\t\t<a href=\"https:\/\/www.stenmelin.se\/koket\/2016\/12\/rokta-lammracks-med-raka-en-forratt-fran-himlen\/\">\n\t\t\t\t\t\t\t\t\t\tR\u00f6kta lammracks med r\u00e4ka &#8211; en f\u00f6rr\u00e4tt fr\u00e5n himlen\t\t\t\t\t\t\t\t\t<\/a>\n\t\t\t\t\t\t\t\t<\/li>\n\t\t\t\t\t\t\t\t\t\t\t\t\t\t\t<li>\n\t\t\t\t\t\t\t\t\t<a href=\"https:\/\/www.stenmelin.se\/koket\/2020\/07\/rora-ihop-kaka\/\">\n\t\t\t\t\t\t\t\t\t\tR\u00f6ra &#8211; ihop &#8211; kaka\t\t\t\t\t\t\t\t\t<\/a>\n\t\t\t\t\t\t\t\t<\/li>\n\t\t\t\t\t\t\t\t\t\t\t\t\t<\/ul>\n\t\t\t\t\t\t<div class=\"back-to-top\">\n\t\t\t\t\t\t\t<a href=\"#letters\">\n\t\t\t\t\t\t\t\tTillbaka till toppen\t\t\t\t\t\t\t<\/a>\n\t\t\t\t\t\t<\/div>\n\t\t\t\t\t<\/div>\n\t\t\t\t\t\t\t\t\t\t\t\t\t\t\t\t\t\t\t<div class=\"letter-section\"\n\t\t\t\t\t\tid=\"letter-S\">\n\t\t\t\t\t\t<h2 class=\"letter-title\">\n\t\t\t\t\t\t\t<span>\n\t\t\t\t\t\t\t\tS\t\t\t\t\t\t\t<\/span>\n\t\t\t\t\t\t<\/h2>\n\t\t\t\t\t\t\t\t\t\t\t\t<ul class=\"columns max-7-columns\">\n\t\t\t\t\t\t\t\t\t\t\t\t\t\t\t<li>\n\t\t\t\t\t\t\t\t\t<a href=\"https:\/\/www.stenmelin.se\/koket\/2024\/07\/saffrankaka-med-apelsin\/\">\n\t\t\t\t\t\t\t\t\t\tSaffrankaka med apelsin*\t\t\t\t\t\t\t\t\t<\/a>\n\t\t\t\t\t\t\t\t<\/li>\n\t\t\t\t\t\t\t\t\t\t\t\t\t\t\t<li>\n\t\t\t\t\t\t\t\t\t<a href=\"https:\/\/www.stenmelin.se\/koket\/2016\/04\/saffranskokt-vitkal-vitkal-i-lyxforpackning\/\">\n\t\t\t\t\t\t\t\t\t\tSaffranskokt vitk\u00e5l &#8211; vitk\u00e5l i lyxf\u00f6rpackning\t\t\t\t\t\t\t\t\t<\/a>\n\t\t\t\t\t\t\t\t<\/li>\n\t\t\t\t\t\t\t\t\t\t\t\t\t\t\t<li>\n\t\t\t\t\t\t\t\t\t<a href=\"https:\/\/www.stenmelin.se\/koket\/2024\/07\/saffranssockerkaka\/\">\n\t\t\t\t\t\t\t\t\t\tSaffranssockerkaka*\t\t\t\t\t\t\t\t\t<\/a>\n\t\t\t\t\t\t\t\t<\/li>\n\t\t\t\t\t\t\t\t\t\t\t\t\t\t\t<li>\n\t\t\t\t\t\t\t\t\t<a href=\"https:\/\/www.stenmelin.se\/koket\/2017\/01\/sallader-och-salladssaser\/\">\n\t\t\t\t\t\t\t\t\t\tSallader och salladss\u00e5ser*\t\t\t\t\t\t\t\t\t<\/a>\n\t\t\t\t\t\t\t\t<\/li>\n\t\t\t\t\t\t\t\t\t\t\t\t\t\t\t<li>\n\t\t\t\t\t\t\t\t\t<a href=\"https:\/\/www.stenmelin.se\/koket\/2017\/08\/salladsfat\/\">\n\t\t\t\t\t\t\t\t\t\tSalladsfat*\t\t\t\t\t\t\t\t\t<\/a>\n\t\t\t\t\t\t\t\t<\/li>\n\t\t\t\t\t\t\t\t\t\t\t\t\t\t\t<li>\n\t\t\t\t\t\t\t\t\t<a href=\"https:\/\/www.stenmelin.se\/koket\/2008\/01\/salsa-verde-gor-nagot-hett-av-hostens-sista-omogna-tomater\/\">\n\t\t\t\t\t\t\t\t\t\tSalsa verde &#8211; g\u00f6r n\u00e5got hett av h\u00f6stens sista omogna tomater\t\t\t\t\t\t\t\t\t<\/a>\n\t\t\t\t\t\t\t\t<\/li>\n\t\t\t\t\t\t\t\t\t\t\t\t\t\t\t<li>\n\t\t\t\t\t\t\t\t\t<a href=\"https:\/\/www.stenmelin.se\/koket\/2017\/06\/sandwischtarta\/\">\n\t\t\t\t\t\t\t\t\t\tSandwischt\u00e5rta*\t\t\t\t\t\t\t\t\t<\/a>\n\t\t\t\t\t\t\t\t<\/li>\n\t\t\t\t\t\t\t\t\t\t\t\t\t\t\t<li>\n\t\t\t\t\t\t\t\t\t<a href=\"https:\/\/www.stenmelin.se\/koket\/2008\/01\/gravad-stromming-en-god-stromming-till-sillbordet\/\">\n\t\t\t\t\t\t\t\t\t\tSenapsgravad str\u00f6mming &#8211; en god str\u00f6mming till sillbordet\t\t\t\t\t\t\t\t\t<\/a>\n\t\t\t\t\t\t\t\t<\/li>\n\t\t\t\t\t\t\t\t\t\t\t\t\t\t\t<li>\n\t\t\t\t\t\t\t\t\t<a href=\"https:\/\/www.stenmelin.se\/koket\/2025\/06\/senapssill\/\">\n\t\t\t\t\t\t\t\t\t\tSenapssill*\t\t\t\t\t\t\t\t\t<\/a>\n\t\t\t\t\t\t\t\t<\/li>\n\t\t\t\t\t\t\t\t\t\t\t\t\t\t\t<li>\n\t\t\t\t\t\t\t\t\t<a href=\"https:\/\/www.stenmelin.se\/koket\/2016\/08\/signhilds-mjuka-pepparkaka-ur-margits-noterlingshaften\/\">\n\t\t\t\t\t\t\t\t\t\tSignhilds mjuka pepparkaka*\t\t\t\t\t\t\t\t\t<\/a>\n\t\t\t\t\t\t\t\t<\/li>\n\t\t\t\t\t\t\t\t\t\t\t\t\t\t\t<li>\n\t\t\t\t\t\t\t\t\t<a href=\"https:\/\/www.stenmelin.se\/koket\/2017\/06\/signilds-pepparkakor\/\">\n\t\t\t\t\t\t\t\t\t\tSignilds pepparkakor*\t\t\t\t\t\t\t\t\t<\/a>\n\t\t\t\t\t\t\t\t<\/li>\n\t\t\t\t\t\t\t\t\t\t\t\t\t\t\t<li>\n\t\t\t\t\t\t\t\t\t<a href=\"https:\/\/www.stenmelin.se\/koket\/2013\/03\/sikklamma-en-smaskens-snabblunch\/\">\n\t\t\t\t\t\t\t\t\t\tSikkl\u00e4mma &#8211; en smaskens snabblunch\t\t\t\t\t\t\t\t\t<\/a>\n\t\t\t\t\t\t\t\t<\/li>\n\t\t\t\t\t\t\t\t\t\t\t\t\t\t\t<li>\n\t\t\t\t\t\t\t\t\t<a href=\"https:\/\/www.stenmelin.se\/koket\/2023\/08\/sirapskakor\/\">\n\t\t\t\t\t\t\t\t\t\tSirapskakor*\t\t\t\t\t\t\t\t\t<\/a>\n\t\t\t\t\t\t\t\t<\/li>\n\t\t\t\t\t\t\t\t\t\t\t\t\t\t\t<li>\n\t\t\t\t\t\t\t\t\t<a href=\"https:\/\/www.stenmelin.se\/koket\/2017\/10\/skarpsas\/\">\n\t\t\t\t\t\t\t\t\t\tSkarps\u00e5s*\t\t\t\t\t\t\t\t\t<\/a>\n\t\t\t\t\t\t\t\t<\/li>\n\t\t\t\t\t\t\t\t\t\t\t\t\t\t\t<li>\n\t\t\t\t\t\t\t\t\t<a href=\"https:\/\/www.stenmelin.se\/koket\/2016\/11\/skinka-med-senapskram-en-sofistikerad-aptitretare\/\">\n\t\t\t\t\t\t\t\t\t\tSkinka med senapskr\u00e4m &#8211; en sofistikerad aptitretare\t\t\t\t\t\t\t\t\t<\/a>\n\t\t\t\t\t\t\t\t<\/li>\n\t\t\t\t\t\t\t\t\t\t\t\t\t\t\t<li>\n\t\t\t\t\t\t\t\t\t<a href=\"https:\/\/www.stenmelin.se\/koket\/2017\/08\/skurna-kakor\/\">\n\t\t\t\t\t\t\t\t\t\tSkurna kakor*\t\t\t\t\t\t\t\t\t<\/a>\n\t\t\t\t\t\t\t\t<\/li>\n\t\t\t\t\t\t\t\t\t\t\t\t\t\t\t<li>\n\t\t\t\t\t\t\t\t\t<a href=\"https:\/\/www.stenmelin.se\/koket\/2017\/06\/skurna-notkakor\/\">\n\t\t\t\t\t\t\t\t\t\tSkurna n\u00f6tkakor*\t\t\t\t\t\t\t\t\t<\/a>\n\t\t\t\t\t\t\t\t<\/li>\n\t\t\t\t\t\t\t\t\t\t\t\t\t\t\t<li>\n\t\t\t\t\t\t\t\t\t<a href=\"https:\/\/www.stenmelin.se\/koket\/2017\/10\/skurna-pepparkakor-tveklost-mina-favoriter-bland-pepparkakor\/\">\n\t\t\t\t\t\t\t\t\t\tSkurna pepparkakor &#8211; tvekl\u00f6st mina favoriter bland pepparkakor\t\t\t\t\t\t\t\t\t<\/a>\n\t\t\t\t\t\t\t\t<\/li>\n\t\t\t\t\t\t\t\t\t\t\t\t\t\t\t<li>\n\t\t\t\t\t\t\t\t\t<a href=\"https:\/\/www.stenmelin.se\/koket\/2017\/06\/skurna-pepparkakor\/\">\n\t\t\t\t\t\t\t\t\t\tSkurna pepparkakor*\t\t\t\t\t\t\t\t\t<\/a>\n\t\t\t\t\t\t\t\t<\/li>\n\t\t\t\t\t\t\t\t\t\t\t\t\t\t\t<li>\n\t\t\t\t\t\t\t\t\t<a href=\"https:\/\/www.stenmelin.se\/koket\/2010\/06\/slat-tomatsalsa-en-kryddig-tomatupplevelse\/\">\n\t\t\t\t\t\t\t\t\t\tSl\u00e4t tomatsalsa &#8211; en kryddig tomatupplevelse\t\t\t\t\t\t\t\t\t<\/a>\n\t\t\t\t\t\t\t\t<\/li>\n\t\t\t\t\t\t\t\t\t\t\t\t\t\t\t<li>\n\t\t\t\t\t\t\t\t\t<a href=\"https:\/\/www.stenmelin.se\/koket\/2025\/06\/smulpaj-med-cornflakes\/\">\n\t\t\t\t\t\t\t\t\t\tSmulpaj med cornflakes*\t\t\t\t\t\t\t\t\t<\/a>\n\t\t\t\t\t\t\t\t<\/li>\n\t\t\t\t\t\t\t\t\t\t\t\t\t\t\t<li>\n\t\t\t\t\t\t\t\t\t<a href=\"https:\/\/www.stenmelin.se\/koket\/2017\/06\/smorfrast-sologa\/\">\n\t\t\t\t\t\t\t\t\t\tSm\u00f6rfr\u00e4st sol\u00f6ga*\t\t\t\t\t\t\t\t\t<\/a>\n\t\t\t\t\t\t\t\t<\/li>\n\t\t\t\t\t\t\t\t\t\t\t\t\t\t\t<li>\n\t\t\t\t\t\t\t\t\t<a href=\"https:\/\/www.stenmelin.se\/koket\/2021\/04\/smorstekt-abborre-med-apelsinsas-en-riktig-varprimor\/\">\n\t\t\t\t\t\t\t\t\t\tSm\u00f6rstekt abborre med apelsins\u00e5s &#8211; en riktig v\u00e5rprim\u00f6r\t\t\t\t\t\t\t\t\t<\/a>\n\t\t\t\t\t\t\t\t<\/li>\n\t\t\t\t\t\t\t\t\t\t\t\t\t\t\t<li>\n\t\t\t\t\t\t\t\t\t<a href=\"https:\/\/www.stenmelin.se\/koket\/2016\/10\/smorstekt-kalvbrass\/\">\n\t\t\t\t\t\t\t\t\t\tSm\u00f6rstekt kalvbr\u00e4ss*\t\t\t\t\t\t\t\t\t<\/a>\n\t\t\t\t\t\t\t\t<\/li>\n\t\t\t\t\t\t\t\t\t\t\t\t\t\t\t<li>\n\t\t\t\t\t\t\t\t\t<a href=\"https:\/\/www.stenmelin.se\/koket\/2021\/04\/smor-stekt-piggvar-med-muskelsas\/\">\n\t\t\t\t\t\t\t\t\t\tSm\u00f6rstekt piggvar med murkels\u00e5s\t\t\t\t\t\t\t\t\t<\/a>\n\t\t\t\t\t\t\t\t<\/li>\n\t\t\t\t\t\t\t\t\t\t\t\t\t\t\t<li>\n\t\t\t\t\t\t\t\t\t<a href=\"https:\/\/www.stenmelin.se\/koket\/2020\/07\/snabba-vitloksrakor\/\">\n\t\t\t\t\t\t\t\t\t\tSnabba vitl\u00f6ksr\u00e4kor*\t\t\t\t\t\t\t\t\t<\/a>\n\t\t\t\t\t\t\t\t<\/li>\n\t\t\t\t\t\t\t\t\t\t\t\t\t\t\t<li>\n\t\t\t\t\t\t\t\t\t<a href=\"https:\/\/www.stenmelin.se\/koket\/2011\/07\/snabbgravad-stromming-en-karaktarsfast-stromming-med-vuxen-smak\/\">\n\t\t\t\t\t\t\t\t\t\tSnabbgravad str\u00f6mming &#8211; en karakt\u00e4rsfast str\u00f6mming med vuxen smak\t\t\t\t\t\t\t\t\t<\/a>\n\t\t\t\t\t\t\t\t<\/li>\n\t\t\t\t\t\t\t\t\t\t\t\t\t\t\t<li>\n\t\t\t\t\t\t\t\t\t<a href=\"https:\/\/www.stenmelin.se\/koket\/2011\/07\/snabbinlagda-rodbetor-en-av-sommarens-allra-lackraste-primorer\/\">\n\t\t\t\t\t\t\t\t\t\tSnabbinlagda r\u00f6dbetor &#8211; en av sommarens allra l\u00e4ckraste prim\u00f6rer\t\t\t\t\t\t\t\t\t<\/a>\n\t\t\t\t\t\t\t\t<\/li>\n\t\t\t\t\t\t\t\t\t\t\t\t\t\t\t<li>\n\t\t\t\t\t\t\t\t\t<a href=\"https:\/\/www.stenmelin.se\/koket\/2011\/04\/snabbstekta-lammnjurar-en-snabblagad-och-mycket-god-liten-forratt-av-lammmnjure\/\">\n\t\t\t\t\t\t\t\t\t\tSnabbstekta lammnjurar &#8211; en snabblagad och mycket god liten f\u00f6rr\u00e4tt av lammmnjure\t\t\t\t\t\t\t\t\t<\/a>\n\t\t\t\t\t\t\t\t<\/li>\n\t\t\t\t\t\t\t\t\t\t\t\t\t\t\t<li>\n\t\t\t\t\t\t\t\t\t<a href=\"https:\/\/www.stenmelin.se\/koket\/2014\/11\/sniglar-i-pikant-sas-en-trevlig-liten-forratt\/\">\n\t\t\t\t\t\t\t\t\t\tSniglar i pikant s\u00e5s &#8211; en trevlig liten f\u00f6rr\u00e4tt\t\t\t\t\t\t\t\t\t<\/a>\n\t\t\t\t\t\t\t\t<\/li>\n\t\t\t\t\t\t\t\t\t\t\t\t\t\t\t<li>\n\t\t\t\t\t\t\t\t\t<a href=\"https:\/\/www.stenmelin.se\/koket\/2016\/10\/sol-drink\/\">\n\t\t\t\t\t\t\t\t\t\tSol-drink*\t\t\t\t\t\t\t\t\t<\/a>\n\t\t\t\t\t\t\t\t<\/li>\n\t\t\t\t\t\t\t\t\t\t\t\t\t\t\t<li>\n\t\t\t\t\t\t\t\t\t<a href=\"https:\/\/www.stenmelin.se\/koket\/2014\/10\/spaghetti-med-kycklinglever-och-sardeller-ett-lyckat-giftermal\/\">\n\t\t\t\t\t\t\t\t\t\tSpaghetti med kycklinglever och sardeller &#8211; ett lyckat gifterm\u00e5l\t\t\t\t\t\t\t\t\t<\/a>\n\t\t\t\t\t\t\t\t<\/li>\n\t\t\t\t\t\t\t\t\t\t\t\t\t\t\t<li>\n\t\t\t\t\t\t\t\t\t<a href=\"https:\/\/www.stenmelin.se\/koket\/2017\/06\/sparris-varens-drottning\/\">\n\t\t\t\t\t\t\t\t\t\tSparris &#8211; v\u00e5rens drottning\t\t\t\t\t\t\t\t\t<\/a>\n\t\t\t\t\t\t\t\t<\/li>\n\t\t\t\t\t\t\t\t\t\t\t\t\t\t\t<li>\n\t\t\t\t\t\t\t\t\t<a href=\"https:\/\/www.stenmelin.se\/koket\/2015\/06\/sparris-tempurafriterad-varens-primor\/\">\n\t\t\t\t\t\t\t\t\t\tSparris (tempurafriterad) &#8211; v\u00e5rens prim\u00f6r\t\t\t\t\t\t\t\t\t<\/a>\n\t\t\t\t\t\t\t\t<\/li>\n\t\t\t\t\t\t\t\t\t\t\t\t\t\t\t<li>\n\t\t\t\t\t\t\t\t\t<a href=\"https:\/\/www.stenmelin.se\/koket\/2021\/05\/sparrissoppa-ett-forsommarmaste\/\">\n\t\t\t\t\t\t\t\t\t\tSparrissoppa &#8211; gott som tusan\t\t\t\t\t\t\t\t\t<\/a>\n\t\t\t\t\t\t\t\t<\/li>\n\t\t\t\t\t\t\t\t\t\t\t\t\t\t\t<li>\n\t\t\t\t\t\t\t\t\t<a href=\"https:\/\/www.stenmelin.se\/koket\/2020\/07\/spenatyoghurt\/\">\n\t\t\t\t\t\t\t\t\t\tSpenatyoghurt*\t\t\t\t\t\t\t\t\t<\/a>\n\t\t\t\t\t\t\t\t<\/li>\n\t\t\t\t\t\t\t\t\t\t\t\t\t\t\t<li>\n\t\t\t\t\t\t\t\t\t<a href=\"https:\/\/www.stenmelin.se\/koket\/2020\/08\/squashsoppa-en-riktig-sommarsoppa\/\">\n\t\t\t\t\t\t\t\t\t\tSquashsoppa &#8211; en riktig sommarsoppa\t\t\t\t\t\t\t\t\t<\/a>\n\t\t\t\t\t\t\t\t<\/li>\n\t\t\t\t\t\t\t\t\t\t\t\t\t\t\t<li>\n\t\t\t\t\t\t\t\t\t<a href=\"https:\/\/www.stenmelin.se\/koket\/2014\/06\/stekt-lammlever-med-loksas-och-klyftpotatis-njutbar-mild-lammlever\/\">\n\t\t\t\t\t\t\t\t\t\tStekt lammlever med l\u00f6ks\u00e5s och klyftpotatis &#8211; lammlever en mycket underskattad delikatess\t\t\t\t\t\t\t\t\t<\/a>\n\t\t\t\t\t\t\t\t<\/li>\n\t\t\t\t\t\t\t\t\t\t\t\t\t\t\t<li>\n\t\t\t\t\t\t\t\t\t<a href=\"https:\/\/www.stenmelin.se\/koket\/2010\/06\/stekt-laxskin-knackebrod-med-stekt-laxskinn-somrigare-blir-det-inte\/\">\n\t\t\t\t\t\t\t\t\t\tStekt laxskin &#8211; kn\u00e4ckebr\u00f6d med stekt laxskinn, somrigare blir det inte&#8230;\t\t\t\t\t\t\t\t\t<\/a>\n\t\t\t\t\t\t\t\t<\/li>\n\t\t\t\t\t\t\t\t\t\t\t\t\t\t\t<li>\n\t\t\t\t\t\t\t\t\t<a href=\"https:\/\/www.stenmelin.se\/koket\/2017\/06\/stekt-lever\/\">\n\t\t\t\t\t\t\t\t\t\tStekt lever*\t\t\t\t\t\t\t\t\t<\/a>\n\t\t\t\t\t\t\t\t<\/li>\n\t\t\t\t\t\t\t\t\t\t\t\t\t\t\t<li>\n\t\t\t\t\t\t\t\t\t<a href=\"https:\/\/www.stenmelin.se\/koket\/2007\/11\/stekt-lok-med-balsamvinager\/\">\n\t\t\t\t\t\t\t\t\t\tStekt l\u00f6k med balsamvin\u00e4ger\t\t\t\t\t\t\t\t\t<\/a>\n\t\t\t\t\t\t\t\t<\/li>\n\t\t\t\t\t\t\t\t\t\t\t\t\t\t\t<li>\n\t\t\t\t\t\t\t\t\t<a href=\"https:\/\/www.stenmelin.se\/koket\/2013\/03\/stekt-sill-med-loksas-en-riktig-klassiker-bland-fiskratter\/\">\n\t\t\t\t\t\t\t\t\t\tStekt sill med l\u00f6ks\u00e5s &#8211; en riktig klassiker bland fiskr\u00e4tter\t\t\t\t\t\t\t\t\t<\/a>\n\t\t\t\t\t\t\t\t<\/li>\n\t\t\t\t\t\t\t\t\t\t\t\t\t\t\t<li>\n\t\t\t\t\t\t\t\t\t<a href=\"https:\/\/www.stenmelin.se\/koket\/2011\/08\/stekta-abborrfileer-underbara-abborrfileer-med-doft-och-sting-av-ostern\/\">\n\t\t\t\t\t\t\t\t\t\tStekta abborrfil\u00e9er &#8211; underbara abborrfil\u00e9er med doft och sting av \u00f6stern\t\t\t\t\t\t\t\t\t<\/a>\n\t\t\t\t\t\t\t\t<\/li>\n\t\t\t\t\t\t\t\t\t\t\t\t\t\t\t<li>\n\t\t\t\t\t\t\t\t\t<a href=\"https:\/\/www.stenmelin.se\/koket\/2007\/10\/stekta-chilirakor-heta-och-mumsiga\/\">\n\t\t\t\t\t\t\t\t\t\tStekta chilir\u00e4kor &#8211; heta och mumsiga\t\t\t\t\t\t\t\t\t<\/a>\n\t\t\t\t\t\t\t\t<\/li>\n\t\t\t\t\t\t\t\t\t\t\t\t\t\t\t<li>\n\t\t\t\t\t\t\t\t\t<a href=\"https:\/\/www.stenmelin.se\/koket\/2013\/04\/stekta-rakor-med-balsamicolok-mot-varen-med-lite-rakor-som-far-gommen-att-jubla\/\">\n\t\t\t\t\t\t\t\t\t\tStekta r\u00e4kor med balsamicol\u00f6k &#8211; m\u00f6t v\u00e5ren med lite r\u00e4kor som f\u00e5r gommen att jubla\t\t\t\t\t\t\t\t\t<\/a>\n\t\t\t\t\t\t\t\t<\/li>\n\t\t\t\t\t\t\t\t\t\t\t\t\t\t\t<li>\n\t\t\t\t\t\t\t\t\t<a href=\"https:\/\/www.stenmelin.se\/koket\/2008\/12\/stekta-squashslantar-en-god-valuta\/\">\n\t\t\t\t\t\t\t\t\t\tStekta squashslantar &#8211; en god valuta\t\t\t\t\t\t\t\t\t<\/a>\n\t\t\t\t\t\t\t\t<\/li>\n\t\t\t\t\t\t\t\t\t\t\t\t\t\t\t<li>\n\t\t\t\t\t\t\t\t\t<a href=\"https:\/\/www.stenmelin.se\/koket\/2015\/05\/stora-grillade-rakor-med-laxskinn-en-munsbit-till-valkomstbubblet\/\">\n\t\t\t\t\t\t\t\t\t\tStora grillade r\u00e4kor med laxskinn &#8211; en munsbit till v\u00e4lkomstbubblet\t\t\t\t\t\t\t\t\t<\/a>\n\t\t\t\t\t\t\t\t<\/li>\n\t\t\t\t\t\t\t\t\t\t\t\t\t\t\t<li>\n\t\t\t\t\t\t\t\t\t<a href=\"https:\/\/www.stenmelin.se\/koket\/2011\/03\/stora-rakor-med-paprika-en-underbar-liten-och-lattlagad-forratt\/\">\n\t\t\t\t\t\t\t\t\t\tStora r\u00e4kor med paprika &#8211; en underbar liten och l\u00e4ttlagad f\u00f6rr\u00e4tt\t\t\t\t\t\t\t\t\t<\/a>\n\t\t\t\t\t\t\t\t<\/li>\n\t\t\t\t\t\t\t\t\t\t\t\t\t\t\t<li>\n\t\t\t\t\t\t\t\t\t<a href=\"https:\/\/www.stenmelin.se\/koket\/2016\/10\/storkoket\/\">\n\t\t\t\t\t\t\t\t\t\tStorkoket*\t\t\t\t\t\t\t\t\t<\/a>\n\t\t\t\t\t\t\t\t<\/li>\n\t\t\t\t\t\t\t\t\t\t\t\t\t\t\t<li>\n\t\t\t\t\t\t\t\t\t<a href=\"https:\/\/www.stenmelin.se\/koket\/2016\/11\/strass\/\">\n\t\t\t\t\t\t\t\t\t\tStrass*\t\t\t\t\t\t\t\t\t<\/a>\n\t\t\t\t\t\t\t\t<\/li>\n\t\t\t\t\t\t\t\t\t\t\t\t\t\t\t<li>\n\t\t\t\t\t\t\t\t\t<a href=\"https:\/\/www.stenmelin.se\/koket\/2017\/06\/strommingslada\/\">\n\t\t\t\t\t\t\t\t\t\tStr\u00f6mmingsl\u00e5da*\t\t\t\t\t\t\t\t\t<\/a>\n\t\t\t\t\t\t\t\t<\/li>\n\t\t\t\t\t\t\t\t\t\t\t\t\t\t\t<li>\n\t\t\t\t\t\t\t\t\t<a href=\"https:\/\/www.stenmelin.se\/koket\/2016\/11\/strommingsklamma-med-pepparrotskram-en-njutning\/\">\n\t\t\t\t\t\t\t\t\t\tStr\u00f6mmingsrulle med pepparrotskr\u00e4m &#8211; en njutning\t\t\t\t\t\t\t\t\t<\/a>\n\t\t\t\t\t\t\t\t<\/li>\n\t\t\t\t\t\t\t\t\t\t\t\t\t\t\t<li>\n\t\t\t\t\t\t\t\t\t<a href=\"https:\/\/www.stenmelin.se\/koket\/2008\/06\/strommingstrippel-som-overraskar-och-retar-gommen-i-vid-sommargrillen\/\">\n\t\t\t\t\t\t\t\t\t\tStr\u00f6mmingstrippel som \u00f6verraskar och retar gommen i vid sommargrillen.\t\t\t\t\t\t\t\t\t<\/a>\n\t\t\t\t\t\t\t\t<\/li>\n\t\t\t\t\t\t\t\t\t\t\t\t\t\t\t<li>\n\t\t\t\t\t\t\t\t\t<a href=\"https:\/\/www.stenmelin.se\/koket\/2017\/01\/stuvad-brysselkal-med-russin-och-pinjenotter-gott-till-det-mesta-eller-som-solitar\/\">\n\t\t\t\t\t\t\t\t\t\tStuvad brysselk\u00e5l med russin och pinjen\u00f6tter &#8211; gott till det mesta eller som solit\u00e4r\t\t\t\t\t\t\t\t\t<\/a>\n\t\t\t\t\t\t\t\t<\/li>\n\t\t\t\t\t\t\t\t\t\t\t\t\t\t\t<li>\n\t\t\t\t\t\t\t\t\t<a href=\"https:\/\/www.stenmelin.se\/koket\/2008\/10\/svamp-och-portvinssoppa-med-rostad-grynsopp-en-lysande-forrattssoppa-infor-viltsteken\/\">\n\t\t\t\t\t\t\t\t\t\tSvamp- och portvinssoppa med rostad grynsopp &#8211; en lysande f\u00f6rr\u00e4ttssoppa inf\u00f6r viltsteken\t\t\t\t\t\t\t\t\t<\/a>\n\t\t\t\t\t\t\t\t<\/li>\n\t\t\t\t\t\t\t\t\t\t\t\t\t\t\t<li>\n\t\t\t\t\t\t\t\t\t<a href=\"https:\/\/www.stenmelin.se\/koket\/2016\/07\/svampfras-med-paprika\/\">\n\t\t\t\t\t\t\t\t\t\tSvampfr\u00e4s med paprika &#8211; gott till fisk och k\u00f6tt\t\t\t\t\t\t\t\t\t<\/a>\n\t\t\t\t\t\t\t\t<\/li>\n\t\t\t\t\t\t\t\t\t\t\t\t\t\t\t<li>\n\t\t\t\t\t\t\t\t\t<a href=\"https:\/\/www.stenmelin.se\/koket\/2021\/10\/svamprisotto-ett-givet-val-i-svamptider\/\">\n\t\t\t\t\t\t\t\t\t\tSvamprisotto &#8211; ett givet val i svamptider\t\t\t\t\t\t\t\t\t<\/a>\n\t\t\t\t\t\t\t\t<\/li>\n\t\t\t\t\t\t\t\t\t\t\t\t\t\t\t<li>\n\t\t\t\t\t\t\t\t\t<a href=\"https:\/\/www.stenmelin.se\/koket\/2020\/10\/svampsoppa-snabbt-gott-och-enkelt\/\">\n\t\t\t\t\t\t\t\t\t\tSvampsoppa &#8211; snabbt, gott och enkelt\t\t\t\t\t\t\t\t\t<\/a>\n\t\t\t\t\t\t\t\t<\/li>\n\t\t\t\t\t\t\t\t\t\t\t\t\t\t\t<li>\n\t\t\t\t\t\t\t\t\t<a href=\"https:\/\/www.stenmelin.se\/koket\/2010\/09\/svart-pasta-med-blackfisksas-dramatiskt-pa-talriken\/\">\n\t\t\t\t\t\t\t\t\t\tSvart pasta med bl\u00e4ckfisks\u00e5s &#8211; dramatiskt p\u00e5 talriken\t\t\t\t\t\t\t\t\t<\/a>\n\t\t\t\t\t\t\t\t<\/li>\n\t\t\t\t\t\t\t\t\t\t\t\t\t\t\t<li>\n\t\t\t\t\t\t\t\t\t<a href=\"https:\/\/www.stenmelin.se\/koket\/2025\/06\/sverigekakor\/\">\n\t\t\t\t\t\t\t\t\t\tSverigekakor*\t\t\t\t\t\t\t\t\t<\/a>\n\t\t\t\t\t\t\t\t<\/li>\n\t\t\t\t\t\t\t\t\t\t\t\t\t\t\t<li>\n\t\t\t\t\t\t\t\t\t<a href=\"https:\/\/www.stenmelin.se\/koket\/2016\/10\/syjuntans-mandel-och-smorkramstarta\/\">\n\t\t\t\t\t\t\t\t\t\tSyjuntans mandel- och sm\u00f6rkr\u00e4mst\u00e5rta*\t\t\t\t\t\t\t\t\t<\/a>\n\t\t\t\t\t\t\t\t<\/li>\n\t\t\t\t\t\t\t\t\t\t\t\t\t\t\t<li>\n\t\t\t\t\t\t\t\t\t<a href=\"https:\/\/www.stenmelin.se\/koket\/2014\/10\/syrade-gronsaker\/\">\n\t\t\t\t\t\t\t\t\t\tSyrade gr\u00f6nsaker\t\t\t\t\t\t\t\t\t<\/a>\n\t\t\t\t\t\t\t\t<\/li>\n\t\t\t\t\t\t\t\t\t\t\t\t\t\t\t<li>\n\t\t\t\t\t\t\t\t\t<a href=\"https:\/\/www.stenmelin.se\/koket\/2016\/10\/sangfrokens-brod-ett-suverant-gott-baguettliknande-brod\/\">\n\t\t\t\t\t\t\t\t\t\tS\u00e5ngfr\u00f6kens br\u00f6d &#8211; ett suver\u00e4nt gott baguettliknande br\u00f6d\t\t\t\t\t\t\t\t\t<\/a>\n\t\t\t\t\t\t\t\t<\/li>\n\t\t\t\t\t\t\t\t\t\t\t\t\t\t\t<li>\n\t\t\t\t\t\t\t\t\t<a href=\"https:\/\/www.stenmelin.se\/koket\/2010\/01\/sondagsbuffe\/\">\n\t\t\t\t\t\t\t\t\t\tS\u00f6ndagsbuff\u00e9\t\t\t\t\t\t\t\t\t<\/a>\n\t\t\t\t\t\t\t\t<\/li>\n\t\t\t\t\t\t\t\t\t\t\t\t\t<\/ul>\n\t\t\t\t\t\t<div class=\"back-to-top\">\n\t\t\t\t\t\t\t<a href=\"#letters\">\n\t\t\t\t\t\t\t\tTillbaka till toppen\t\t\t\t\t\t\t<\/a>\n\t\t\t\t\t\t<\/div>\n\t\t\t\t\t<\/div>\n\t\t\t\t\t\t\t\t\t\t\t\t\t\t\t\t\t\t\t<div class=\"letter-section\"\n\t\t\t\t\t\tid=\"letter-T\">\n\t\t\t\t\t\t<h2 class=\"letter-title\">\n\t\t\t\t\t\t\t<span>\n\t\t\t\t\t\t\t\tT\t\t\t\t\t\t\t<\/span>\n\t\t\t\t\t\t<\/h2>\n\t\t\t\t\t\t\t\t\t\t\t\t<ul class=\"columns max-4-columns\">\n\t\t\t\t\t\t\t\t\t\t\t\t\t\t\t<li>\n\t\t\t\t\t\t\t\t\t<a href=\"https:\/\/www.stenmelin.se\/koket\/2008\/07\/tagliatelle-al-salmone-affumicato-picante-en-enkel-och-supergod-sommarpasta-med-uppiggande-mild-chilihetta\/\">\n\t\t\t\t\t\t\t\t\t\tTagliatelle al salmone affumicato picante &#8211; en enkel och supergod sommarpasta med uppiggande mild chilihetta\t\t\t\t\t\t\t\t\t<\/a>\n\t\t\t\t\t\t\t\t<\/li>\n\t\t\t\t\t\t\t\t\t\t\t\t\t\t\t<li>\n\t\t\t\t\t\t\t\t\t<a href=\"https:\/\/www.stenmelin.se\/koket\/2021\/01\/tapenade-sa-gott\/\">\n\t\t\t\t\t\t\t\t\t\tTapenade &#8211; en v\u00e4ldigt stor sats\t\t\t\t\t\t\t\t\t<\/a>\n\t\t\t\t\t\t\t\t<\/li>\n\t\t\t\t\t\t\t\t\t\t\t\t\t\t\t<li>\n\t\t\t\t\t\t\t\t\t<a href=\"https:\/\/www.stenmelin.se\/koket\/2021\/01\/tapenade-gott-pa-en-rostad-brodbit\/\">\n\t\t\t\t\t\t\t\t\t\tTapenade &#8211; gott p\u00e5 en rostad br\u00f6dbit\t\t\t\t\t\t\t\t\t<\/a>\n\t\t\t\t\t\t\t\t<\/li>\n\t\t\t\t\t\t\t\t\t\t\t\t\t\t\t<li>\n\t\t\t\t\t\t\t\t\t<a href=\"https:\/\/www.stenmelin.se\/koket\/2025\/06\/tekakor-efter-elsie-larsson\/\">\n\t\t\t\t\t\t\t\t\t\tTekakor efter Elsie Larsson*\t\t\t\t\t\t\t\t\t<\/a>\n\t\t\t\t\t\t\t\t<\/li>\n\t\t\t\t\t\t\t\t\t\t\t\t\t\t\t<li>\n\t\t\t\t\t\t\t\t\t<a href=\"https:\/\/www.stenmelin.se\/koket\/2017\/01\/tempura-kyckling-frasiga-och-lackra\/\">\n\t\t\t\t\t\t\t\t\t\tTempura kyckling &#8211; frasiga och l\u00e4ckra\t\t\t\t\t\t\t\t\t<\/a>\n\t\t\t\t\t\t\t\t<\/li>\n\t\t\t\t\t\t\t\t\t\t\t\t\t\t\t<li>\n\t\t\t\t\t\t\t\t\t<a href=\"https:\/\/www.stenmelin.se\/koket\/2025\/06\/tinas-tre-sillar\/\">\n\t\t\t\t\t\t\t\t\t\tTinas tre sillar*\t\t\t\t\t\t\t\t\t<\/a>\n\t\t\t\t\t\t\t\t<\/li>\n\t\t\t\t\t\t\t\t\t\t\t\t\t\t\t<li>\n\t\t\t\t\t\t\t\t\t<a href=\"https:\/\/www.stenmelin.se\/koket\/2010\/09\/tomat-och-fankalsallad-en-annorlunda-sallad-pa-sommarens-sista-omogna-tomater\/\">\n\t\t\t\t\t\t\t\t\t\tTomat och f\u00e4nk\u00e5lsallad &#8211; en annorlunda sallad p\u00e5 sommarens sista omogna tomater\t\t\t\t\t\t\t\t\t<\/a>\n\t\t\t\t\t\t\t\t<\/li>\n\t\t\t\t\t\t\t\t\t\t\t\t\t\t\t<li>\n\t\t\t\t\t\t\t\t\t<a href=\"https:\/\/www.stenmelin.se\/koket\/2008\/12\/tomat-och-squashsallad-ett-gott-gronsaksinslag-pa-buffebordet\/\">\n\t\t\t\t\t\t\t\t\t\tTomat och zucchinosallad &#8211; ett gott gr\u00f6nsaksinslag p\u00e5 buff\u00e9bordet\t\t\t\t\t\t\t\t\t<\/a>\n\t\t\t\t\t\t\t\t<\/li>\n\t\t\t\t\t\t\t\t\t\t\t\t\t\t\t<li>\n\t\t\t\t\t\t\t\t\t<a href=\"https:\/\/www.stenmelin.se\/koket\/2014\/09\/tomat-och-chevremacka-ett-frukostmaste\/\">\n\t\t\t\t\t\t\t\t\t\tTomat- och chevremacka &#8211; ett frukostm\u00e5ste\t\t\t\t\t\t\t\t\t<\/a>\n\t\t\t\t\t\t\t\t<\/li>\n\t\t\t\t\t\t\t\t\t\t\t\t\t\t\t<li>\n\t\t\t\t\t\t\t\t\t<a href=\"https:\/\/www.stenmelin.se\/koket\/2013\/02\/tomat-och-myntasallad-en-valdigt-god-och-uppiggande-tomatvariant\/\">\n\t\t\t\t\t\t\t\t\t\tTomat- och Myntasallad &#8211; en v\u00e4ldigt god och uppiggande tomatvariant\t\t\t\t\t\t\t\t\t<\/a>\n\t\t\t\t\t\t\t\t<\/li>\n\t\t\t\t\t\t\t\t\t\t\t\t\t\t\t<li>\n\t\t\t\t\t\t\t\t\t<a href=\"https:\/\/www.stenmelin.se\/koket\/2017\/09\/tomatessens-hur-har-man-klarat-sig-utan\/\">\n\t\t\t\t\t\t\t\t\t\tTomatessens &#8211; hur har man klarat sig utan??\t\t\t\t\t\t\t\t\t<\/a>\n\t\t\t\t\t\t\t\t<\/li>\n\t\t\t\t\t\t\t\t\t\t\t\t\t\t\t<li>\n\t\t\t\t\t\t\t\t\t<a href=\"https:\/\/www.stenmelin.se\/koket\/2017\/09\/tomatketchup-ett-maste-till-makaronipudding\/\">\n\t\t\t\t\t\t\t\t\t\tTomatketchup &#8211; ett m\u00e5ste till makaronipudding\t\t\t\t\t\t\t\t\t<\/a>\n\t\t\t\t\t\t\t\t<\/li>\n\t\t\t\t\t\t\t\t\t\t\t\t\t\t\t<li>\n\t\t\t\t\t\t\t\t\t<a href=\"https:\/\/www.stenmelin.se\/koket\/2011\/07\/tomatsallad-med-ost-en-tomatsallad-pa-nagot-undermogna-nyplockade-tomater\/\">\n\t\t\t\t\t\t\t\t\t\tTomatsallad med ost &#8211; en tomatsallad p\u00e5 n\u00e5got undermogna nyplockade tomater\t\t\t\t\t\t\t\t\t<\/a>\n\t\t\t\t\t\t\t\t<\/li>\n\t\t\t\t\t\t\t\t\t\t\t\t\t\t\t<li>\n\t\t\t\t\t\t\t\t\t<a href=\"https:\/\/www.stenmelin.se\/koket\/2013\/09\/tomatsas-picante-en-rustik-tomatsas-med-inneboende-sotma-och-toppad-med-ett-distinkt-chilidrag\/\">\n\t\t\t\t\t\t\t\t\t\tTomats\u00e5s (picante) &#8211; en rustik tomats\u00e5s med inneboende s\u00f6tma och toppad med ett distinkt chilidrag\t\t\t\t\t\t\t\t\t<\/a>\n\t\t\t\t\t\t\t\t<\/li>\n\t\t\t\t\t\t\t\t\t\t\t\t\t\t\t<li>\n\t\t\t\t\t\t\t\t\t<a href=\"https:\/\/www.stenmelin.se\/koket\/2014\/08\/tomatsas-med-basilika-en-tomatsas-som-kan-anvandas-overallt-dar-tomater-hor-hemma\/\">\n\t\t\t\t\t\t\t\t\t\tTomats\u00e5s med basilika &#8211; en tomats\u00e5s som kan anv\u00e4ndas \u00f6verallt d\u00e4r tomater h\u00f6r hemma\t\t\t\t\t\t\t\t\t<\/a>\n\t\t\t\t\t\t\t\t<\/li>\n\t\t\t\t\t\t\t\t\t\t\t\t\t\t\t<li>\n\t\t\t\t\t\t\t\t\t<a href=\"https:\/\/www.stenmelin.se\/koket\/2021\/11\/tomatsas-med-stjarnanis\/\">\n\t\t\t\t\t\t\t\t\t\tTomats\u00e5s med stj\u00e4rnanis\t\t\t\t\t\t\t\t\t<\/a>\n\t\t\t\t\t\t\t\t<\/li>\n\t\t\t\t\t\t\t\t\t\t\t\t\t\t\t<li>\n\t\t\t\t\t\t\t\t\t<a href=\"https:\/\/www.stenmelin.se\/koket\/2007\/10\/torkad-korsbarstomat-gott-i-sallad-och-som-solitar\/\">\n\t\t\t\t\t\t\t\t\t\tTorkad k\u00f6rsb\u00e4rstomat &#8211; gott i sallad och som solit\u00e4r\t\t\t\t\t\t\t\t\t<\/a>\n\t\t\t\t\t\t\t\t<\/li>\n\t\t\t\t\t\t\t\t\t\t\t\t\t\t\t<li>\n\t\t\t\t\t\t\t\t\t<a href=\"https:\/\/www.stenmelin.se\/koket\/2024\/06\/torkad-stromming\/\">\n\t\t\t\t\t\t\t\t\t\tTorkad str\u00f6mming\t\t\t\t\t\t\t\t\t<\/a>\n\t\t\t\t\t\t\t\t<\/li>\n\t\t\t\t\t\t\t\t\t\t\t\t\t\t\t<li>\n\t\t\t\t\t\t\t\t\t<a href=\"https:\/\/www.stenmelin.se\/koket\/2010\/07\/torkad-stromming-ytterligare-en-variant-pa-stromming-denna-med-asiatiskt-ursprung\/\">\n\t\t\t\t\t\t\t\t\t\tTorkad str\u00f6mming &#8211; ytterligare en variant p\u00e5 str\u00f6mming, denna med asiatiskt ursprung\t\t\t\t\t\t\t\t\t<\/a>\n\t\t\t\t\t\t\t\t<\/li>\n\t\t\t\t\t\t\t\t\t\t\t\t\t\t\t<li>\n\t\t\t\t\t\t\t\t\t<a href=\"https:\/\/www.stenmelin.se\/koket\/2014\/08\/torkad-svartkal-nyttigare-an-chips-till-fredagsmyset\/\">\n\t\t\t\t\t\t\t\t\t\tTorkad svartk\u00e5l &#8211; nyttigare \u00e4n chips till fredagsmyset\t\t\t\t\t\t\t\t\t<\/a>\n\t\t\t\t\t\t\t\t<\/li>\n\t\t\t\t\t\t\t\t\t\t\t\t\t\t\t<li>\n\t\t\t\t\t\t\t\t\t<a href=\"https:\/\/www.stenmelin.se\/koket\/2014\/05\/torkat-lamm-gor-ditt-eget-smorgaspalagg\/\">\n\t\t\t\t\t\t\t\t\t\tTorkat lamm &#8211; g\u00f6r ditt eget sm\u00f6rg\u00e5sp\u00e5l\u00e4gg\t\t\t\t\t\t\t\t\t<\/a>\n\t\t\t\t\t\t\t\t<\/li>\n\t\t\t\t\t\t\t\t\t\t\t\t\t\t\t<li>\n\t\t\t\t\t\t\t\t\t<a href=\"https:\/\/www.stenmelin.se\/koket\/2009\/03\/torkat-lattrokt-sidflask-pancetta-ett-gott-och-billigt-alternativ-till-det-kopta-vattenbemangda-baconet\/\">\n\t\t\t\t\t\t\t\t\t\tTorkat l\u00e4ttr\u00f6kt sidfl\u00e4sk (Pancetta) &#8211; ett gott och billigt alternativ till det k\u00f6pta vattenbem\u00e4ngda baconet\t\t\t\t\t\t\t\t\t<\/a>\n\t\t\t\t\t\t\t\t<\/li>\n\t\t\t\t\t\t\t\t\t\t\t\t\t\t\t<li>\n\t\t\t\t\t\t\t\t\t<a href=\"https:\/\/www.stenmelin.se\/koket\/2020\/07\/torskfileratt\/\">\n\t\t\t\t\t\t\t\t\t\tTorskfil\u00e9r\u00e4tt*\t\t\t\t\t\t\t\t\t<\/a>\n\t\t\t\t\t\t\t\t<\/li>\n\t\t\t\t\t\t\t\t\t\t\t\t\t\t\t<li>\n\t\t\t\t\t\t\t\t\t<a href=\"https:\/\/www.stenmelin.se\/koket\/2017\/02\/torskromssoppa\/\">\n\t\t\t\t\t\t\t\t\t\tTorskromssoppa &#8211; delikat liten f\u00f6rr\u00e4tt\t\t\t\t\t\t\t\t\t<\/a>\n\t\t\t\t\t\t\t\t<\/li>\n\t\t\t\t\t\t\t\t\t\t\t\t\t\t\t<li>\n\t\t\t\t\t\t\t\t\t<a href=\"https:\/\/www.stenmelin.se\/koket\/2020\/06\/toscarabarber-perfekt-till-sommarkaffet\/\">\n\t\t\t\t\t\t\t\t\t\tToscarabarber &#8211; perfekt till sommarkaffet\t\t\t\t\t\t\t\t\t<\/a>\n\t\t\t\t\t\t\t\t<\/li>\n\t\t\t\t\t\t\t\t\t\t\t\t\t\t\t<li>\n\t\t\t\t\t\t\t\t\t<a href=\"https:\/\/www.stenmelin.se\/koket\/2013\/06\/tre-crostini-en-god-och-start-pa-middagen\/\">\n\t\t\t\t\t\t\t\t\t\tTre Crostini &#8211; en god och start p\u00e5 middagen\t\t\t\t\t\t\t\t\t<\/a>\n\t\t\t\t\t\t\t\t<\/li>\n\t\t\t\t\t\t\t\t\t\t\t\t\t\t\t<li>\n\t\t\t\t\t\t\t\t\t<a href=\"https:\/\/www.stenmelin.se\/koket\/2018\/02\/tryffelpasta-en-gava-fran-gudarna\/\">\n\t\t\t\t\t\t\t\t\t\tTryffelpasta &#8211; en g\u00e5va fr\u00e5n gudarna\t\t\t\t\t\t\t\t\t<\/a>\n\t\t\t\t\t\t\t\t<\/li>\n\t\t\t\t\t\t\t\t\t\t\t\t\t\t\t<li>\n\t\t\t\t\t\t\t\t\t<a href=\"https:\/\/www.stenmelin.se\/koket\/2021\/10\/tryffelrisotto-en-hostfrojd\/\">\n\t\t\t\t\t\t\t\t\t\tTryffelrisotto &#8211; en h\u00f6stfr\u00f6jd\t\t\t\t\t\t\t\t\t<\/a>\n\t\t\t\t\t\t\t\t<\/li>\n\t\t\t\t\t\t\t\t\t\t\t\t\t\t\t<li>\n\t\t\t\t\t\t\t\t\t<a href=\"https:\/\/www.stenmelin.se\/koket\/2010\/11\/tryffelsmor-den-totala-vardagslyxen-som-lyser-upp-en-hel-vecka\/\">\n\t\t\t\t\t\t\t\t\t\tTryffelsm\u00f6r &#8211; den totala vardagslyxen som lyser upp en hel vecka\t\t\t\t\t\t\t\t\t<\/a>\n\t\t\t\t\t\t\t\t<\/li>\n\t\t\t\t\t\t\t\t\t\t\t\t\t\t\t<li>\n\t\t\t\t\t\t\t\t\t<a href=\"https:\/\/www.stenmelin.se\/koket\/2025\/06\/tsasiki\/\">\n\t\t\t\t\t\t\t\t\t\tTsasiki*\t\t\t\t\t\t\t\t\t<\/a>\n\t\t\t\t\t\t\t\t<\/li>\n\t\t\t\t\t\t\t\t\t\t\t\t\t\t\t<li>\n\t\t\t\t\t\t\t\t\t<a href=\"https:\/\/www.stenmelin.se\/koket\/2008\/11\/tunnbringa-av-lamm-god-middag-av-en-styckningsdetalj-som-ofta-hamnar-i-soporna\/\">\n\t\t\t\t\t\t\t\t\t\tTunnbringa av lamm &#8211; god middag av en styckningsdetalj som ofta hamnar i soporna.\t\t\t\t\t\t\t\t\t<\/a>\n\t\t\t\t\t\t\t\t<\/li>\n\t\t\t\t\t\t\t\t\t\t\t\t\t\t\t<li>\n\t\t\t\t\t\t\t\t\t<a href=\"https:\/\/www.stenmelin.se\/koket\/2014\/05\/tunnbringa-av-lamm-i-vacumpase-ett-extremt-lattlagat-langkok-pa-en-forbisedd-billig-styckdetalj-och-rysligt-gott\/\">\n\t\t\t\t\t\t\t\t\t\tTunnbringa av lamm i vacump\u00e5se &#8211; ett extremt l\u00e4ttlagat l\u00e5ngkok p\u00e5 en f\u00f6rbisedd billig styckdetalj och rysligt gott\t\t\t\t\t\t\t\t\t<\/a>\n\t\t\t\t\t\t\t\t<\/li>\n\t\t\t\t\t\t\t\t\t\t\t\t\t\t\t<li>\n\t\t\t\t\t\t\t\t\t<a href=\"https:\/\/www.stenmelin.se\/koket\/2018\/03\/tunnbrod-ett-ryssbaltrecept\/\">\n\t\t\t\t\t\t\t\t\t\tTunnbr\u00f6d &#8211; ett Ryssb\u00e4ltrecept\t\t\t\t\t\t\t\t\t<\/a>\n\t\t\t\t\t\t\t\t<\/li>\n\t\t\t\t\t\t\t\t\t\t\t\t\t\t\t<li>\n\t\t\t\t\t\t\t\t\t<a href=\"https:\/\/www.stenmelin.se\/koket\/2017\/06\/tuttans-fantasi\/\">\n\t\t\t\t\t\t\t\t\t\tTuttans fantasi*\t\t\t\t\t\t\t\t\t<\/a>\n\t\t\t\t\t\t\t\t<\/li>\n\t\t\t\t\t\t\t\t\t\t\t\t\t\t\t<li>\n\t\t\t\t\t\t\t\t\t<a href=\"https:\/\/www.stenmelin.se\/koket\/2017\/07\/tysk-paj\/\">\n\t\t\t\t\t\t\t\t\t\tTysk paj*\t\t\t\t\t\t\t\t\t<\/a>\n\t\t\t\t\t\t\t\t<\/li>\n\t\t\t\t\t\t\t\t\t\t\t\t\t<\/ul>\n\t\t\t\t\t\t<div class=\"back-to-top\">\n\t\t\t\t\t\t\t<a href=\"#letters\">\n\t\t\t\t\t\t\t\tTillbaka till toppen\t\t\t\t\t\t\t<\/a>\n\t\t\t\t\t\t<\/div>\n\t\t\t\t\t<\/div>\n\t\t\t\t\t\t\t\t\t\t\t\t\t\t\t\t\t\t\t<div class=\"letter-section\"\n\t\t\t\t\t\tid=\"letter-U\">\n\t\t\t\t\t\t<h2 class=\"letter-title\">\n\t\t\t\t\t\t\t<span>\n\t\t\t\t\t\t\t\tU\t\t\t\t\t\t\t<\/span>\n\t\t\t\t\t\t<\/h2>\n\t\t\t\t\t\t\t\t\t\t\t\t<ul class=\"columns max-1-columns\">\n\t\t\t\t\t\t\t\t\t\t\t\t\t\t\t<li>\n\t\t\t\t\t\t\t\t\t<a href=\"https:\/\/www.stenmelin.se\/koket\/2025\/06\/ugnsbakad-lax-med-senap-och-dragon\/\">\n\t\t\t\t\t\t\t\t\t\tUgnsbakad lax med senap och dragon*\t\t\t\t\t\t\t\t\t<\/a>\n\t\t\t\t\t\t\t\t<\/li>\n\t\t\t\t\t\t\t\t\t\t\t\t\t\t\t<li>\n\t\t\t\t\t\t\t\t\t<a href=\"https:\/\/www.stenmelin.se\/koket\/2018\/03\/ugnsbakad-och-varmrokt-flasklagg-tidskravande-och-gott\/\">\n\t\t\t\t\t\t\t\t\t\tUgnsbakad och varmr\u00f6kt fl\u00e4skl\u00e4gg &#8211; tidskr\u00e4vande och gott\t\t\t\t\t\t\t\t\t<\/a>\n\t\t\t\t\t\t\t\t<\/li>\n\t\t\t\t\t\t\t\t\t\t\t\t\t\t\t<li>\n\t\t\t\t\t\t\t\t\t<a href=\"https:\/\/www.stenmelin.se\/koket\/2023\/03\/ugnsrostad-stromming\/\">\n\t\t\t\t\t\t\t\t\t\tUgnsrostad str\u00f6mming\t\t\t\t\t\t\t\t\t<\/a>\n\t\t\t\t\t\t\t\t<\/li>\n\t\t\t\t\t\t\t\t\t\t\t\t\t\t\t<li>\n\t\t\t\t\t\t\t\t\t<a href=\"https:\/\/www.stenmelin.se\/koket\/2023\/10\/ugnsrostade-potatisskivor\/\">\n\t\t\t\t\t\t\t\t\t\tUgnsrostade potatisskivor\t\t\t\t\t\t\t\t\t<\/a>\n\t\t\t\t\t\t\t\t<\/li>\n\t\t\t\t\t\t\t\t\t\t\t\t\t\t\t<li>\n\t\t\t\t\t\t\t\t\t<a href=\"https:\/\/www.stenmelin.se\/koket\/2024\/07\/ugnsrotade-gronsaker\/\">\n\t\t\t\t\t\t\t\t\t\tUgnsrotade gr\u00f6nsaker*\t\t\t\t\t\t\t\t\t<\/a>\n\t\t\t\t\t\t\t\t<\/li>\n\t\t\t\t\t\t\t\t\t\t\t\t\t\t\t<li>\n\t\t\t\t\t\t\t\t\t<a href=\"https:\/\/www.stenmelin.se\/koket\/2025\/06\/ullas-formar\/\">\n\t\t\t\t\t\t\t\t\t\tUllas formar*\t\t\t\t\t\t\t\t\t<\/a>\n\t\t\t\t\t\t\t\t<\/li>\n\t\t\t\t\t\t\t\t\t\t\t\t\t\t\t<li>\n\t\t\t\t\t\t\t\t\t<a href=\"https:\/\/www.stenmelin.se\/koket\/2014\/05\/ungsbakad-varkyckling-med-rostade-rotsaker-lattlagad-festmaltid-for-tva\/\">\n\t\t\t\t\t\t\t\t\t\tUngsbakad v\u00e5rkyckling med rostade rotsaker &#8211; l\u00e4ttlagad festm\u00e5ltid f\u00f6r tv\u00e5\t\t\t\t\t\t\t\t\t<\/a>\n\t\t\t\t\t\t\t\t<\/li>\n\t\t\t\t\t\t\t\t\t\t\t\t\t\t\t<li>\n\t\t\t\t\t\t\t\t\t<a href=\"https:\/\/www.stenmelin.se\/koket\/2017\/07\/uppstekt-kyckling\/\">\n\t\t\t\t\t\t\t\t\t\tUppstekt kyckling*\t\t\t\t\t\t\t\t\t<\/a>\n\t\t\t\t\t\t\t\t<\/li>\n\t\t\t\t\t\t\t\t\t\t\t\t\t\t\t<li>\n\t\t\t\t\t\t\t\t\t<a href=\"https:\/\/www.stenmelin.se\/koket\/2017\/06\/ur-husmoderns-julnummer-en-sorts-julstjarnor\/\">\n\t\t\t\t\t\t\t\t\t\tUr husmoderns julnummer* &#8211; en sorts julstj\u00e4rnor\t\t\t\t\t\t\t\t\t<\/a>\n\t\t\t\t\t\t\t\t<\/li>\n\t\t\t\t\t\t\t\t\t\t\t\t\t<\/ul>\n\t\t\t\t\t\t<div class=\"back-to-top\">\n\t\t\t\t\t\t\t<a href=\"#letters\">\n\t\t\t\t\t\t\t\tTillbaka till toppen\t\t\t\t\t\t\t<\/a>\n\t\t\t\t\t\t<\/div>\n\t\t\t\t\t<\/div>\n\t\t\t\t\t\t\t\t\t\t\t\t\t\t\t\t\t\t\t<div class=\"letter-section\"\n\t\t\t\t\t\tid=\"letter-V\">\n\t\t\t\t\t\t<h2 class=\"letter-title\">\n\t\t\t\t\t\t\t<span>\n\t\t\t\t\t\t\t\tV\t\t\t\t\t\t\t<\/span>\n\t\t\t\t\t\t<\/h2>\n\t\t\t\t\t\t\t\t\t\t\t\t<ul class=\"columns max-3-columns\">\n\t\t\t\t\t\t\t\t\t\t\t\t\t\t\t<li>\n\t\t\t\t\t\t\t\t\t<a href=\"https:\/\/www.stenmelin.se\/koket\/2014\/09\/varm-chokladbakelse-med-tillbehor-en-chokladefterratt-ar-aldrig-fel\/\">\n\t\t\t\t\t\t\t\t\t\tVarm chokladbakelse med tillbeh\u00f6r &#8211; en chokladefterr\u00e4tt \u00e4r aldrig fel\t\t\t\t\t\t\t\t\t<\/a>\n\t\t\t\t\t\t\t\t<\/li>\n\t\t\t\t\t\t\t\t\t\t\t\t\t\t\t<li>\n\t\t\t\t\t\t\t\t\t<a href=\"https:\/\/www.stenmelin.se\/koket\/2009\/03\/vilda-pannkakor-en-karaktarsfast-pannkaksvariant\/\">\n\t\t\t\t\t\t\t\t\t\tVilda pannkakor &#8211; en karakt\u00e4rsfast pannkaksvariant\t\t\t\t\t\t\t\t\t<\/a>\n\t\t\t\t\t\t\t\t<\/li>\n\t\t\t\t\t\t\t\t\t\t\t\t\t\t\t<li>\n\t\t\t\t\t\t\t\t\t<a href=\"https:\/\/www.stenmelin.se\/koket\/2021\/10\/vildsvinsburgare-hamburgaren-till-en-ny-niva\/\">\n\t\t\t\t\t\t\t\t\t\tVildsvinsburgare &#8211; hamburgaren till en ny niv\u00e5\t\t\t\t\t\t\t\t\t<\/a>\n\t\t\t\t\t\t\t\t<\/li>\n\t\t\t\t\t\t\t\t\t\t\t\t\t\t\t<li>\n\t\t\t\t\t\t\t\t\t<a href=\"https:\/\/www.stenmelin.se\/koket\/2020\/12\/vin-och-honungskokta-fikon-en-sanslost-raffinerad-avslutning-pa-vilken-middag-som-helst\/\">\n\t\t\t\t\t\t\t\t\t\tVin och honungskokta fikon &#8211; en sansl\u00f6st raffinerad avslutning p\u00e5 vilken middag som helst\t\t\t\t\t\t\t\t\t<\/a>\n\t\t\t\t\t\t\t\t<\/li>\n\t\t\t\t\t\t\t\t\t\t\t\t\t\t\t<li>\n\t\t\t\t\t\t\t\t\t<a href=\"https:\/\/www.stenmelin.se\/koket\/2016\/05\/vinbraserad-tupplarsrullad-en-fantastisk-bjudratt\/\">\n\t\t\t\t\t\t\t\t\t\tVinbr\u00e4serad tuppl\u00e5rsrullad &#8211; en fantastisk bjudr\u00e4tt\t\t\t\t\t\t\t\t\t<\/a>\n\t\t\t\t\t\t\t\t<\/li>\n\t\t\t\t\t\t\t\t\t\t\t\t\t\t\t<li>\n\t\t\t\t\t\t\t\t\t<a href=\"https:\/\/www.stenmelin.se\/koket\/2020\/07\/vinkokt-kalv-med-massor-av-basilika\/\">\n\t\t\t\t\t\t\t\t\t\tVinkokt kalv med massor av basilika*\t\t\t\t\t\t\t\t\t<\/a>\n\t\t\t\t\t\t\t\t<\/li>\n\t\t\t\t\t\t\t\t\t\t\t\t\t\t\t<li>\n\t\t\t\t\t\t\t\t\t<a href=\"https:\/\/www.stenmelin.se\/koket\/2014\/08\/vitkalskokihop-ett-suverant-kombo-till-halstrad-fisk-eller-grillat-kott\/\">\n\t\t\t\t\t\t\t\t\t\tVitk\u00e5lskokihop \u2013 ett suver\u00e4nt kombo till halstrad fisk eller grillat k\u00f6tt\t\t\t\t\t\t\t\t\t<\/a>\n\t\t\t\t\t\t\t\t<\/li>\n\t\t\t\t\t\t\t\t\t\t\t\t\t\t\t<li>\n\t\t\t\t\t\t\t\t\t<a href=\"https:\/\/www.stenmelin.se\/koket\/2007\/10\/4662\/\">\n\t\t\t\t\t\t\t\t\t\tVitl\u00f6k och paprikasm\u00f6r\t\t\t\t\t\t\t\t\t<\/a>\n\t\t\t\t\t\t\t\t<\/li>\n\t\t\t\t\t\t\t\t\t\t\t\t\t\t\t<li>\n\t\t\t\t\t\t\t\t\t<a href=\"https:\/\/www.stenmelin.se\/koket\/2008\/01\/vitlokschutey-god-chutney-ratt-och-slatt\/\">\n\t\t\t\t\t\t\t\t\t\tVitl\u00f6kschutey &#8211; god chutney r\u00e4tt och sl\u00e4tt\t\t\t\t\t\t\t\t\t<\/a>\n\t\t\t\t\t\t\t\t<\/li>\n\t\t\t\t\t\t\t\t\t\t\t\t\t\t\t<li>\n\t\t\t\t\t\t\t\t\t<a href=\"https:\/\/www.stenmelin.se\/koket\/2010\/04\/vitloksconfit-ett-maste-i-kylen\/\">\n\t\t\t\t\t\t\t\t\t\tVitl\u00f6ksconfit &#8211; ett m\u00e5ste i kylen\t\t\t\t\t\t\t\t\t<\/a>\n\t\t\t\t\t\t\t\t<\/li>\n\t\t\t\t\t\t\t\t\t\t\t\t\t\t\t<li>\n\t\t\t\t\t\t\t\t\t<a href=\"https:\/\/www.stenmelin.se\/koket\/2020\/07\/vitlokspasta-med-basilika-och-olivolja\/\">\n\t\t\t\t\t\t\t\t\t\tVitl\u00f6kspasta med basilika och olivolja*\t\t\t\t\t\t\t\t\t<\/a>\n\t\t\t\t\t\t\t\t<\/li>\n\t\t\t\t\t\t\t\t\t\t\t\t\t\t\t<li>\n\t\t\t\t\t\t\t\t\t<a href=\"https:\/\/www.stenmelin.se\/koket\/2020\/07\/vitlokssill\/\">\n\t\t\t\t\t\t\t\t\t\tVitl\u00f6kssill*\t\t\t\t\t\t\t\t\t<\/a>\n\t\t\t\t\t\t\t\t<\/li>\n\t\t\t\t\t\t\t\t\t\t\t\t\t\t\t<li>\n\t\t\t\t\t\t\t\t\t<a href=\"https:\/\/www.stenmelin.se\/koket\/2025\/06\/vitlokssill-2\/\">\n\t\t\t\t\t\t\t\t\t\tVitl\u00f6kssill*\t\t\t\t\t\t\t\t\t<\/a>\n\t\t\t\t\t\t\t\t<\/li>\n\t\t\t\t\t\t\t\t\t\t\t\t\t\t\t<li>\n\t\t\t\t\t\t\t\t\t<a href=\"https:\/\/www.stenmelin.se\/koket\/2014\/05\/vitlokssoppa-en-soppan-med-en-sensationellt-mild-framtoning\/\">\n\t\t\t\t\t\t\t\t\t\tVitl\u00f6kssoppa &#8211; en soppan med en sensationellt mild framtoning\t\t\t\t\t\t\t\t\t<\/a>\n\t\t\t\t\t\t\t\t<\/li>\n\t\t\t\t\t\t\t\t\t\t\t\t\t\t\t<li>\n\t\t\t\t\t\t\t\t\t<a href=\"https:\/\/www.stenmelin.se\/koket\/2013\/06\/vitloksstromming-ar-inledningen-pa-hela-sommaren\/\">\n\t\t\t\t\t\t\t\t\t\tVitl\u00f6ksstr\u00f6mming &#8211; \u00e4r inledningen p\u00e5 hela sommaren\t\t\t\t\t\t\t\t\t<\/a>\n\t\t\t\t\t\t\t\t<\/li>\n\t\t\t\t\t\t\t\t\t\t\t\t\t\t\t<li>\n\t\t\t\t\t\t\t\t\t<a href=\"https:\/\/www.stenmelin.se\/koket\/2025\/06\/rompalt\/\">\n\t\t\t\t\t\t\t\t\t\tVivans Rompalt*\t\t\t\t\t\t\t\t\t<\/a>\n\t\t\t\t\t\t\t\t<\/li>\n\t\t\t\t\t\t\t\t\t\t\t\t\t\t\t<li>\n\t\t\t\t\t\t\t\t\t<a href=\"https:\/\/www.stenmelin.se\/koket\/2016\/12\/vaderkvarnsbrod\/\">\n\t\t\t\t\t\t\t\t\t\tV\u00e4derkvarnsbr\u00f6d*\t\t\t\t\t\t\t\t\t<\/a>\n\t\t\t\t\t\t\t\t<\/li>\n\t\t\t\t\t\t\t\t\t\t\t\t\t\t\t<li>\n\t\t\t\t\t\t\t\t\t<a href=\"https:\/\/www.stenmelin.se\/koket\/2017\/06\/varmlandstarta\/\">\n\t\t\t\t\t\t\t\t\t\tV\u00e4rmlandst\u00e5rta*\t\t\t\t\t\t\t\t\t<\/a>\n\t\t\t\t\t\t\t\t<\/li>\n\t\t\t\t\t\t\t\t\t\t\t\t\t\t\t<li>\n\t\t\t\t\t\t\t\t\t<a href=\"https:\/\/www.stenmelin.se\/koket\/2024\/07\/varmlandstarta-2\/\">\n\t\t\t\t\t\t\t\t\t\tV\u00e4rmlandst\u00e5rta*\t\t\t\t\t\t\t\t\t<\/a>\n\t\t\t\t\t\t\t\t<\/li>\n\t\t\t\t\t\t\t\t\t\t\t\t\t\t\t<li>\n\t\t\t\t\t\t\t\t\t<a href=\"https:\/\/www.stenmelin.se\/koket\/2025\/06\/vastebottensostsmor\/\">\n\t\t\t\t\t\t\t\t\t\tV\u00e4stebottensostsm\u00f6r*\t\t\t\t\t\t\t\t\t<\/a>\n\t\t\t\t\t\t\t\t<\/li>\n\t\t\t\t\t\t\t\t\t\t\t\t\t\t\t<li>\n\t\t\t\t\t\t\t\t\t<a href=\"https:\/\/www.stenmelin.se\/koket\/2025\/06\/vafflor\/\">\n\t\t\t\t\t\t\t\t\t\tV\u00e5fflor*\t\t\t\t\t\t\t\t\t<\/a>\n\t\t\t\t\t\t\t\t<\/li>\n\t\t\t\t\t\t\t\t\t\t\t\t\t<\/ul>\n\t\t\t\t\t\t<div class=\"back-to-top\">\n\t\t\t\t\t\t\t<a href=\"#letters\">\n\t\t\t\t\t\t\t\tTillbaka till toppen\t\t\t\t\t\t\t<\/a>\n\t\t\t\t\t\t<\/div>\n\t\t\t\t\t<\/div>\n\t\t\t\t\t\t\t\t\t\t\t\t\t\t\t\t\t\t\t\t\t\t\t\t\t\t\t\t\t\t\t\t\t\t\t\t\t\t\t<div class=\"letter-section\"\n\t\t\t\t\t\tid=\"letter-\u00c4\">\n\t\t\t\t\t\t<h2 class=\"letter-title\">\n\t\t\t\t\t\t\t<span>\n\t\t\t\t\t\t\t\t\u00c4\t\t\t\t\t\t\t<\/span>\n\t\t\t\t\t\t<\/h2>\n\t\t\t\t\t\t\t\t\t\t\t\t<ul class=\"columns max-1-columns\">\n\t\t\t\t\t\t\t\t\t\t\t\t\t\t\t<li>\n\t\t\t\t\t\t\t\t\t<a href=\"https:\/\/www.stenmelin.se\/koket\/2020\/07\/adel-kottfarspaj\/\">\n\t\t\t\t\t\t\t\t\t\t\u00c4del k\u00f6ttf\u00e4rspaj*\t\t\t\t\t\t\t\t\t<\/a>\n\t\t\t\t\t\t\t\t<\/li>\n\t\t\t\t\t\t\t\t\t\t\t\t\t\t\t<li>\n\t\t\t\t\t\t\t\t\t<a href=\"https:\/\/www.stenmelin.se\/koket\/2016\/03\/adelost-och-babyspenatpasta-lattare-blir-det-inte\/\">\n\t\t\t\t\t\t\t\t\t\t\u00c4delost och babyspenatpasta &#8211; l\u00e4ttare blir det inte\t\t\t\t\t\t\t\t\t<\/a>\n\t\t\t\t\t\t\t\t<\/li>\n\t\t\t\t\t\t\t\t\t\t\t\t\t\t\t<li>\n\t\t\t\t\t\t\t\t\t<a href=\"https:\/\/www.stenmelin.se\/koket\/2016\/11\/aggvitekaka\/\">\n\t\t\t\t\t\t\t\t\t\t\u00c4ggvitekaka*\t\t\t\t\t\t\t\t\t<\/a>\n\t\t\t\t\t\t\t\t<\/li>\n\t\t\t\t\t\t\t\t\t\t\t\t\t\t\t<li>\n\t\t\t\t\t\t\t\t\t<a href=\"https:\/\/www.stenmelin.se\/koket\/2017\/06\/appelkaka\/\">\n\t\t\t\t\t\t\t\t\t\t\u00c4ppelkaka*\t\t\t\t\t\t\t\t\t<\/a>\n\t\t\t\t\t\t\t\t<\/li>\n\t\t\t\t\t\t\t\t\t\t\t\t\t\t\t<li>\n\t\t\t\t\t\t\t\t\t<a href=\"https:\/\/www.stenmelin.se\/koket\/2015\/12\/appelros-sla-dina-vanner-med-hapnad\/\">\n\t\t\t\t\t\t\t\t\t\t\u00c4ppelros &#8211; sl\u00e5 dina v\u00e4nner med h\u00e4pnad\t\t\t\t\t\t\t\t\t<\/a>\n\t\t\t\t\t\t\t\t<\/li>\n\t\t\t\t\t\t\t\t\t\t\t\t\t\t\t<li>\n\t\t\t\t\t\t\t\t\t<a href=\"https:\/\/www.stenmelin.se\/koket\/2014\/09\/apple-hostens-sjalvklara-efterrattsfrukt\/\">\n\t\t\t\t\t\t\t\t\t\t\u00c4pple &#8211; h\u00f6stens sj\u00e4lvklara efterr\u00e4ttsfrukt\t\t\t\t\t\t\t\t\t<\/a>\n\t\t\t\t\t\t\t\t<\/li>\n\t\t\t\t\t\t\t\t\t\t\t\t\t\t\t<li>\n\t\t\t\t\t\t\t\t\t<a href=\"https:\/\/www.stenmelin.se\/koket\/2016\/01\/artsoppa-med-flasklagg-mat-i-en-vecka-for-50-spann\/\">\n\t\t\t\t\t\t\t\t\t\t\u00c4rtsoppa med fl\u00e4skl\u00e4gg &#8211; mat i en vecka f\u00f6r 50 sp\u00e4nn\t\t\t\t\t\t\t\t\t<\/a>\n\t\t\t\t\t\t\t\t<\/li>\n\t\t\t\t\t\t\t\t\t\t\t\t\t<\/ul>\n\t\t\t\t\t\t<div class=\"back-to-top\">\n\t\t\t\t\t\t\t<a href=\"#letters\">\n\t\t\t\t\t\t\t\tTillbaka till toppen\t\t\t\t\t\t\t<\/a>\n\t\t\t\t\t\t<\/div>\n\t\t\t\t\t<\/div>\n\t\t\t\t\t\t\t\t\t\t\t\t\t\t\t\t\t\t\t<div class=\"letter-section\"\n\t\t\t\t\t\tid=\"letter-\u00d6\">\n\t\t\t\t\t\t<h2 class=\"letter-title\">\n\t\t\t\t\t\t\t<span>\n\t\t\t\t\t\t\t\t\u00d6\t\t\t\t\t\t\t<\/span>\n\t\t\t\t\t\t<\/h2>\n\t\t\t\t\t\t\t\t\t\t\t\t<ul class=\"columns max-1-columns\">\n\t\t\t\t\t\t\t\t\t\t\t\t\t\t\t<li>\n\t\t\t\t\t\t\t\t\t<a href=\"https:\/\/www.stenmelin.se\/koket\/2017\/06\/okensand\/\">\n\t\t\t\t\t\t\t\t\t\t\u00d6kensand*\t\t\t\t\t\t\t\t\t<\/a>\n\t\t\t\t\t\t\t\t<\/li>\n\t\t\t\t\t\t\t\t\t\t\t\t\t<\/ul>\n\t\t\t\t\t\t<div class=\"back-to-top\">\n\t\t\t\t\t\t\t<a href=\"#letters\">\n\t\t\t\t\t\t\t\tTillbaka till toppen\t\t\t\t\t\t\t<\/a>\n\t\t\t\t\t\t<\/div>\n\t\t\t\t\t<\/div>\n\t\t\t\t\t\t\t<\/div>\n\t<\/div>\n<\/div>\n\n","protected":false},"excerpt":{"rendered":"<p>* De recept som \u00e4r markerade med asterisk \u00e4r ur Mammas h\u00e4ften<\/p>\n","protected":false},"author":1,"featured_media":0,"parent":0,"menu_order":0,"comment_status":"closed","ping_status":"closed","template":"","meta":{"footnotes":""},"class_list":["post-5295","page","type-page","status-publish","hentry"],"_links":{"self":[{"href":"https:\/\/www.stenmelin.se\/koket\/wp-json\/wp\/v2\/pages\/5295","targetHints":{"allow":["GET"]}}],"collection":[{"href":"https:\/\/www.stenmelin.se\/koket\/wp-json\/wp\/v2\/pages"}],"about":[{"href":"https:\/\/www.stenmelin.se\/koket\/wp-json\/wp\/v2\/types\/page"}],"author":[{"embeddable":true,"href":"https:\/\/www.stenmelin.se\/koket\/wp-json\/wp\/v2\/users\/1"}],"replies":[{"embeddable":true,"href":"https:\/\/www.stenmelin.se\/koket\/wp-json\/wp\/v2\/comments?post=5295"}],"version-history":[{"count":5,"href":"https:\/\/www.stenmelin.se\/koket\/wp-json\/wp\/v2\/pages\/5295\/revisions"}],"predecessor-version":[{"id":7099,"href":"https:\/\/www.stenmelin.se\/koket\/wp-json\/wp\/v2\/pages\/5295\/revisions\/7099"}],"wp:attachment":[{"href":"https:\/\/www.stenmelin.se\/koket\/wp-json\/wp\/v2\/media?parent=5295"}],"curies":[{"name":"wp","href":"https:\/\/api.w.org\/{rel}","templated":true}]}}